{"id":6445,"date":"2021-08-25T09:22:02","date_gmt":"2021-08-25T09:22:02","guid":{"rendered":"https:\/\/www.museunacional.cat\/exposicions-en-linia\/?page_id=6445"},"modified":"2022-04-20T11:10:07","modified_gmt":"2022-04-20T11:10:07","slug":"hamada-artigas","status":"publish","type":"page","link":"https:\/\/www.museunacional.cat\/exposicions-en-linia\/ca\/hamada-artigas\/","title":{"rendered":"Hamada\/Artigas"},"content":{"rendered":"\t\t<div data-elementor-type=\"wp-page\" data-elementor-id=\"6445\" class=\"elementor elementor-6445\" data-elementor-post-type=\"page\">\n\t\t\t\t\t\t\t\t\t<section class=\"elementor-section elementor-top-section elementor-element elementor-element-2ab9588 elementor-section-boxed elementor-section-height-default elementor-section-height-default\" data-id=\"2ab9588\" data-element_type=\"section\">\n\t\t\t\t\t\t<div class=\"elementor-container elementor-column-gap-default\">\n\t\t\t\t\t<div class=\"elementor-column elementor-col-100 elementor-top-column elementor-element elementor-element-9976daa\" data-id=\"9976daa\" data-element_type=\"column\">\n\t\t\t<div class=\"elementor-widget-wrap\">\n\t\t\t\t\t\t\t\t\t<\/div>\n\t\t<\/div>\n\t\t\t\t\t\t\t<\/div>\n\t\t<\/section>\n\t\t\t\t<section class=\"elementor-section elementor-top-section elementor-element elementor-element-cbfee81 elementor-section-full_width elementor-section-stretched elementor-section-height-default elementor-section-height-default\" data-id=\"cbfee81\" data-element_type=\"section\" data-settings=\"{&quot;stretch_section&quot;:&quot;section-stretched&quot;}\">\n\t\t\t\t\t\t<div class=\"elementor-container elementor-column-gap-default\">\n\t\t\t\t\t<div class=\"elementor-column elementor-col-100 elementor-top-column elementor-element elementor-element-d23000a\" data-id=\"d23000a\" data-element_type=\"column\">\n\t\t\t<div class=\"elementor-widget-wrap elementor-element-populated\">\n\t\t\t\t\t\t\t\t<div class=\"elementor-element elementor-element-196ff57 gotop elementor-fixed elementor-widget__width-initial elementor-widget elementor-widget-tp-advanced-buttons\" data-id=\"196ff57\" data-element_type=\"widget\" data-settings=\"{&quot;_position&quot;:&quot;fixed&quot;}\" data-widget_type=\"tp-advanced-buttons.default\">\n\t\t\t\t<div class=\"elementor-widget-container\">\n\t\t\t<div class=\"pt-plus-adv-button-wrapper animate-general\"  data-animate-type=\"transition.slideUpBigIn\" data-animate-delay=\"2000\" data-animate-offset=\"80%\" data-animate-duration=\"1600\" data-animate-out-type=\"transition.slideDownOut\" data-animate-out-delay=\"0\"><div id=\"advbutton69f4a83f47414\" class=\"pt_plus_adv_button  ab-cta  tp_cta_st_14  st14_right \" data-st14txtcolor=#fff data-st14fontfamily='Open Sans' data-st14textsize=20 data-st14textweight=><a href=\"#top\" class=\"adv-button-link-wrap\" role=\"button\"><svg class=\"liquid-button\"\n\t\t\t\t\t\t\t\t\t data-text=\"\u2191\"\n\t\t\t\t\t\t\t\t\t data-width=\"50\"\t\t\t\t\t\t\t \n\t\t\t\t\t\t\t\t\t data-force-factor=\"0.1\"\n\t\t\t\t\t\t\t\t\t data-layer-1-viscosity=\"0.5\"\n\t\t\t\t\t\t\t\t\t data-layer-2-viscosity=\"0.4\"\n\t\t\t\t\t\t\t\t\t data-layer-1-mouse-force=\"400\"\n\t\t\t\t\t\t\t\t\t data-layer-2-mouse-force=\"500\"\n\t\t\t\t\t\t\t\t\t data-layer-1-force-limit=\"1\"\n\t\t\t\t\t\t\t\t\t data-layer-2-force-limit=\"2\"\n\t\t\t\t\t\t\t\t\t data-color1=\"#333333\"\n\t\t\t\t\t\t\t\t\t data-color2=\"#333333\"\n\t\t\t\t\t\t\t\t\t data-color3=\"#333333\"><\/svg><\/a><\/div><\/div>\t\t<\/div>\n\t\t\t\t<\/div>\n\t\t\t\t\t<\/div>\n\t\t<\/div>\n\t\t\t\t\t\t\t<\/div>\n\t\t<\/section>\n\t\t\t\t<section class=\"elementor-section elementor-top-section elementor-element elementor-element-3d0c8c8 elementor-section-boxed elementor-section-height-default elementor-section-height-default\" data-id=\"3d0c8c8\" data-element_type=\"section\">\n\t\t\t\t\t\t<div class=\"elementor-container elementor-column-gap-default\">\n\t\t\t\t\t<div class=\"elementor-column elementor-col-100 elementor-top-column elementor-element elementor-element-d8407d3\" data-id=\"d8407d3\" data-element_type=\"column\">\n\t\t\t<div class=\"elementor-widget-wrap elementor-element-populated\">\n\t\t\t\t\t\t\t\t<div class=\"elementor-element elementor-element-976daf2 main_menu_ele elementor-widget__width-initial elementor-fixed elementor-widget elementor-widget-tp-navigation-menu-lite\" data-id=\"976daf2\" data-element_type=\"widget\" data-settings=\"{&quot;_position&quot;:&quot;fixed&quot;}\" data-widget_type=\"tp-navigation-menu-lite.default\">\n\t\t\t\t<div class=\"elementor-widget-container\">\n\t\t\t\t\t\r\n\t\t<div class=\"plus-navigation-wrap text-right nav-menu69f4a83f4ecf4\">\r\n\t\t\t<div class=\"plus-navigation-inner menu-hover main-menu-indicator-none sub-menu-indicator-none \"  data-menu_transition=\"style-1\">\r\n\t\t\t\t<div id=\"theplus-navigation-normal-menu\" class=\"collapse navbar-collapse navbar-ex1-collapse\">\r\n\t\t\t\t\t<div class=\"plus-navigation-menu menu-horizontal\"><ul id=\"menu-menu-hamada\" class=\"nav navbar-nav yamm menu-hover-none\"><li id=\"menu-item-7544\" class=\"menu-item menu-item-type-post_type menu-item-object-page animate-dropdown menu-item-7544 plus-dropdown-menu-\" ><a title=\"Continguts extres\" href=\"https:\/\/www.museunacional.cat\/exposicions-en-linia\/ca\/continguts-extres_hamada\/\" data-text=\"Continguts extres\">Continguts extres<\/a><\/li>\n<li id=\"menu-item-7543\" class=\"menu-item menu-item-type-post_type menu-item-object-page animate-dropdown menu-item-7543 plus-dropdown-menu-\" ><a title=\"Visita l\u2019exposici\u00f3\" href=\"https:\/\/www.museunacional.cat\/exposicions-en-linia\/ca\/visita-lexposicio_hamada\/\" data-text=\"Visita l\u2019exposici\u00f3\">Visita l\u2019exposici\u00f3<\/a><\/li>\n<li id=\"menu-item-wpml-ls-36-ca\" class=\"menu-item wpml-ls-slot-36 wpml-ls-item wpml-ls-item-ca wpml-ls-current-language wpml-ls-menu-item wpml-ls-first-item menu-item-type-wpml_ls_menu_item menu-item-object-wpml_ls_menu_item menu-item-has-children animate-dropdown menu-item-wpml-ls-36-ca depth-0 dropdown\" ><a title=\"\n&lt;span class=&quot;wpml-ls-native&quot; lang=&quot;ca&quot;&gt;Ca&lt;\/span&gt;\" href=\"https:\/\/www.museunacional.cat\/exposicions-en-linia\/ca\/\" class=\"dropdown-toggle\" aria-haspopup=\"true\"><span class=\"Ca\"><\/span><span class=\"wpml-ls-native\" lang=\"ca\">Ca<\/span><\/a>\n<ul role=\"menu\" class=\" dropdown-menu\">\n\t<li id=\"menu-item-wpml-ls-36-es\" class=\"menu-item wpml-ls-slot-36 wpml-ls-item wpml-ls-item-es wpml-ls-menu-item menu-item-type-wpml_ls_menu_item menu-item-object-wpml_ls_menu_item animate-dropdown menu-item-wpml-ls-36-es\" ><a title=\"\n&lt;span class=&quot;wpml-ls-native&quot; lang=&quot;es&quot;&gt;Es&lt;\/span&gt;\" href=\"https:\/\/www.museunacional.cat\/exposicions-en-linia\/es\/\"><span class=\"Es\"><\/span><span class=\"wpml-ls-native\" lang=\"es\">Es<\/span><\/a><\/li>\n\t<li id=\"menu-item-wpml-ls-36-en\" class=\"menu-item wpml-ls-slot-36 wpml-ls-item wpml-ls-item-en wpml-ls-menu-item wpml-ls-last-item menu-item-type-wpml_ls_menu_item menu-item-object-wpml_ls_menu_item animate-dropdown menu-item-wpml-ls-36-en\" ><a title=\"\n&lt;span class=&quot;wpml-ls-native&quot; lang=&quot;en&quot;&gt;En&lt;\/span&gt;\" href=\"https:\/\/www.museunacional.cat\/exposicions-en-linia\/en\/\"><span class=\"En\"><\/span><span class=\"wpml-ls-native\" lang=\"en\">En<\/span><\/a><\/li>\n<\/ul>\n<\/li>\n<\/ul><\/div>\t\r\n\t\t\t\t<\/div>\r\n\t\t\t\t\r\n\t\t\t\t\t\t\t\t\r\n\t\t\t\t\t<div class=\"plus-mobile-nav-toggle navbar-header mobile-toggle\">\r\n\t\t\t\t\t\t<div class=\"mobile-plus-toggle-menu plus-collapsed toggle-style-1\" data-target=\"#plus-mobile-nav-toggle-nav-menu69f4a83f4ecf4\">\r\n\t\t\t\t\t\t\t\t\t\t\t\t\t\t<ul class=\"toggle-lines\">\r\n\t\t\t\t\t\t\t\t<li class=\"toggle-line\"><\/li>\r\n\t\t\t\t\t\t\t\t<li class=\"toggle-line\"><\/li>\r\n\t\t\t\t\t\t\t<\/ul>\r\n\t\t\t\t\t\t\t\t\t\t\t\t\t<\/div>\r\n\t\t\t\t\t<\/div>\r\n\t\t\t\t\t<div id=\"plus-mobile-nav-toggle-nav-menu69f4a83f4ecf4\" class=\"collapse navbar-collapse navbar-ex1-collapse plus-mobile-menu-content\">\r\n\t\t\t\t\t\t\t\t\t\t\t\t\t<div class=\"plus-mobile-menu\"><ul id=\"menu-menu-hamada-1\" class=\"nav navbar-nav\"><li class=\"menu-item menu-item-type-post_type menu-item-object-page animate-dropdown menu-item-7544 plus-dropdown-menu-\" ><a title=\"Continguts extres\" href=\"https:\/\/www.museunacional.cat\/exposicions-en-linia\/ca\/continguts-extres_hamada\/\" data-text=\"Continguts extres\">Continguts extres<\/a><\/li>\n<li class=\"menu-item menu-item-type-post_type menu-item-object-page animate-dropdown menu-item-7543 plus-dropdown-menu-\" ><a title=\"Visita l\u2019exposici\u00f3\" href=\"https:\/\/www.museunacional.cat\/exposicions-en-linia\/ca\/visita-lexposicio_hamada\/\" data-text=\"Visita l\u2019exposici\u00f3\">Visita l\u2019exposici\u00f3<\/a><\/li>\n<li class=\"menu-item wpml-ls-slot-36 wpml-ls-item wpml-ls-item-ca wpml-ls-current-language wpml-ls-menu-item wpml-ls-first-item menu-item-type-wpml_ls_menu_item menu-item-object-wpml_ls_menu_item menu-item-has-children animate-dropdown menu-item-wpml-ls-36-ca depth-0 dropdown\" ><a title=\"\n&lt;span class=&quot;wpml-ls-native&quot; lang=&quot;ca&quot;&gt;Ca&lt;\/span&gt;\" href=\"https:\/\/www.museunacional.cat\/exposicions-en-linia\/ca\/\" class=\"dropdown-toggle\" aria-haspopup=\"true\"><span class=\"Ca\"><\/span><span class=\"wpml-ls-native\" lang=\"ca\">Ca<\/span><\/a>\n<ul role=\"menu\" class=\" dropdown-menu\">\n\t<li class=\"menu-item wpml-ls-slot-36 wpml-ls-item wpml-ls-item-es wpml-ls-menu-item menu-item-type-wpml_ls_menu_item menu-item-object-wpml_ls_menu_item animate-dropdown menu-item-wpml-ls-36-es\" ><a title=\"\n&lt;span class=&quot;wpml-ls-native&quot; lang=&quot;es&quot;&gt;Es&lt;\/span&gt;\" href=\"https:\/\/www.museunacional.cat\/exposicions-en-linia\/es\/\"><span class=\"Es\"><\/span><span class=\"wpml-ls-native\" lang=\"es\">Es<\/span><\/a><\/li>\n\t<li class=\"menu-item wpml-ls-slot-36 wpml-ls-item wpml-ls-item-en wpml-ls-menu-item wpml-ls-last-item menu-item-type-wpml_ls_menu_item menu-item-object-wpml_ls_menu_item animate-dropdown menu-item-wpml-ls-36-en\" ><a title=\"\n&lt;span class=&quot;wpml-ls-native&quot; lang=&quot;en&quot;&gt;En&lt;\/span&gt;\" href=\"https:\/\/www.museunacional.cat\/exposicions-en-linia\/en\/\"><span class=\"En\"><\/span><span class=\"wpml-ls-native\" lang=\"en\">En<\/span><\/a><\/li>\n<\/ul>\n<\/li>\n<\/ul><\/div>\t\r\n\t\t\t\t\t\t\t\t\t\t\t\t\r\n\t\t\t\t\t<\/div>\r\n\t\t\t\t\t\t\t\t\r\n\t\t\t<\/div>\r\n\t\t<\/div>\r\n\t\t \r\n\t\t<style>@media (min-width:1024px){.plus-navigation-wrap.nav-menu69f4a83f4ecf4 #theplus-navigation-normal-menu{display: block!important;}.plus-navigation-wrap.nav-menu69f4a83f4ecf4 #plus-mobile-nav-toggle-nav-menu69f4a83f4ecf4.collapse.in{display:none;}}@media (max-width:1023px){.plus-navigation-wrap.nav-menu69f4a83f4ecf4 #theplus-navigation-normal-menu{display:none !important;}.plus-navigation-wrap.nav-menu69f4a83f4ecf4 .plus-mobile-nav-toggle.mobile-toggle{display: -webkit-flex;display: -moz-flex;display: -ms-flex;display: flex;-webkit-align-items: center;-moz-align-items: center;-ms-align-items: center;align-items: center;-webkit-justify-content: flex-end;-moz-justify-content: flex-end;-ms-justify-content: flex-end;justify-content: flex-end;}}<\/style>\t\t<\/div>\n\t\t\t\t<\/div>\n\t\t\t\t\t<\/div>\n\t\t<\/div>\n\t\t\t\t\t\t\t<\/div>\n\t\t<\/section>\n\t\t\t\t<section class=\"elementor-section elementor-top-section elementor-element elementor-element-09e9c99 elementor-section-height-full elementor-section-full_width elementor-section-stretched bg-intro elementor-section-height-default elementor-section-items-middle\" data-id=\"09e9c99\" data-element_type=\"section\" data-settings=\"{&quot;animation&quot;:&quot;none&quot;,&quot;stretch_section&quot;:&quot;section-stretched&quot;}\">\n\t\t\t\t\t\t\t<div class=\"elementor-background-overlay\"><\/div>\n\t\t\t\t\t\t\t<div class=\"elementor-container elementor-column-gap-default\">\n\t\t\t\t\t<div class=\"elementor-column elementor-col-100 elementor-top-column elementor-element elementor-element-783d76c\" data-id=\"783d76c\" data-element_type=\"column\">\n\t\t\t<div class=\"elementor-widget-wrap elementor-element-populated\">\n\t\t\t\t\t\t\t\t<div class=\"elementor-element elementor-element-d5e9ef1 elementor-widget__width-inherit elementor-absolute elementor-widget elementor-widget-tp-image-factory\" data-id=\"d5e9ef1\" data-element_type=\"widget\" data-settings=\"{&quot;_position&quot;:&quot;absolute&quot;}\" data-widget_type=\"tp-image-factory.default\">\n\t\t\t\t<div class=\"elementor-widget-container\">\n\t\t\t<div id=\"plus69f4a83f5d6f7\" class=\"pt-plus-animated-image-wrapper    magic-scroll    \" ><div class=\"animated-image-parallax    parallax-scroll \"  data-scroll_type=\"position\"  data-scroll_offset=\"0\"  data-scroll_duration=\"1000\"  data-scroll_x_from=\"0\"  data-scroll_x_to=\"0\"  data-scroll_y_from=\"0\"  data-scroll_y_to=\"-50\"  data-scroll_opacity_from=\"1\"  data-scroll_opacity_to=\"1\"  data-scroll_scale_from=\"1\"  data-scroll_scale_to=\"1\"  data-scroll_rotate_from=\"0\"  data-scroll_rotate_to=\"0\" ><div class=\"pt_plus_animated_image bg-image69f4a83f5d684 text-left animate-general text--tablet text--mobile  \"  data-animate-type=\"transition.expandIn\" data-animate-delay=\"50\" data-animate-offset=\"80%\" data-animate-duration=\"2100\" >\r\n\t\t\t\t\t\t\t<figure class=\"     \"  >\r\n\t\t\t\t\t\t\t\t<div class=\"vc_single_image-wrapper   \" ><img fetchpriority=\"high\" decoding=\"async\" width=\"1483\" height=\"1305\" src=\"https:\/\/www.museunacional.cat\/exposicions-en-linia\/wp-content\/uploads\/Sin-titulo-1.jpg\" class=\"attachment-full size-full wp-image-6305\" alt=\"\" srcset=\"https:\/\/www.museunacional.cat\/exposicions-en-linia\/wp-content\/uploads\/Sin-titulo-1.jpg 1483w, https:\/\/www.museunacional.cat\/exposicions-en-linia\/wp-content\/uploads\/Sin-titulo-1-300x264.jpg 300w, https:\/\/www.museunacional.cat\/exposicions-en-linia\/wp-content\/uploads\/Sin-titulo-1-768x676.jpg 768w\" sizes=\"(max-width: 1483px) 100vw, 1483px\" \/><\/div>\t\t\t\t\t\t\t\t\r\n\t\t\t\t\t\t\t<\/figure>\r\n\t\t\t\t\t\t<\/div><\/div><\/div>\t\t<\/div>\n\t\t\t\t<\/div>\n\t\t\t\t<div class=\"elementor-element elementor-element-6c66a2e text-right elementor-absolute elementor-widget__width-auto main_title elementor-widget elementor-widget-tp-heading-title\" data-id=\"6c66a2e\" data-element_type=\"widget\" data-settings=\"{&quot;_position&quot;:&quot;absolute&quot;}\" data-widget_type=\"tp-heading-title.default\">\n\t\t\t\t<div class=\"elementor-widget-container\">\n\t\t\t<div id=\"plus69f4a83f5fb9c\" class=\"plus-widget-wrapper  magic-scroll    \"  ><div class=\"plus-widget-inner-wrap  parallax-scroll  \"  data-scroll_type=\"position\"  data-scroll_offset=\"300\"  data-scroll_duration=\"300\"  data-scroll_x_from=\"140\"  data-scroll_x_to=\"1000\"  data-scroll_y_from=\"0\"  data-scroll_y_to=\"0\"  data-scroll_opacity_from=\"1\"  data-scroll_opacity_to=\"0\"  data-scroll_scale_from=\"1\"  data-scroll_scale_to=\"1.6\"  data-scroll_rotate_from=\"\"  data-scroll_rotate_to=\"\" ><div class=\"heading heading_style heading_style69f4a83f5fbb0 style-1 animate-general\"  data-animate-type=\"transition.slideLeftBigIn\" data-animate-delay=\"300\" data-animate-offset=\"80%\" data-animate-duration=\"1500\"><div class=\"sub-style\" ><div class=\"head-title \" > <h1  class=\"heading-title   \"   data-hover=\"&lt;br&gt;&nbsp;HAMADA\/&lt;br&gt;ARTIGAS\"><br>&nbsp;HAMADA\/<br>ARTIGAS<span class=\"title-s \">  <\/span><\/h1><\/div><div class=\"sub-heading\"><h6 class=\"heading-sub-title  \"> <br>&nbsp;<br><b><i>Comissariat:<\/i><\/b><br> Ricard Bru <\/h6><\/div><\/div><\/div><\/div><\/div>\t\t<\/div>\n\t\t\t\t<\/div>\n\t\t\t\t<div class=\"elementor-element elementor-element-f3ead41 text-right elementor-absolute elementor-widget__width-initial elementor-widget elementor-widget-tp-heading-title\" data-id=\"f3ead41\" data-element_type=\"widget\" data-settings=\"{&quot;_position&quot;:&quot;absolute&quot;}\" data-widget_type=\"tp-heading-title.default\">\n\t\t\t\t<div class=\"elementor-widget-container\">\n\t\t\t<div id=\"plus69f4a83f609bd\" class=\"plus-widget-wrapper  magic-scroll    \"  ><div class=\"plus-widget-inner-wrap  parallax-scroll  \"  data-scroll_type=\"position\"  data-scroll_offset=\"200\"  data-scroll_duration=\"400\"  data-scroll_x_from=\"50\"  data-scroll_x_to=\"150\"  data-scroll_y_from=\"0\"  data-scroll_y_to=\"0\"  data-scroll_opacity_from=\"1\"  data-scroll_opacity_to=\"0\"  data-scroll_scale_from=\"1\"  data-scroll_scale_to=\"1\"  data-scroll_rotate_from=\"\"  data-scroll_rotate_to=\"\" ><div class=\"heading heading_style heading_style69f4a83f609cb style-1 animate-general\"  data-animate-type=\"transition.slideLeftBigIn\" data-animate-delay=\"450\" data-animate-offset=\"80%\" data-animate-duration=\"1300\"><div class=\"sub-style\" ><div class=\"head-title \" > <h2  class=\"heading-title   \"   data-hover=\"Els colors del foc\">Els colors del foc<span class=\"title-s \">  <\/span><\/h2><\/div><\/div><\/div><\/div><\/div>\t\t<\/div>\n\t\t\t\t<\/div>\n\t\t\t\t\t<\/div>\n\t\t<\/div>\n\t\t\t\t\t\t\t<\/div>\n\t\t<\/section>\n\t\t\t\t<section class=\"elementor-section elementor-top-section elementor-element elementor-element-48e0032 elementor-section-height-min-height bg-intro elementor-section-boxed elementor-section-height-default elementor-section-items-middle\" data-id=\"48e0032\" data-element_type=\"section\">\n\t\t\t\t\t\t<div class=\"elementor-container elementor-column-gap-default\">\n\t\t\t\t\t<div class=\"elementor-column elementor-col-100 elementor-top-column elementor-element elementor-element-ab0a5a5\" data-id=\"ab0a5a5\" data-element_type=\"column\">\n\t\t\t<div class=\"elementor-widget-wrap elementor-element-populated\">\n\t\t\t\t\t\t\t\t<div class=\"elementor-element elementor-element-3b6afe6 elementor-widget elementor-widget-tp-adv-text-block\" data-id=\"3b6afe6\" data-element_type=\"widget\" data-widget_type=\"tp-adv-text-block.default\">\n\t\t\t\t<div class=\"elementor-widget-container\">\n\t\t\t<div id=\"plus69f4a83f63405\" class=\"plus-widget-wrapper  magic-scroll    \"  ><div class=\"plus-widget-inner-wrap  parallax-scroll  \"  data-scroll_type=\"position\"  data-scroll_offset=\"-150\"  data-scroll_duration=\"900\"  data-scroll_x_from=\"0\"  data-scroll_x_to=\"0\"  data-scroll_y_from=\"0\"  data-scroll_y_to=\"180\"  data-scroll_opacity_from=\"0.65\"  data-scroll_opacity_to=\"1\"  data-scroll_scale_from=\"1\"  data-scroll_scale_to=\"1\"  data-scroll_rotate_from=\"0\"  data-scroll_rotate_to=\"0\" ><div class=\"pt-plus-text-block-wrapper\" ><div class=\"text_block_parallax\"><div class=\"pt_plus_adv_text_block animate-general\"  data-animate-type=\"transition.slideUpBigIn\" data-animate-delay=\"50\" data-animate-offset=\"80%\" data-animate-duration=\"3000\" data-animate-out-type=\"transition.slideDownBigOut\" data-animate-out-delay=\"0\" data-animate-out-duration=\"3000\"><div class=\"text-content-block\"><p>Hamada Sh\u014dji i Josep Llorens Artigas s\u00f3n considerats dos grans mestres de la cer\u00e0mica del segle XX. Tot i que la traject\u00f2ria i l\u2019obra de tots dos va ser ben diferent, el respecte i l\u2019admiraci\u00f3 m\u00fatua ens permeten presentar per primera vegada en aquesta exposici\u00f3 una hist\u00f2ria d\u2019admiraci\u00f3 compartida. Tots dos eren coincidents en cercar el sentit innat de la bellesa i en atribuir a una tradici\u00f3 an\u00f2nima i a les intu\u00efcions l\u2019origen de les seves obres: cer\u00e0miques esmaltades i policromades amb els colors del foc i de la cendra. Tanmateix, l\u2019amistat i el reconeixement entre Hamada i Artigas \u00e9s alhora el reflex d\u2019unes relacions art\u00edstiques in\u00e8dites viscudes entre Catalunya i el Jap\u00f3 a mitjan del segle XX. Aquesta exposici\u00f3, per tant, a m\u00e9s d\u2019esdevenir un homenatge a aquests dos grans ceramistes, \u00e9s tamb\u00e9 una porta oberta per descobrir ponts d\u2019uni\u00f3 i l\u2019atracci\u00f3 fruct\u00edfera entre dues cultures, entre l\u2019art popular japon\u00e8s i els artistes catalans.<\/p><\/div><\/div><\/div><\/div><\/div><\/div>\t\t<\/div>\n\t\t\t\t<\/div>\n\t\t\t\t\t<\/div>\n\t\t<\/div>\n\t\t\t\t\t\t\t<\/div>\n\t\t<\/section>\n\t\t\t\t<section class=\"elementor-section elementor-top-section elementor-element elementor-element-2a52afa elementor-section-full_width elementor-section-height-default elementor-section-height-default\" data-id=\"2a52afa\" data-element_type=\"section\">\n\t\t\t\t\t\t\t<div class=\"elementor-background-overlay\"><\/div>\n\t\t\t\t\t\t\t<div class=\"elementor-container elementor-column-gap-default\">\n\t\t\t\t\t<div class=\"elementor-column elementor-col-33 elementor-top-column elementor-element elementor-element-daaf085\" data-id=\"daaf085\" data-element_type=\"column\">\n\t\t\t<div class=\"elementor-widget-wrap elementor-element-populated\">\n\t\t\t\t\t\t\t\t<div class=\"elementor-element elementor-element-5db3d27 elementor-widget elementor-widget-text-editor\" data-id=\"5db3d27\" data-element_type=\"widget\" data-widget_type=\"text-editor.default\">\n\t\t\t\t<div class=\"elementor-widget-container\">\n\t\t\t\t\t\t\t\n<div class=\"sketchfab-embed-wrapper\">\n\n<iframe title=\"Gerro\" src=\"https:\/\/sketchfab.com\/models\/0eef77e57bfc4688a4e1b2a05fa4c514\/embed?ui_infos=0\" width=\"720\" height=\"480\" frameborder=\"0\" allowfullscreen=\"allowfullscreen\"> <\/iframe>\n<p style=\"font-size: 13px; font-weight: normal; margin: 5px; color: #4a4a4a;\"><a style=\"font-weight: bold; color: #1caad9;\" href=\"https:\/\/sketchfab.com\/3d-models\/gerro-0eef77e57bfc4688a4e1b2a05fa4c514?utm_medium=embed&amp;utm_campaign=share-popup&amp;utm_content=0eef77e57bfc4688a4e1b2a05fa4c514\" target=\"_blank\" rel=\"noopener\"> Gerro <\/a> by <a style=\"font-weight: bold; color: #1caad9;\" href=\"https:\/\/sketchfab.com\/MuseuNacionaldArtdeCatalunya?utm_medium=embed&amp;utm_campaign=share-popup&amp;utm_content=0eef77e57bfc4688a4e1b2a05fa4c514\" target=\"_blank\" rel=\"noopener\"> MuseuNacionaldArtdeCatalunya <\/a> on <a style=\"font-weight: bold; color: #1caad9;\" href=\"https:\/\/sketchfab.com?utm_medium=embed&amp;utm_campaign=share-popup&amp;utm_content=0eef77e57bfc4688a4e1b2a05fa4c514\" target=\"_blank\" rel=\"noopener\">Sketchfab<\/a><\/p>\n\n<\/div>\t\t\t\t\t\t<\/div>\n\t\t\t\t<\/div>\n\t\t\t\t\t<\/div>\n\t\t<\/div>\n\t\t\t\t<div class=\"elementor-column elementor-col-33 elementor-top-column elementor-element elementor-element-d744b50\" data-id=\"d744b50\" data-element_type=\"column\">\n\t\t\t<div class=\"elementor-widget-wrap elementor-element-populated\">\n\t\t\t\t\t\t\t\t<div class=\"elementor-element elementor-element-31a8a1c elementor-widget elementor-widget-text-editor\" data-id=\"31a8a1c\" data-element_type=\"widget\" data-widget_type=\"text-editor.default\">\n\t\t\t\t<div class=\"elementor-widget-container\">\n\t\t\t\t\t\t\t<div class=\"sketchfab-embed-wrapper\">\n\n<iframe title=\"Gerro\" src=\"https:\/\/sketchfab.com\/models\/ab2edbf43b2c44178dc2cc145f0c9fd9\/embed\" width=\"820\" height=\"480\" frameborder=\"0\" allowfullscreen=\"allowfullscreen\"> <\/iframe>\n<p style=\"font-size: 13px; font-weight: normal; margin: 5px; color: #4a4a4a;\"><a style=\"font-weight: bold; color: #1caad9;\" href=\"https:\/\/sketchfab.com\/3d-models\/gerro-ab2edbf43b2c44178dc2cc145f0c9fd9?utm_medium=embed&amp;utm_campaign=share-popup&amp;utm_content=ab2edbf43b2c44178dc2cc145f0c9fd9\" target=\"_blank\" rel=\"noopener\"> Gerro <\/a> by <a style=\"font-weight: bold; color: #1caad9;\" href=\"https:\/\/sketchfab.com\/MuseuNacionaldArtdeCatalunya?utm_medium=embed&amp;utm_campaign=share-popup&amp;utm_content=ab2edbf43b2c44178dc2cc145f0c9fd9\" target=\"_blank\" rel=\"noopener\"> MuseuNacionaldArtdeCatalunya <\/a> on <a style=\"font-weight: bold; color: #1caad9;\" href=\"https:\/\/sketchfab.com?utm_medium=embed&amp;utm_campaign=share-popup&amp;utm_content=ab2edbf43b2c44178dc2cc145f0c9fd9\" target=\"_blank\" rel=\"noopener\">Sketchfab<\/a><\/p>\n\n<\/div>\t\t\t\t\t\t<\/div>\n\t\t\t\t<\/div>\n\t\t\t\t\t<\/div>\n\t\t<\/div>\n\t\t\t\t<div class=\"elementor-column elementor-col-33 elementor-top-column elementor-element elementor-element-e91379e\" data-id=\"e91379e\" data-element_type=\"column\">\n\t\t\t<div class=\"elementor-widget-wrap elementor-element-populated\">\n\t\t\t\t\t\t\t\t<div class=\"elementor-element elementor-element-821f411 elementor-widget elementor-widget-text-editor\" data-id=\"821f411\" data-element_type=\"widget\" data-widget_type=\"text-editor.default\">\n\t\t\t\t<div class=\"elementor-widget-container\">\n\t\t\t\t\t\t\t<div class=\"sketchfab-embed-wrapper\"> <iframe title=\"Gerro\" frameborder=\"0\" allowfullscreen mozallowfullscreen=\"true\" webkitallowfullscreen=\"true\" allow=\"autoplay; fullscreen; xr-spatial-tracking\" xr-spatial-tracking execution-while-out-of-viewport execution-while-not-rendered web-share width=\"720\" height=\"480\" src=\"https:\/\/sketchfab.com\/models\/f843a1e22ea042cf810a79257a5d11b0\/embed\"> <\/iframe> <p style=\"font-size: 13px; font-weight: normal; margin: 5px; color: #4A4A4A;\"> <a href=\"https:\/\/sketchfab.com\/3d-models\/gerro-f843a1e22ea042cf810a79257a5d11b0?utm_medium=embed&#038;utm_campaign=share-popup&#038;utm_content=f843a1e22ea042cf810a79257a5d11b0\" target=\"_blank\" style=\"font-weight: bold; color: #1CAAD9;\"> Gerro <\/a> by <a href=\"https:\/\/sketchfab.com\/MuseuNacionaldArtdeCatalunya?utm_medium=embed&#038;utm_campaign=share-popup&#038;utm_content=f843a1e22ea042cf810a79257a5d11b0\" target=\"_blank\" style=\"font-weight: bold; color: #1CAAD9;\"> MuseuNacionaldArtdeCatalunya <\/a> on <a href=\"https:\/\/sketchfab.com?utm_medium=embed&#038;utm_campaign=share-popup&#038;utm_content=f843a1e22ea042cf810a79257a5d11b0\" target=\"_blank\" style=\"font-weight: bold; color: #1CAAD9;\">Sketchfab<\/a><\/p><\/div>\t\t\t\t\t\t<\/div>\n\t\t\t\t<\/div>\n\t\t\t\t\t<\/div>\n\t\t<\/div>\n\t\t\t\t\t\t\t<\/div>\n\t\t<\/section>\n\t\t\t\t<section class=\"elementor-section elementor-top-section elementor-element elementor-element-103ed3f5 elementor-section-full_width bg-ambit elementor-section-height-default elementor-section-height-default\" data-id=\"103ed3f5\" data-element_type=\"section\">\n\t\t\t\t\t\t\t<div class=\"elementor-background-overlay\"><\/div>\n\t\t\t\t\t\t\t<div class=\"elementor-container elementor-column-gap-default\">\n\t\t\t\t\t<div class=\"elementor-column elementor-col-100 elementor-top-column elementor-element elementor-element-2de1dd24\" data-id=\"2de1dd24\" data-element_type=\"column\">\n\t\t\t<div class=\"elementor-widget-wrap elementor-element-populated\">\n\t\t\t\t\t\t\t\t<section class=\"elementor-section elementor-inner-section elementor-element elementor-element-37e884b9 elementor-section-boxed elementor-section-height-default elementor-section-height-default\" data-id=\"37e884b9\" data-element_type=\"section\">\n\t\t\t\t\t\t<div class=\"elementor-container elementor-column-gap-wide\">\n\t\t\t\t\t<div class=\"elementor-column elementor-col-66 elementor-inner-column elementor-element elementor-element-38f0e2d0\" data-id=\"38f0e2d0\" data-element_type=\"column\">\n\t\t\t<div class=\"elementor-widget-wrap elementor-element-populated\">\n\t\t\t\t\t\t\t\t<div class=\"elementor-element elementor-element-2cee5719 text-left elementor-widget__width-inherit elementor-widget elementor-widget-tp-heading-title\" data-id=\"2cee5719\" data-element_type=\"widget\" data-widget_type=\"tp-heading-title.default\">\n\t\t\t\t<div class=\"elementor-widget-container\">\n\t\t\t<div id=\"plus69f4a83f6c413\" class=\"plus-widget-wrapper  magic-scroll    \"  ><div class=\"plus-widget-inner-wrap  parallax-scroll  \"  data-scroll_type=\"position\"  data-scroll_offset=\"0\"  data-scroll_duration=\"600\"  data-scroll_x_from=\"0\"  data-scroll_x_to=\"-200\"  data-scroll_y_from=\"0\"  data-scroll_y_to=\"200\"  data-scroll_opacity_from=\"1\"  data-scroll_opacity_to=\"0\"  data-scroll_scale_from=\"1\"  data-scroll_scale_to=\"1.4\"  data-scroll_rotate_from=\"0\"  data-scroll_rotate_to=\"0\" ><div class=\"heading heading_style heading_style69f4a83f6c421 style-2 animate-general\"  data-animate-type=\"transition.slideUpBigIn\" data-animate-delay=\"165\" data-animate-offset=\"80%\" data-animate-duration=\"1400\" data-animate-out-type=\"transition.slideDownOut\" data-animate-out-delay=\"0\"><div class=\"sub-style\" ><div class=\"head-title \" > <h1  class=\"heading-title   \"   data-hover=\"Josep&lt;br&gt;Llorens&lt;br&gt;Artigas\">Josep<br>Llorens<br>Artigas<\/h1><\/div><\/div><\/div><\/div><\/div>\t\t<\/div>\n\t\t\t\t<\/div>\n\t\t\t\t\t<\/div>\n\t\t<\/div>\n\t\t\t\t<div class=\"elementor-column elementor-col-33 elementor-inner-column elementor-element elementor-element-13f63292\" data-id=\"13f63292\" data-element_type=\"column\">\n\t\t\t<div class=\"elementor-widget-wrap elementor-element-populated\">\n\t\t\t\t\t\t\t\t<div class=\"elementor-element elementor-element-23b4560c elementor-hidden-phone elementor-widget elementor-widget-spacer\" data-id=\"23b4560c\" data-element_type=\"widget\" data-widget_type=\"spacer.default\">\n\t\t\t\t<div class=\"elementor-widget-container\">\n\t\t\t\t\t<div class=\"elementor-spacer\">\n\t\t\t<div class=\"elementor-spacer-inner\"><\/div>\n\t\t<\/div>\n\t\t\t\t<\/div>\n\t\t\t\t<\/div>\n\t\t\t\t\t<\/div>\n\t\t<\/div>\n\t\t\t\t\t\t\t<\/div>\n\t\t<\/section>\n\t\t\t\t<div class=\"elementor-element elementor-element-3c3a79a4 text-right text--tabletright elementor-widget__width-inherit elementor-absolute elementor-widget elementor-widget-tp-heading-title\" data-id=\"3c3a79a4\" data-element_type=\"widget\" data-settings=\"{&quot;_position&quot;:&quot;absolute&quot;}\" data-widget_type=\"tp-heading-title.default\">\n\t\t\t\t<div class=\"elementor-widget-container\">\n\t\t\t<div id=\"plus69f4a83f6db01\" class=\"plus-widget-wrapper  magic-scroll    \"  ><div class=\"plus-widget-inner-wrap  parallax-scroll  \"  data-scroll_type=\"position\"  data-scroll_offset=\"100\"  data-scroll_duration=\"800\"  data-scroll_x_from=\"0\"  data-scroll_x_to=\"600\"  data-scroll_y_from=\"0\"  data-scroll_y_to=\"0\"  data-scroll_opacity_from=\"1\"  data-scroll_opacity_to=\"0\"  data-scroll_scale_from=\"1\"  data-scroll_scale_to=\"0.6\"  data-scroll_rotate_from=\"0\"  data-scroll_rotate_to=\"0\" ><div class=\"heading heading_style heading_style69f4a83f6db0e style-1 animate-general\"  data-animate-type=\"transition.slideLeftIn\" data-animate-delay=\"50\" data-animate-offset=\"80%\" data-animate-duration=\"1000\" data-animate-out-type=\"transition.slideDownOut\" data-animate-out-delay=\"0\"><div class=\"sub-style\" ><div class=\"head-title \" > <h2  class=\"heading-title   \"   data-hover=\"1890-1980\">1890-1980<span class=\"title-s \">  <\/span><\/h2><\/div><\/div><\/div><\/div><\/div>\t\t<\/div>\n\t\t\t\t<\/div>\n\t\t\t\t<div class=\"elementor-element elementor-element-499cd261 elementor-widget elementor-widget-spacer\" data-id=\"499cd261\" data-element_type=\"widget\" data-widget_type=\"spacer.default\">\n\t\t\t\t<div class=\"elementor-widget-container\">\n\t\t\t\t\t<div class=\"elementor-spacer\">\n\t\t\t<div class=\"elementor-spacer-inner\"><\/div>\n\t\t<\/div>\n\t\t\t\t<\/div>\n\t\t\t\t<\/div>\n\t\t\t\t<section class=\"elementor-section elementor-inner-section elementor-element elementor-element-7e71fa90 elementor-section-full_width bg-intro elementor-section-height-default elementor-section-height-default\" data-id=\"7e71fa90\" data-element_type=\"section\" data-settings=\"{&quot;background_background&quot;:&quot;classic&quot;}\">\n\t\t\t\t\t\t\t<div class=\"elementor-background-overlay\"><\/div>\n\t\t\t\t\t\t\t<div class=\"elementor-container elementor-column-gap-default\">\n\t\t\t\t\t<div class=\"elementor-column elementor-col-50 elementor-inner-column elementor-element elementor-element-3599a370\" data-id=\"3599a370\" data-element_type=\"column\">\n\t\t\t<div class=\"elementor-widget-wrap elementor-element-populated\">\n\t\t\t\t\t\t\t\t<div class=\"elementor-element elementor-element-5e37439a text-left elementor-widget elementor-widget-tp-heading-title\" data-id=\"5e37439a\" data-element_type=\"widget\" data-widget_type=\"tp-heading-title.default\">\n\t\t\t\t<div class=\"elementor-widget-container\">\n\t\t\t<div class=\"heading heading_style heading_style69f4a83f6f4cc style-1 \" ><div class=\"sub-style\" ><div class=\"head-title \" > <h4  class=\"heading-title   \"   data-hover=\" \u00abLa forma \u00e9s el suport de l\u2019esmalt, i \u00e9s a l\u2019esmalt on xifro tota la meva capacitat creativa\u00bb\"> \u00abLa forma \u00e9s el suport de l\u2019esmalt, i \u00e9s a l\u2019esmalt on xifro tota la meva capacitat creativa\u00bb<span class=\"title-s \">  <\/span><\/h4><\/div><\/div><\/div>\t\t<\/div>\n\t\t\t\t<\/div>\n\t\t\t\t<div class=\"elementor-element elementor-element-7bf2b737 text-left elementor-widget elementor-widget-tp-adv-text-block\" data-id=\"7bf2b737\" data-element_type=\"widget\" data-widget_type=\"tp-adv-text-block.default\">\n\t\t\t\t<div class=\"elementor-widget-container\">\n\t\t\t<div class=\"pt-plus-text-block-wrapper\" ><div class=\"text_block_parallax\"><div class=\"pt_plus_adv_text_block \" ><div class=\"text-content-block\"><p>Josep Llorens Artigas (1892-1980) \u00e9s considerat un dels grans ceramistes de l\u2019Europa del segle XX. Artigas signava les seves cer\u00e0miques, a vegades fins i tot les batejava amb noms po\u00e8tics i suggerents, i va rec\u00f3rrer a formes universals i atemporals, sempre amb colors diferents i originals. La traject\u00f2ria en solitari d\u2019Artigas, forjada als tallers de Par\u00eds, Barcelona i Gallifa, i la col\u00b7laboraci\u00f3 amb artistes de renom com Raoul Dufy i Joan Mir\u00f3, va ser reconeguda als principals museus i sales d\u2019exposicions del m\u00f3n.<\/p><\/div><\/div><\/div><\/div>\t\t<\/div>\n\t\t\t\t<\/div>\n\t\t\t\t\t<\/div>\n\t\t<\/div>\n\t\t\t\t<div class=\"elementor-column elementor-col-50 elementor-inner-column elementor-element elementor-element-3a112314\" data-id=\"3a112314\" data-element_type=\"column\">\n\t\t\t<div class=\"elementor-widget-wrap elementor-element-populated\">\n\t\t\t\t\t\t\t\t<div class=\"elementor-element elementor-element-40ea018d elementor-widget elementor-widget-tp-video-player\" data-id=\"40ea018d\" data-element_type=\"widget\" data-widget_type=\"tp-video-player.default\">\n\t\t\t\t<div class=\"elementor-widget-container\">\n\t\t\t<div class=\"pt_plus_video-box-shadow video_player69f4a83f71959 animate-general \"  data-animate-type=\"transition.slideUpBigIn\" data-animate-delay=\"50\" data-animate-offset=\"80%\" data-animate-duration=\"1400\" data-animate-out-type=\"transition.slideDownOut\" data-animate-out-delay=\"0\" data-animate-out-duration=\"\"><div class=\"pt_plus_video_player   text-\"><div class=\"ts-video-wrapper embed-container  ts-type-youtube\"><iframe id=\"video_player69f4a83f71959\" width=\"100%\"  src=\"https:\/\/www.youtube.com\/embed\/0b7zXTXzDqM?&amp;autohide=1&amp;showtitle=0&amp;controls=1&amp;showinfo=1&amp;modestbranding=0&amp;rel=1\"  frameborder=\"0\" allowfullscreen><\/iframe><\/div><\/div><\/div>\t\t<\/div>\n\t\t\t\t<\/div>\n\t\t\t\t\t<\/div>\n\t\t<\/div>\n\t\t\t\t\t\t\t<\/div>\n\t\t<\/section>\n\t\t\t\t<div class=\"elementor-element elementor-element-78795d65 elementor-widget elementor-widget-spacer\" data-id=\"78795d65\" data-element_type=\"widget\" data-widget_type=\"spacer.default\">\n\t\t\t\t<div class=\"elementor-widget-container\">\n\t\t\t\t\t<div class=\"elementor-spacer\">\n\t\t\t<div class=\"elementor-spacer-inner\"><\/div>\n\t\t<\/div>\n\t\t\t\t<\/div>\n\t\t\t\t<\/div>\n\t\t\t\t<section class=\"elementor-section elementor-inner-section elementor-element elementor-element-79e9317f elementor-section-full_width elementor-section-height-full elementor-section-content-top elementor-section-height-default\" data-id=\"79e9317f\" data-element_type=\"section\">\n\t\t\t\t\t\t<div class=\"elementor-container elementor-column-gap-default\">\n\t\t\t\t\t<div class=\"elementor-column elementor-col-100 elementor-inner-column elementor-element elementor-element-4384758c\" data-id=\"4384758c\" data-element_type=\"column\">\n\t\t\t<div class=\"elementor-widget-wrap elementor-element-populated\">\n\t\t\t\t\t\t\t\t<div class=\"elementor-element elementor-element-1274dc45 elementor-widget elementor-widget-tp-gallery-listout\" data-id=\"1274dc45\" data-element_type=\"widget\" data-widget_type=\"tp-gallery-listout.default\">\n\t\t\t\t<div class=\"elementor-widget-container\">\n\t\t\t<div id=\"pt-plus-gallery-list\" class=\"gallery-list post69f4a83f764b0  list-carousel-slick gallery-style-1 hover-image-style-1  \"   data-slider_direction=\"false\" data-slide_speed=\"1500\" data-default_active_slide=\"0\" data-slider_desktop_column=\"4\" data-steps_slide=\"1\" data-slider_draggable=\"true\" data-multi_drag=\"false\" data-slider_infinite=\"true\" data-slider_pause_hover=\"false\" data-slider_adaptive_height=\"false\" data-slider_animation=\"ease\" data-slider_autoplay=\"true\" data-autoplay_speed=\"3000\" data-slider_tablet_column=\"3\" data-tablet_steps_slide=\"1\" data-slider_responsive_tablet=\"no\" data-slider_mobile_column=\"2\" data-mobile_steps_slide=\"1\" data-slider_responsive_mobile=\"no\" data-slider_dots=\"true\" data-slider_dots_style=\"slick-dots style-1\" data-slider_arrows=\"false\" data-slider_arrows_style=\"\"  data-arrows_position=\"\"  data-arrow_bg_color=\"\"  data-arrow_icon_color=\"\"  data-arrow_hover_bg_color=\"\"  data-arrow_hover_icon_color=\"\"  data-slider_center_mode=\"false\"  data-center_padding=\"0\"  data-scale_center_slide=\"1\"  data-scale_normal_slide=\"0.8\"  data-opacity_normal_slide=\"0.7\"  data-slider_rows=\"1\"  data-id=\"post69f4a83f764b0\" data-style=\"style-1\"  data-enable-isotope=\"1\"><div id=\"post69f4a83f764b0\" class=\"tp-row post-inner-loop post69f4a83f764b0\"><div class=\"grid-item metro-item0       \"  >\t<div class=\"gallery-list-content\">\n\t\t<div class=\"post-content-image\">\n\t\t\t<div class=\"gallery-image\">\n\t<span class=\"thumb-wrap\">\n\t\t<img decoding=\"async\" width=\"700\" height=\"700\" src=\"https:\/\/www.museunacional.cat\/exposicions-en-linia\/wp-content\/uploads\/017-700x700.jpg\" class=\"attachment-tp-image-grid size-tp-image-grid\" alt=\"\" srcset=\"https:\/\/www.museunacional.cat\/exposicions-en-linia\/wp-content\/uploads\/017-700x700.jpg 700w, https:\/\/www.museunacional.cat\/exposicions-en-linia\/wp-content\/uploads\/017-150x150.jpg 150w\" sizes=\"(max-width: 700px) 100vw, 700px\" \/>\t<\/span>\n\t<\/div>\t<\/div>\n\t\t<div class=\"post-content-center\">\t\t\n\t\t<div class=\"post-hover-content\">\n\t\t\t<div class=\"meta-search-icon\">\r\n\t\t\t<a href=\"https:\/\/www.museunacional.cat\/exposicions-en-linia\/wp-content\/uploads\/017.jpg\" data-elementor-open-lightbox=\"default\" data-elementor-lightbox-slideshow=\"icn-1274dc45\"><i class=\"fas fa-search-plus\" aria-hidden=\"true\"><\/i><\/a>\r\n\t<\/div>\t\t\t\t\t\t<h3 class=\"post-title\">\r\n\t\t\t\t\t\r\n\t\t\t\t\t\t\t\t\t<a href=\"https:\/\/www.museunacional.cat\/exposicions-en-linia\/wp-content\/uploads\/017.jpg\" data-elementor-open-lightbox=\"default\" data-elementor-lightbox-slideshow=\"1274dc45\">Gerro<\/a>\r\n\t\t\t\t\t<\/h3>\t\t\t<div class=\"entry-content\">\r\n\t1937-1938 Gres esmaltat. 25 a \u00d7 22 \u2205 cm Signat \u00abArtigas Par\u00eds 1937-8\u00bb. Col\u00b7lecci\u00f3 particular<\/div>\t\t<\/div>\n\t<\/div>\n\t\n\t<\/div>\n<\/div><div class=\"grid-item metro-item0       \"  >\t<div class=\"gallery-list-content\">\n\t\t<div class=\"post-content-image\">\n\t\t\t<div class=\"gallery-image\">\n\t<span class=\"thumb-wrap\">\n\t\t<img decoding=\"async\" width=\"700\" height=\"700\" src=\"https:\/\/www.museunacional.cat\/exposicions-en-linia\/wp-content\/uploads\/Cataleg3-700x700.png\" class=\"attachment-tp-image-grid size-tp-image-grid\" alt=\"\" srcset=\"https:\/\/www.museunacional.cat\/exposicions-en-linia\/wp-content\/uploads\/Cataleg3-700x700.png 700w, https:\/\/www.museunacional.cat\/exposicions-en-linia\/wp-content\/uploads\/Cataleg3-150x150.png 150w\" sizes=\"(max-width: 700px) 100vw, 700px\" \/>\t<\/span>\n\t<\/div>\t<\/div>\n\t\t<div class=\"post-content-center\">\t\t\n\t\t<div class=\"post-hover-content\">\n\t\t\t<div class=\"meta-search-icon\">\r\n\t\t\t<a href=\"https:\/\/www.museunacional.cat\/exposicions-en-linia\/wp-content\/uploads\/Cataleg3.png\" data-elementor-open-lightbox=\"default\" data-elementor-lightbox-slideshow=\"icn-1274dc45\"><i class=\"fas fa-search-plus\" aria-hidden=\"true\"><\/i><\/a>\r\n\t<\/div>\t\t\t\t\t\t<h3 class=\"post-title\">\r\n\t\t\t\t\t\r\n\t\t\t\t\t\t\t\t\t<a href=\"https:\/\/www.museunacional.cat\/exposicions-en-linia\/wp-content\/uploads\/Cataleg3.png\" data-elementor-open-lightbox=\"default\" data-elementor-lightbox-slideshow=\"1274dc45\">Gerro<\/a>\r\n\t\t\t\t\t<\/h3>\t\t\t<div class=\"entry-content\">\r\n\t1938. Gres esmaltat. 31,5 a \u00d7 13 b \u00d7 12 bs \u00d7 27 \u2205 cm\nSignat \u00abArtigas Paris 1938\u00bb\n<\/div>\t\t<\/div>\n\t<\/div>\n\t\n\t<\/div>\n<\/div><div class=\"grid-item metro-item0       \"  >\t<div class=\"gallery-list-content\">\n\t\t<div class=\"post-content-image\">\n\t\t\t<div class=\"gallery-image\">\n\t<span class=\"thumb-wrap\">\n\t\t<img loading=\"lazy\" decoding=\"async\" width=\"700\" height=\"700\" src=\"https:\/\/www.museunacional.cat\/exposicions-en-linia\/wp-content\/uploads\/Cataleg7-700x700.png\" class=\"attachment-tp-image-grid size-tp-image-grid\" alt=\"\" srcset=\"https:\/\/www.museunacional.cat\/exposicions-en-linia\/wp-content\/uploads\/Cataleg7-700x700.png 700w, https:\/\/www.museunacional.cat\/exposicions-en-linia\/wp-content\/uploads\/Cataleg7-150x150.png 150w\" sizes=\"(max-width: 700px) 100vw, 700px\" \/>\t<\/span>\n\t<\/div>\t<\/div>\n\t\t<div class=\"post-content-center\">\t\t\n\t\t<div class=\"post-hover-content\">\n\t\t\t<div class=\"meta-search-icon\">\r\n\t\t\t<a href=\"https:\/\/www.museunacional.cat\/exposicions-en-linia\/wp-content\/uploads\/Cataleg7.png\" data-elementor-open-lightbox=\"default\" data-elementor-lightbox-slideshow=\"icn-1274dc45\"><i class=\"fas fa-search-plus\" aria-hidden=\"true\"><\/i><\/a>\r\n\t<\/div>\t\t\t\t\t\t<h3 class=\"post-title\">\r\n\t\t\t\t\t\r\n\t\t\t\t\t\t\t\t\t<a href=\"https:\/\/www.museunacional.cat\/exposicions-en-linia\/wp-content\/uploads\/Cataleg7.png\" data-elementor-open-lightbox=\"default\" data-elementor-lightbox-slideshow=\"1274dc45\">Gerros<\/a>\r\n\t\t\t\t\t<\/h3>\t\t\t<div class=\"entry-content\">\r\n\t1949. Gres esmaltat. 39 a \u00d7 6 b \u00d7 9 bs \u00d7 19 \u2205 cm\nSignat \u00abArtigas 1949\u00bb;\n21,6 a \u00d7 11,5 \u2205 cm\nSignat \u00abArtigas\u00bb. Col\u00b7lecci\u00f3 Josep Maria Ferrer<\/div>\t\t<\/div>\n\t<\/div>\n\t\n\t<\/div>\n<\/div><div class=\"grid-item metro-item0       \"  >\t<div class=\"gallery-list-content\">\n\t\t<div class=\"post-content-image\">\n\t\t\t<div class=\"gallery-image\">\n\t<span class=\"thumb-wrap\">\n\t\t<img loading=\"lazy\" decoding=\"async\" width=\"700\" height=\"700\" src=\"https:\/\/www.museunacional.cat\/exposicions-en-linia\/wp-content\/uploads\/012-700x700.jpg\" class=\"attachment-tp-image-grid size-tp-image-grid\" alt=\"\" srcset=\"https:\/\/www.museunacional.cat\/exposicions-en-linia\/wp-content\/uploads\/012-700x700.jpg 700w, https:\/\/www.museunacional.cat\/exposicions-en-linia\/wp-content\/uploads\/012-150x150.jpg 150w\" sizes=\"(max-width: 700px) 100vw, 700px\" \/>\t<\/span>\n\t<\/div>\t<\/div>\n\t\t<div class=\"post-content-center\">\t\t\n\t\t<div class=\"post-hover-content\">\n\t\t\t<div class=\"meta-search-icon\">\r\n\t\t\t<a href=\"https:\/\/www.museunacional.cat\/exposicions-en-linia\/wp-content\/uploads\/012.jpg\" data-elementor-open-lightbox=\"default\" data-elementor-lightbox-slideshow=\"icn-1274dc45\"><i class=\"fas fa-search-plus\" aria-hidden=\"true\"><\/i><\/a>\r\n\t<\/div>\t\t\t\t\t\t<h3 class=\"post-title\">\r\n\t\t\t\t\t\r\n\t\t\t\t\t\t\t\t\t<a href=\"https:\/\/www.museunacional.cat\/exposicions-en-linia\/wp-content\/uploads\/012.jpg\" data-elementor-open-lightbox=\"default\" data-elementor-lightbox-slideshow=\"1274dc45\">Vas<\/a>\r\n\t\t\t\t\t<\/h3>\t\t\t<div class=\"entry-content\">\r\n\tc. 1930 Gres esmaltat. 16 a \u00d7 20 b \u00d7 9,5 bs cm Signat \u00bbArtigas\u00ab COL\u00b7 LECCI\u00d3 OLIVAR-VIADER<\/div>\t\t<\/div>\n\t<\/div>\n\t\n\t<\/div>\n<\/div><div class=\"grid-item metro-item0       \"  >\t<div class=\"gallery-list-content\">\n\t\t<div class=\"post-content-image\">\n\t\t\t<div class=\"gallery-image\">\n\t<span class=\"thumb-wrap\">\n\t\t<img loading=\"lazy\" decoding=\"async\" width=\"700\" height=\"700\" src=\"https:\/\/www.museunacional.cat\/exposicions-en-linia\/wp-content\/uploads\/008-MCB_8679-700x700.jpg\" class=\"attachment-tp-image-grid size-tp-image-grid\" alt=\"\" srcset=\"https:\/\/www.museunacional.cat\/exposicions-en-linia\/wp-content\/uploads\/008-MCB_8679-700x700.jpg 700w, https:\/\/www.museunacional.cat\/exposicions-en-linia\/wp-content\/uploads\/008-MCB_8679-300x300.jpg 300w, https:\/\/www.museunacional.cat\/exposicions-en-linia\/wp-content\/uploads\/008-MCB_8679-150x150.jpg 150w, https:\/\/www.museunacional.cat\/exposicions-en-linia\/wp-content\/uploads\/008-MCB_8679-768x768.jpg 768w, https:\/\/www.museunacional.cat\/exposicions-en-linia\/wp-content\/uploads\/008-MCB_8679.jpg 825w\" sizes=\"(max-width: 700px) 100vw, 700px\" \/>\t<\/span>\n\t<\/div>\t<\/div>\n\t\t<div class=\"post-content-center\">\t\t\n\t\t<div class=\"post-hover-content\">\n\t\t\t<div class=\"meta-search-icon\">\r\n\t\t\t<a href=\"https:\/\/www.museunacional.cat\/exposicions-en-linia\/wp-content\/uploads\/008-MCB_8679.jpg\" data-elementor-open-lightbox=\"default\" data-elementor-lightbox-slideshow=\"icn-1274dc45\"><i class=\"fas fa-search-plus\" aria-hidden=\"true\"><\/i><\/a>\r\n\t<\/div>\t\t\t\t\t\t<h3 class=\"post-title\">\r\n\t\t\t\t\t\r\n\t\t\t\t\t\t\t\t\t<a href=\"https:\/\/www.museunacional.cat\/exposicions-en-linia\/wp-content\/uploads\/008-MCB_8679.jpg\" data-elementor-open-lightbox=\"default\" data-elementor-lightbox-slideshow=\"1274dc45\">Clar de lluna<\/a>\r\n\t\t\t\t\t<\/h3>\t\t\t<div class=\"entry-content\">\r\n\t1927. Gres esmaltat. 25,8 a \u00d7 12 b \u00d7 11 bs cm Signat \u00bbArtigas 1927\u00ab MUSEU DEL D ISSENY DE BARCELONA<\/div>\t\t<\/div>\n\t<\/div>\n\t\n\t<\/div>\n<\/div><div class=\"grid-item metro-item0       \"  >\t<div class=\"gallery-list-content\">\n\t\t<div class=\"post-content-image\">\n\t\t\t<div class=\"gallery-image\">\n\t<span class=\"thumb-wrap\">\n\t\t<img loading=\"lazy\" decoding=\"async\" width=\"700\" height=\"700\" src=\"https:\/\/www.museunacional.cat\/exposicions-en-linia\/wp-content\/uploads\/Cataleg2-1-700x700.png\" class=\"attachment-tp-image-grid size-tp-image-grid\" alt=\"\" srcset=\"https:\/\/www.museunacional.cat\/exposicions-en-linia\/wp-content\/uploads\/Cataleg2-1-700x700.png 700w, https:\/\/www.museunacional.cat\/exposicions-en-linia\/wp-content\/uploads\/Cataleg2-1-150x150.png 150w\" sizes=\"(max-width: 700px) 100vw, 700px\" \/>\t<\/span>\n\t<\/div>\t<\/div>\n\t\t<div class=\"post-content-center\">\t\t\n\t\t<div class=\"post-hover-content\">\n\t\t\t<div class=\"meta-search-icon\">\r\n\t\t\t<a href=\"https:\/\/www.museunacional.cat\/exposicions-en-linia\/wp-content\/uploads\/Cataleg2-1.png\" data-elementor-open-lightbox=\"default\" data-elementor-lightbox-slideshow=\"icn-1274dc45\"><i class=\"fas fa-search-plus\" aria-hidden=\"true\"><\/i><\/a>\r\n\t<\/div>\t\t\t\t\t\t<h3 class=\"post-title\">\r\n\t\t\t\t\t\r\n\t\t\t\t\t\t\t\t\t<a href=\"https:\/\/www.museunacional.cat\/exposicions-en-linia\/wp-content\/uploads\/Cataleg2-1.png\" data-elementor-open-lightbox=\"default\" data-elementor-lightbox-slideshow=\"1274dc45\">Gerro<\/a>\r\n\t\t\t\t\t<\/h3>\t\t\t<div class=\"entry-content\">\r\n\t1949. Gres esmaltat. 38 a \u00d7 10,5 b \u00d7 4,5 bs cm.\nSignat \u00abArtigas 1949\u00bb.\nCol\u00b7lecci\u00f3 particular<\/div>\t\t<\/div>\n\t<\/div>\n\t\n\t<\/div>\n<\/div><div class=\"grid-item metro-item0       \"  >\t<div class=\"gallery-list-content\">\n\t\t<div class=\"post-content-image\">\n\t\t\t<div class=\"gallery-image\">\n\t<span class=\"thumb-wrap\">\n\t\t<img loading=\"lazy\" decoding=\"async\" width=\"700\" height=\"700\" src=\"https:\/\/www.museunacional.cat\/exposicions-en-linia\/wp-content\/uploads\/Cataleg1-1-700x700.png\" class=\"attachment-tp-image-grid size-tp-image-grid\" alt=\"\" srcset=\"https:\/\/www.museunacional.cat\/exposicions-en-linia\/wp-content\/uploads\/Cataleg1-1-700x700.png 700w, https:\/\/www.museunacional.cat\/exposicions-en-linia\/wp-content\/uploads\/Cataleg1-1-150x150.png 150w\" sizes=\"(max-width: 700px) 100vw, 700px\" \/>\t<\/span>\n\t<\/div>\t<\/div>\n\t\t<div class=\"post-content-center\">\t\t\n\t\t<div class=\"post-hover-content\">\n\t\t\t<div class=\"meta-search-icon\">\r\n\t\t\t<a href=\"https:\/\/www.museunacional.cat\/exposicions-en-linia\/wp-content\/uploads\/Cataleg1-1.png\" data-elementor-open-lightbox=\"default\" data-elementor-lightbox-slideshow=\"icn-1274dc45\"><i class=\"fas fa-search-plus\" aria-hidden=\"true\"><\/i><\/a>\r\n\t<\/div>\t\t\t\t\t\t<h3 class=\"post-title\">\r\n\t\t\t\t\t\r\n\t\t\t\t\t\t\t\t\t<a href=\"https:\/\/www.museunacional.cat\/exposicions-en-linia\/wp-content\/uploads\/Cataleg1-1.png\" data-elementor-open-lightbox=\"default\" data-elementor-lightbox-slideshow=\"1274dc45\">Gerro<\/a>\r\n\t\t\t\t\t<\/h3>\t\t\t<div class=\"entry-content\">\r\n\t1971. Gres esmaltat. 27 a x 9 b x 8 bs x 18 \u2205 cm.\nSignat \u00abArtigas 1971\u00bb\nCol\u00b7lecci\u00f3 particular<\/div>\t\t<\/div>\n\t<\/div>\n\t\n\t<\/div>\n<\/div><div class=\"grid-item metro-item0       \"  >\t<div class=\"gallery-list-content\">\n\t\t<div class=\"post-content-image\">\n\t\t\t<div class=\"gallery-image\">\n\t<span class=\"thumb-wrap\">\n\t\t<img loading=\"lazy\" decoding=\"async\" width=\"700\" height=\"700\" src=\"https:\/\/www.museunacional.cat\/exposicions-en-linia\/wp-content\/uploads\/Cataleg-700x700.png\" class=\"attachment-tp-image-grid size-tp-image-grid\" alt=\"\" srcset=\"https:\/\/www.museunacional.cat\/exposicions-en-linia\/wp-content\/uploads\/Cataleg-700x700.png 700w, https:\/\/www.museunacional.cat\/exposicions-en-linia\/wp-content\/uploads\/Cataleg-150x150.png 150w\" sizes=\"(max-width: 700px) 100vw, 700px\" \/>\t<\/span>\n\t<\/div>\t<\/div>\n\t\t<div class=\"post-content-center\">\t\t\n\t\t<div class=\"post-hover-content\">\n\t\t\t<div class=\"meta-search-icon\">\r\n\t\t\t<a href=\"https:\/\/www.museunacional.cat\/exposicions-en-linia\/wp-content\/uploads\/Cataleg.png\" data-elementor-open-lightbox=\"default\" data-elementor-lightbox-slideshow=\"icn-1274dc45\"><i class=\"fas fa-search-plus\" aria-hidden=\"true\"><\/i><\/a>\r\n\t<\/div>\t\t\t\t\t\t<h3 class=\"post-title\">\r\n\t\t\t\t\t\r\n\t\t\t\t\t\t\t\t\t<a href=\"https:\/\/www.museunacional.cat\/exposicions-en-linia\/wp-content\/uploads\/Cataleg.png\" data-elementor-open-lightbox=\"default\" data-elementor-lightbox-slideshow=\"1274dc45\">Gerro<\/a>\r\n\t\t\t\t\t<\/h3>\t\t\t<div class=\"entry-content\">\r\n\t1937. Gres esmaltat. 22,5 a \u00d7 9,5 b \u00d7 12,5 bs cm.\n\u00abSignat Artigas Paris 1937\u00bb. Antiga Col\u00b7lecci\u00f3 d'Otto Lloyd. Col\u00b7lecci\u00f3 Ram\u00f3n C\u00f3rdoba<\/div>\t\t<\/div>\n\t<\/div>\n\t\n\t<\/div>\n<\/div><div class=\"grid-item metro-item0       \"  >\t<div class=\"gallery-list-content\">\n\t\t<div class=\"post-content-image\">\n\t\t\t<div class=\"gallery-image\">\n\t<span class=\"thumb-wrap\">\n\t\t<img loading=\"lazy\" decoding=\"async\" width=\"700\" height=\"700\" src=\"https:\/\/www.museunacional.cat\/exposicions-en-linia\/wp-content\/uploads\/Cataleg1-700x700.png\" class=\"attachment-tp-image-grid size-tp-image-grid\" alt=\"\" srcset=\"https:\/\/www.museunacional.cat\/exposicions-en-linia\/wp-content\/uploads\/Cataleg1-700x700.png 700w, https:\/\/www.museunacional.cat\/exposicions-en-linia\/wp-content\/uploads\/Cataleg1-150x150.png 150w\" sizes=\"(max-width: 700px) 100vw, 700px\" \/>\t<\/span>\n\t<\/div>\t<\/div>\n\t\t<div class=\"post-content-center\">\t\t\n\t\t<div class=\"post-hover-content\">\n\t\t\t<div class=\"meta-search-icon\">\r\n\t\t\t<a href=\"https:\/\/www.museunacional.cat\/exposicions-en-linia\/wp-content\/uploads\/Cataleg1.png\" data-elementor-open-lightbox=\"default\" data-elementor-lightbox-slideshow=\"icn-1274dc45\"><i class=\"fas fa-search-plus\" aria-hidden=\"true\"><\/i><\/a>\r\n\t<\/div>\t\t\t\t\t\t<h3 class=\"post-title\">\r\n\t\t\t\t\t\r\n\t\t\t\t\t\t\t\t\t<a href=\"https:\/\/www.museunacional.cat\/exposicions-en-linia\/wp-content\/uploads\/Cataleg1.png\" data-elementor-open-lightbox=\"default\" data-elementor-lightbox-slideshow=\"1274dc45\">Gerro<\/a>\r\n\t\t\t\t\t<\/h3>\t\t\t<div class=\"entry-content\">\r\n\t1937-1939. Gres esmaltat. 33 a \u00d7 10 b \u00d7 9,5 bs \u00d7 19 \u2205 cm\nSignat \u00abArtigas Paris 1937-39\u00bb. Col\u00b7lecci\u00f3 particular<\/div>\t\t<\/div>\n\t<\/div>\n\t\n\t<\/div>\n<\/div><div class=\"grid-item metro-item0       \"  >\t<div class=\"gallery-list-content\">\n\t\t<div class=\"post-content-image\">\n\t\t\t<div class=\"gallery-image\">\n\t<span class=\"thumb-wrap\">\n\t\t<img loading=\"lazy\" decoding=\"async\" width=\"700\" height=\"700\" src=\"https:\/\/www.museunacional.cat\/exposicions-en-linia\/wp-content\/uploads\/Cataleg2-700x700.png\" class=\"attachment-tp-image-grid size-tp-image-grid\" alt=\"\" srcset=\"https:\/\/www.museunacional.cat\/exposicions-en-linia\/wp-content\/uploads\/Cataleg2-700x700.png 700w, https:\/\/www.museunacional.cat\/exposicions-en-linia\/wp-content\/uploads\/Cataleg2-150x150.png 150w\" sizes=\"(max-width: 700px) 100vw, 700px\" \/>\t<\/span>\n\t<\/div>\t<\/div>\n\t\t<div class=\"post-content-center\">\t\t\n\t\t<div class=\"post-hover-content\">\n\t\t\t<div class=\"meta-search-icon\">\r\n\t\t\t<a href=\"https:\/\/www.museunacional.cat\/exposicions-en-linia\/wp-content\/uploads\/Cataleg2.png\" data-elementor-open-lightbox=\"default\" data-elementor-lightbox-slideshow=\"icn-1274dc45\"><i class=\"fas fa-search-plus\" aria-hidden=\"true\"><\/i><\/a>\r\n\t<\/div>\t\t\t\t\t\t<h3 class=\"post-title\">\r\n\t\t\t\t\t\r\n\t\t\t\t\t\t\t\t\t<a href=\"https:\/\/www.museunacional.cat\/exposicions-en-linia\/wp-content\/uploads\/Cataleg2.png\" data-elementor-open-lightbox=\"default\" data-elementor-lightbox-slideshow=\"1274dc45\">Copa<\/a>\r\n\t\t\t\t\t<\/h3>\t\t\t<div class=\"entry-content\">\r\n\t1937. Gres esmaltat. 16,5 a \u00d7 23 b \u00d7 12 bs cm\nSignat \u00abArtigas Par\u00eds 1937\u00bb. Col\u00b7lecci\u00f3 Fam\u00edlia Amat<\/div>\t\t<\/div>\n\t<\/div>\n\t\n\t<\/div>\n<\/div><div class=\"grid-item metro-item0       \"  >\t<div class=\"gallery-list-content\">\n\t\t<div class=\"post-content-image\">\n\t\t\t<div class=\"gallery-image\">\n\t<span class=\"thumb-wrap\">\n\t\t<img loading=\"lazy\" decoding=\"async\" width=\"700\" height=\"700\" src=\"https:\/\/www.museunacional.cat\/exposicions-en-linia\/wp-content\/uploads\/Cataleg5-700x700.png\" class=\"attachment-tp-image-grid size-tp-image-grid\" alt=\"\" srcset=\"https:\/\/www.museunacional.cat\/exposicions-en-linia\/wp-content\/uploads\/Cataleg5-700x700.png 700w, https:\/\/www.museunacional.cat\/exposicions-en-linia\/wp-content\/uploads\/Cataleg5-150x150.png 150w\" sizes=\"(max-width: 700px) 100vw, 700px\" \/>\t<\/span>\n\t<\/div>\t<\/div>\n\t\t<div class=\"post-content-center\">\t\t\n\t\t<div class=\"post-hover-content\">\n\t\t\t<div class=\"meta-search-icon\">\r\n\t\t\t<a href=\"https:\/\/www.museunacional.cat\/exposicions-en-linia\/wp-content\/uploads\/Cataleg5.png\" data-elementor-open-lightbox=\"default\" data-elementor-lightbox-slideshow=\"icn-1274dc45\"><i class=\"fas fa-search-plus\" aria-hidden=\"true\"><\/i><\/a>\r\n\t<\/div>\t\t\t\t\t\t<h3 class=\"post-title\">\r\n\t\t\t\t\t\r\n\t\t\t\t\t\t\t\t\t<a href=\"https:\/\/www.museunacional.cat\/exposicions-en-linia\/wp-content\/uploads\/Cataleg5.png\" data-elementor-open-lightbox=\"default\" data-elementor-lightbox-slideshow=\"1274dc45\">Gerro<\/a>\r\n\t\t\t\t\t<\/h3>\t\t\t<div class=\"entry-content\">\r\n\t1971. Gres esmaltat. 22,5 a \u00d7 3,5 b \u00d7 6,5 bs cm.\nSignat \u00abArtigas 1971\u00bb\nCol\u00b7lecci\u00f3 particular<\/div>\t\t<\/div>\n\t<\/div>\n\t\n\t<\/div>\n<\/div><\/div><\/div>\t\t<\/div>\n\t\t\t\t<\/div>\n\t\t\t\t\t<\/div>\n\t\t<\/div>\n\t\t\t\t\t\t\t<\/div>\n\t\t<\/section>\n\t\t\t\t\t<\/div>\n\t\t<\/div>\n\t\t\t\t\t\t\t<\/div>\n\t\t<\/section>\n\t\t\t\t<section class=\"elementor-section elementor-top-section elementor-element elementor-element-47686a9b elementor-section-full_width bg-ambit elementor-section-height-default elementor-section-height-default\" data-id=\"47686a9b\" data-element_type=\"section\">\n\t\t\t\t\t\t\t<div class=\"elementor-background-overlay\"><\/div>\n\t\t\t\t\t\t\t<div class=\"elementor-container elementor-column-gap-default\">\n\t\t\t\t\t<div class=\"elementor-column elementor-col-100 elementor-top-column elementor-element elementor-element-1b75387e\" data-id=\"1b75387e\" data-element_type=\"column\">\n\t\t\t<div class=\"elementor-widget-wrap elementor-element-populated\">\n\t\t\t\t\t\t\t\t<div class=\"elementor-element elementor-element-211ebe7 elementor-widget elementor-widget-spacer\" data-id=\"211ebe7\" data-element_type=\"widget\" data-widget_type=\"spacer.default\">\n\t\t\t\t<div class=\"elementor-widget-container\">\n\t\t\t\t\t<div class=\"elementor-spacer\">\n\t\t\t<div class=\"elementor-spacer-inner\"><\/div>\n\t\t<\/div>\n\t\t\t\t<\/div>\n\t\t\t\t<\/div>\n\t\t\t\t<section class=\"elementor-section elementor-inner-section elementor-element elementor-element-67cdb044 elementor-section-boxed elementor-section-height-default elementor-section-height-default\" data-id=\"67cdb044\" data-element_type=\"section\">\n\t\t\t\t\t\t<div class=\"elementor-container elementor-column-gap-wide\">\n\t\t\t\t\t<div class=\"elementor-column elementor-col-66 elementor-inner-column elementor-element elementor-element-2bcd6bf3\" data-id=\"2bcd6bf3\" data-element_type=\"column\">\n\t\t\t<div class=\"elementor-widget-wrap elementor-element-populated\">\n\t\t\t\t\t\t\t\t<div class=\"elementor-element elementor-element-3f4d2ecc text-left elementor-widget__width-inherit elementor-widget elementor-widget-tp-heading-title\" data-id=\"3f4d2ecc\" data-element_type=\"widget\" data-widget_type=\"tp-heading-title.default\">\n\t\t\t\t<div class=\"elementor-widget-container\">\n\t\t\t<div id=\"plus69f4a83f87d2d\" class=\"plus-widget-wrapper  magic-scroll    \"  ><div class=\"plus-widget-inner-wrap  parallax-scroll  \"  data-scroll_type=\"position\"  data-scroll_offset=\"0\"  data-scroll_duration=\"600\"  data-scroll_x_from=\"0\"  data-scroll_x_to=\"-200\"  data-scroll_y_from=\"0\"  data-scroll_y_to=\"200\"  data-scroll_opacity_from=\"1\"  data-scroll_opacity_to=\"0\"  data-scroll_scale_from=\"1\"  data-scroll_scale_to=\"1.4\"  data-scroll_rotate_from=\"0\"  data-scroll_rotate_to=\"0\" ><div class=\"heading heading_style heading_style69f4a83f87d45 style-2 animate-general\"  data-animate-type=\"transition.slideUpBigIn\" data-animate-delay=\"165\" data-animate-offset=\"80%\" data-animate-duration=\"1400\" data-animate-out-type=\"transition.slideDownOut\" data-animate-out-delay=\"0\"><div class=\"sub-style\" ><div class=\"head-title \" > <h1  class=\"heading-title   \"   data-hover=\"Hamada&lt;br&gt;Sh\u014dji\">Hamada<br>Sh\u014dji<\/h1><\/div><\/div><\/div><\/div><\/div>\t\t<\/div>\n\t\t\t\t<\/div>\n\t\t\t\t\t<\/div>\n\t\t<\/div>\n\t\t\t\t<div class=\"elementor-column elementor-col-33 elementor-inner-column elementor-element elementor-element-e946a05\" data-id=\"e946a05\" data-element_type=\"column\">\n\t\t\t<div class=\"elementor-widget-wrap elementor-element-populated\">\n\t\t\t\t\t\t\t\t<div class=\"elementor-element elementor-element-473f25a1 elementor-hidden-phone elementor-widget elementor-widget-spacer\" data-id=\"473f25a1\" data-element_type=\"widget\" data-widget_type=\"spacer.default\">\n\t\t\t\t<div class=\"elementor-widget-container\">\n\t\t\t\t\t<div class=\"elementor-spacer\">\n\t\t\t<div class=\"elementor-spacer-inner\"><\/div>\n\t\t<\/div>\n\t\t\t\t<\/div>\n\t\t\t\t<\/div>\n\t\t\t\t\t<\/div>\n\t\t<\/div>\n\t\t\t\t\t\t\t<\/div>\n\t\t<\/section>\n\t\t\t\t<div class=\"elementor-element elementor-element-6e9acff8 text-right text--tabletright elementor-widget__width-inherit elementor-absolute elementor-widget elementor-widget-tp-heading-title\" data-id=\"6e9acff8\" data-element_type=\"widget\" data-settings=\"{&quot;_position&quot;:&quot;absolute&quot;}\" data-widget_type=\"tp-heading-title.default\">\n\t\t\t\t<div class=\"elementor-widget-container\">\n\t\t\t<div id=\"plus69f4a83f8b362\" class=\"plus-widget-wrapper  magic-scroll    \"  ><div class=\"plus-widget-inner-wrap  parallax-scroll  \"  data-scroll_type=\"position\"  data-scroll_offset=\"100\"  data-scroll_duration=\"800\"  data-scroll_x_from=\"0\"  data-scroll_x_to=\"600\"  data-scroll_y_from=\"0\"  data-scroll_y_to=\"0\"  data-scroll_opacity_from=\"1\"  data-scroll_opacity_to=\"0\"  data-scroll_scale_from=\"1\"  data-scroll_scale_to=\"0.6\"  data-scroll_rotate_from=\"0\"  data-scroll_rotate_to=\"0\" ><div class=\"heading heading_style heading_style69f4a83f8b37f style-1 animate-general\"  data-animate-type=\"transition.slideLeftIn\" data-animate-delay=\"50\" data-animate-offset=\"80%\" data-animate-duration=\"1000\" data-animate-out-type=\"transition.slideDownOut\" data-animate-out-delay=\"0\"><div class=\"sub-style\" ><div class=\"head-title \" > <h2  class=\"heading-title   \"   data-hover=\"1892-1978\">1892-1978<span class=\"title-s \">  <\/span><\/h2><\/div><\/div><\/div><\/div><\/div>\t\t<\/div>\n\t\t\t\t<\/div>\n\t\t\t\t<div class=\"elementor-element elementor-element-185879f1 elementor-widget elementor-widget-spacer\" data-id=\"185879f1\" data-element_type=\"widget\" data-widget_type=\"spacer.default\">\n\t\t\t\t<div class=\"elementor-widget-container\">\n\t\t\t\t\t<div class=\"elementor-spacer\">\n\t\t\t<div class=\"elementor-spacer-inner\"><\/div>\n\t\t<\/div>\n\t\t\t\t<\/div>\n\t\t\t\t<\/div>\n\t\t\t\t<section class=\"elementor-section elementor-inner-section elementor-element elementor-element-7541c84a elementor-section-full_width bg-intro elementor-section-height-default elementor-section-height-default\" data-id=\"7541c84a\" data-element_type=\"section\" data-settings=\"{&quot;background_background&quot;:&quot;classic&quot;}\">\n\t\t\t\t\t\t\t<div class=\"elementor-background-overlay\"><\/div>\n\t\t\t\t\t\t\t<div class=\"elementor-container elementor-column-gap-default\">\n\t\t\t\t\t<div class=\"elementor-column elementor-col-50 elementor-inner-column elementor-element elementor-element-1de0e489\" data-id=\"1de0e489\" data-element_type=\"column\">\n\t\t\t<div class=\"elementor-widget-wrap elementor-element-populated\">\n\t\t\t\t\t\t\t\t<div class=\"elementor-element elementor-element-661beb01 text-left elementor-widget elementor-widget-tp-heading-title\" data-id=\"661beb01\" data-element_type=\"widget\" data-widget_type=\"tp-heading-title.default\">\n\t\t\t\t<div class=\"elementor-widget-container\">\n\t\t\t<div class=\"heading heading_style heading_style69f4a83f8e671 style-1 \" ><div class=\"sub-style\" ><div class=\"head-title \" > <h4  class=\"heading-title   \"   data-hover=\"\u00abL\u2019important no \u00e9s el nom, sin\u00f3 que la cer\u00e0mica sigui bona\u00bb\">\u00abL\u2019important no \u00e9s el nom, sin\u00f3 que la cer\u00e0mica sigui bona\u00bb<span class=\"title-s \">  <\/span><\/h4><\/div><\/div><\/div>\t\t<\/div>\n\t\t\t\t<\/div>\n\t\t\t\t<div class=\"elementor-element elementor-element-6852ceb2 text-left elementor-widget elementor-widget-tp-adv-text-block\" data-id=\"6852ceb2\" data-element_type=\"widget\" data-widget_type=\"tp-adv-text-block.default\">\n\t\t\t\t<div class=\"elementor-widget-container\">\n\t\t\t<div class=\"pt-plus-text-block-wrapper\" ><div class=\"text_block_parallax\"><div class=\"pt_plus_adv_text_block \" ><div class=\"text-content-block\"><p>Hamada Sh\u014dji (1894-1978) \u00e9s considerat un dels ceramistes japonesos m\u00e9s destacats del\u00a0segle xx. Declarat Propietat Cultural Important i Intangible (Tresor Nacional Vivent) pel govern\u00a0del Jap\u00f3 l\u2019any 1955, Hamada va ser un dels principals fundadors del moviment mingei\u00a0i una figura clau en la recuperaci\u00f3 dels valors de la tradici\u00f3\u00a0cer\u00e0mica japonesa. Hamada treballava i modelava\u00a0les peces utilitzant un torn de m\u00e0, repetia formes i utilitzava\u00a0un nombre redu\u00eft d\u2019esmalts, que produ\u00efa en grans\u00a0quantitats. Aix\u00ed mateix, l\u2019honestedat i la humilitat amb\u00a0qu\u00e8 treballava el van dur a no signar mai les seves peces.\u00a0Les cer\u00e0miques de Hamada eren fruit\u00a0de l\u2019experi\u00e8ncia i d\u2019una tradici\u00f3 artesanal compartida, i\u00a0tamb\u00e9 fruit del gran domini dels esmalts, del foc i de la\u00a0terra.<\/p><\/div><\/div><\/div><\/div>\t\t<\/div>\n\t\t\t\t<\/div>\n\t\t\t\t\t<\/div>\n\t\t<\/div>\n\t\t\t\t<div class=\"elementor-column elementor-col-50 elementor-inner-column elementor-element elementor-element-759d64d4\" data-id=\"759d64d4\" data-element_type=\"column\">\n\t\t\t<div class=\"elementor-widget-wrap elementor-element-populated\">\n\t\t\t\t\t\t\t\t<div class=\"elementor-element elementor-element-331a1e15 elementor-widget elementor-widget-tp-video-player\" data-id=\"331a1e15\" data-element_type=\"widget\" data-widget_type=\"tp-video-player.default\">\n\t\t\t\t<div class=\"elementor-widget-container\">\n\t\t\t<div class=\"pt_plus_video-box-shadow video_player69f4a83f90e02 animate-general \"  data-animate-type=\"transition.slideUpBigIn\" data-animate-delay=\"50\" data-animate-offset=\"80%\" data-animate-duration=\"1400\" data-animate-out-type=\"transition.slideDownOut\" data-animate-out-delay=\"0\" data-animate-out-duration=\"\"><div class=\"pt_plus_video_player   text-\"><div class=\"ts-video-wrapper embed-container  ts-type-youtube\"><iframe id=\"video_player69f4a83f90e02\" width=\"100%\"  src=\"https:\/\/www.youtube.com\/embed\/IPHIaDNj0qg?&amp;autohide=1&amp;showtitle=0&amp;controls=1&amp;showinfo=1&amp;modestbranding=0&amp;rel=1\"  frameborder=\"0\" allowfullscreen><\/iframe><\/div><\/div><\/div>\t\t<\/div>\n\t\t\t\t<\/div>\n\t\t\t\t\t<\/div>\n\t\t<\/div>\n\t\t\t\t\t\t\t<\/div>\n\t\t<\/section>\n\t\t\t\t<div class=\"elementor-element elementor-element-7546f465 elementor-widget elementor-widget-spacer\" data-id=\"7546f465\" data-element_type=\"widget\" data-widget_type=\"spacer.default\">\n\t\t\t\t<div class=\"elementor-widget-container\">\n\t\t\t\t\t<div class=\"elementor-spacer\">\n\t\t\t<div class=\"elementor-spacer-inner\"><\/div>\n\t\t<\/div>\n\t\t\t\t<\/div>\n\t\t\t\t<\/div>\n\t\t\t\t<section class=\"elementor-section elementor-inner-section elementor-element elementor-element-4ee558a5 elementor-section-full_width elementor-section-height-full elementor-section-content-top elementor-section-height-default\" data-id=\"4ee558a5\" data-element_type=\"section\">\n\t\t\t\t\t\t<div class=\"elementor-container elementor-column-gap-default\">\n\t\t\t\t\t<div class=\"elementor-column elementor-col-100 elementor-inner-column elementor-element elementor-element-4531504e\" data-id=\"4531504e\" data-element_type=\"column\">\n\t\t\t<div class=\"elementor-widget-wrap elementor-element-populated\">\n\t\t\t\t\t\t\t\t<div class=\"elementor-element elementor-element-4e7fa28d elementor-widget elementor-widget-tp-gallery-listout\" data-id=\"4e7fa28d\" data-element_type=\"widget\" data-widget_type=\"tp-gallery-listout.default\">\n\t\t\t\t<div class=\"elementor-widget-container\">\n\t\t\t<div id=\"pt-plus-gallery-list\" class=\"gallery-list post69f4a83f93ec6  list-carousel-slick gallery-style-1 hover-image-style-1  tp-gal-fc\"   data-slider_direction=\"false\" data-slide_speed=\"1500\" data-default_active_slide=\"0\" data-slider_desktop_column=\"4\" data-steps_slide=\"1\" data-slider_draggable=\"true\" data-multi_drag=\"false\" data-slider_infinite=\"true\" data-slider_pause_hover=\"false\" data-slider_adaptive_height=\"false\" data-slider_animation=\"ease\" data-slider_autoplay=\"true\" data-autoplay_speed=\"3000\" data-slider_tablet_column=\"3\" data-tablet_steps_slide=\"1\" data-slider_responsive_tablet=\"no\" data-slider_mobile_column=\"2\" data-mobile_steps_slide=\"1\" data-slider_responsive_mobile=\"no\" data-slider_dots=\"true\" data-slider_dots_style=\"slick-dots style-1\" data-slider_arrows=\"false\" data-slider_arrows_style=\"\"  data-arrows_position=\"\"  data-arrow_bg_color=\"\"  data-arrow_icon_color=\"\"  data-arrow_hover_bg_color=\"\"  data-arrow_hover_icon_color=\"\"  data-slider_center_mode=\"false\"  data-center_padding=\"0\"  data-scale_center_slide=\"1\"  data-scale_normal_slide=\"0.8\"  data-opacity_normal_slide=\"0.7\"  data-slider_rows=\"1\"  data-id=\"post69f4a83f93ec6\" data-style=\"style-1\"  data-enable-isotope=\"1\"><div id=\"post69f4a83f93ec6\" class=\"tp-row post-inner-loop post69f4a83f93ec6\"><div class=\"grid-item metro-item0       \"  >\t\t\t<a href=\"https:\/\/www.museunacional.cat\/exposicions-en-linia\/wp-content\/uploads\/MEB-121-561-REPETICIO-D.jpg\" class=\"gallery-list-content\" data-elementor-open-lightbox=\"default\" data-elementor-lightbox-slideshow=\"4e7fa28d\">\n\t\t\t\t<div class=\"post-content-image\">\n\t\t\t<div class=\"gallery-image\">\n\t<span class=\"thumb-wrap\">\n\t\t<img loading=\"lazy\" decoding=\"async\" width=\"700\" height=\"700\" src=\"https:\/\/www.museunacional.cat\/exposicions-en-linia\/wp-content\/uploads\/MEB-121-561-REPETICIO-D-700x700.jpg\" class=\"attachment-tp-image-grid size-tp-image-grid\" alt=\"\" srcset=\"https:\/\/www.museunacional.cat\/exposicions-en-linia\/wp-content\/uploads\/MEB-121-561-REPETICIO-D-700x700.jpg 700w, https:\/\/www.museunacional.cat\/exposicions-en-linia\/wp-content\/uploads\/MEB-121-561-REPETICIO-D-150x150.jpg 150w\" sizes=\"(max-width: 700px) 100vw, 700px\" \/>\t<\/span>\n\t<\/div>\t<\/div>\n\t\t<div class=\"post-content-center\">\t\t\n\t\t<div class=\"post-hover-content\">\n\t\t\t<div class=\"meta-search-icon\">\r\n\t\t\t<div data-elementor-open-lightbox=\"default\" data-elementor-lightbox-slideshow=\"icn-4e7fa28d\"><i class=\"fas fa-search-plus\" aria-hidden=\"true\"><\/i><\/div>\r\n\t<\/div>\t\t\t\t\t\t<h3 class=\"post-title\">\r\n\t\t\t\t\t\r\n\t\t\t\t\t\t\t\t\t<div data-elementor-open-lightbox=\"default\" data-elementor-lightbox-slideshow=\"4e7fa28d\">Bol gran (\u014dhachi)<\/div>\r\n\t\t\t\t\t<\/h3>\t\t\t<div class=\"entry-content\">\r\n\t1961. Gres esmaltat. 12,5 \u00d7 50 \u2205 cm. Museu Etnol\u00f2gic i de Cultures del M\u00f3n<\/div>\t\t<\/div>\n\t<\/div>\n\t\n\t<\/a>\n<\/div><div class=\"grid-item metro-item0       \"  >\t\t\t<a href=\"https:\/\/www.museunacional.cat\/exposicions-en-linia\/wp-content\/uploads\/Hamada4.png\" class=\"gallery-list-content\" data-elementor-open-lightbox=\"default\" data-elementor-lightbox-slideshow=\"4e7fa28d\">\n\t\t\t\t<div class=\"post-content-image\">\n\t\t\t<div class=\"gallery-image\">\n\t<span class=\"thumb-wrap\">\n\t\t<img loading=\"lazy\" decoding=\"async\" width=\"700\" height=\"700\" src=\"https:\/\/www.museunacional.cat\/exposicions-en-linia\/wp-content\/uploads\/Hamada4-700x700.png\" class=\"attachment-tp-image-grid size-tp-image-grid\" alt=\"\" srcset=\"https:\/\/www.museunacional.cat\/exposicions-en-linia\/wp-content\/uploads\/Hamada4-700x700.png 700w, https:\/\/www.museunacional.cat\/exposicions-en-linia\/wp-content\/uploads\/Hamada4-150x150.png 150w\" sizes=\"(max-width: 700px) 100vw, 700px\" \/>\t<\/span>\n\t<\/div>\t<\/div>\n\t\t<div class=\"post-content-center\">\t\t\n\t\t<div class=\"post-hover-content\">\n\t\t\t<div class=\"meta-search-icon\">\r\n\t\t\t<div data-elementor-open-lightbox=\"default\" data-elementor-lightbox-slideshow=\"icn-4e7fa28d\"><i class=\"fas fa-search-plus\" aria-hidden=\"true\"><\/i><\/div>\r\n\t<\/div>\t\t\t\t\t\t<h3 class=\"post-title\">\r\n\t\t\t\t\t\r\n\t\t\t\t\t\t\t\t\t<div data-elementor-open-lightbox=\"default\" data-elementor-lightbox-slideshow=\"4e7fa28d\">Plat quadrat (kaku-sara)<\/div>\r\n\t\t\t\t\t<\/h3>\t\t\t<div class=\"entry-content\">\r\n\t1968. Gres esmaltat. 5 a \u00d7 26,9 \u2205 cm. Successi\u00f3 Serra<\/div>\t\t<\/div>\n\t<\/div>\n\t\n\t<\/a>\n<\/div><div class=\"grid-item metro-item0       \"  >\t\t\t<a href=\"https:\/\/www.museunacional.cat\/exposicions-en-linia\/wp-content\/uploads\/138.jpg\" class=\"gallery-list-content\" data-elementor-open-lightbox=\"default\" data-elementor-lightbox-slideshow=\"4e7fa28d\">\n\t\t\t\t<div class=\"post-content-image\">\n\t\t\t<div class=\"gallery-image\">\n\t<span class=\"thumb-wrap\">\n\t\t<img loading=\"lazy\" decoding=\"async\" width=\"700\" height=\"700\" src=\"https:\/\/www.museunacional.cat\/exposicions-en-linia\/wp-content\/uploads\/138-700x700.jpg\" class=\"attachment-tp-image-grid size-tp-image-grid\" alt=\"\" srcset=\"https:\/\/www.museunacional.cat\/exposicions-en-linia\/wp-content\/uploads\/138-700x700.jpg 700w, https:\/\/www.museunacional.cat\/exposicions-en-linia\/wp-content\/uploads\/138-150x150.jpg 150w\" sizes=\"(max-width: 700px) 100vw, 700px\" \/>\t<\/span>\n\t<\/div>\t<\/div>\n\t\t<div class=\"post-content-center\">\t\t\n\t\t<div class=\"post-hover-content\">\n\t\t\t<div class=\"meta-search-icon\">\r\n\t\t\t<div data-elementor-open-lightbox=\"default\" data-elementor-lightbox-slideshow=\"icn-4e7fa28d\"><i class=\"fas fa-search-plus\" aria-hidden=\"true\"><\/i><\/div>\r\n\t<\/div>\t\t\t\t\t\t<h3 class=\"post-title\">\r\n\t\t\t\t\t\r\n\t\t\t\t\t\t\t\t\t<div data-elementor-open-lightbox=\"default\" data-elementor-lightbox-slideshow=\"4e7fa28d\">Gerro dedicat a Tsugiko Serra<\/div>\r\n\t\t\t\t\t<\/h3>\t\t\t<div class=\"entry-content\">\r\n\t1965. Gres esmaltat. 20 a \u00d7 17 \u2205 \u00d7 10 f cm. Successi\u00f3 Serra. Regal de Hamada Sh\u014dji a Eudald Serra en ocasi\u00f3 de la\ncelebraci\u00f3 dels 25 anys del matrimoni amb Edmonde\n(Tsugiko) Iba. El gerro inclou, als laterals, el nom \u00bbTsugiko Serra\u00ab\ni la data \u00bbJune 12 1965\u00ab, aix\u00ed com els car\u00e0cters fuku i j\u016b, s\u00edmbol\nde \u2018 llarga vida feli\u00e7\u2019<\/div>\t\t<\/div>\n\t<\/div>\n\t\n\t<\/a>\n<\/div><div class=\"grid-item metro-item0       \"  >\t\t\t<a href=\"https:\/\/www.museunacional.cat\/exposicions-en-linia\/wp-content\/uploads\/058.jpg\" class=\"gallery-list-content\" data-elementor-open-lightbox=\"default\" data-elementor-lightbox-slideshow=\"4e7fa28d\">\n\t\t\t\t<div class=\"post-content-image\">\n\t\t\t<div class=\"gallery-image\">\n\t<span class=\"thumb-wrap\">\n\t\t<img loading=\"lazy\" decoding=\"async\" width=\"700\" height=\"700\" src=\"https:\/\/www.museunacional.cat\/exposicions-en-linia\/wp-content\/uploads\/058-700x700.jpg\" class=\"attachment-tp-image-grid size-tp-image-grid\" alt=\"\" srcset=\"https:\/\/www.museunacional.cat\/exposicions-en-linia\/wp-content\/uploads\/058-700x700.jpg 700w, https:\/\/www.museunacional.cat\/exposicions-en-linia\/wp-content\/uploads\/058-150x150.jpg 150w\" sizes=\"(max-width: 700px) 100vw, 700px\" \/>\t<\/span>\n\t<\/div>\t<\/div>\n\t\t<div class=\"post-content-center\">\t\t\n\t\t<div class=\"post-hover-content\">\n\t\t\t<div class=\"meta-search-icon\">\r\n\t\t\t<div data-elementor-open-lightbox=\"default\" data-elementor-lightbox-slideshow=\"icn-4e7fa28d\"><i class=\"fas fa-search-plus\" aria-hidden=\"true\"><\/i><\/div>\r\n\t<\/div>\t\t\t\t\t\t<h3 class=\"post-title\">\r\n\t\t\t\t\t\r\n\t\t\t\t\t\t\t\t\t<div data-elementor-open-lightbox=\"default\" data-elementor-lightbox-slideshow=\"4e7fa28d\">Bol gran (\u014dhachi)<\/div>\r\n\t\t\t\t\t<\/h3>\t\t\t<div class=\"entry-content\">\r\n\tc. 1960. Gres esmaltat. 10,2 a \u00d7 45,4 \u2205 cm.\nSuccessi\u00f3 Serra<\/div>\t\t<\/div>\n\t<\/div>\n\t\n\t<\/a>\n<\/div><div class=\"grid-item metro-item0       \"  >\t\t\t<a href=\"https:\/\/www.museunacional.cat\/exposicions-en-linia\/wp-content\/uploads\/066.jpg\" class=\"gallery-list-content\" data-elementor-open-lightbox=\"default\" data-elementor-lightbox-slideshow=\"4e7fa28d\">\n\t\t\t\t<div class=\"post-content-image\">\n\t\t\t<div class=\"gallery-image\">\n\t<span class=\"thumb-wrap\">\n\t\t<img loading=\"lazy\" decoding=\"async\" width=\"700\" height=\"700\" src=\"https:\/\/www.museunacional.cat\/exposicions-en-linia\/wp-content\/uploads\/066-700x700.jpg\" class=\"attachment-tp-image-grid size-tp-image-grid\" alt=\"\" srcset=\"https:\/\/www.museunacional.cat\/exposicions-en-linia\/wp-content\/uploads\/066-700x700.jpg 700w, https:\/\/www.museunacional.cat\/exposicions-en-linia\/wp-content\/uploads\/066-150x150.jpg 150w\" sizes=\"(max-width: 700px) 100vw, 700px\" \/>\t<\/span>\n\t<\/div>\t<\/div>\n\t\t<div class=\"post-content-center\">\t\t\n\t\t<div class=\"post-hover-content\">\n\t\t\t<div class=\"meta-search-icon\">\r\n\t\t\t<div data-elementor-open-lightbox=\"default\" data-elementor-lightbox-slideshow=\"icn-4e7fa28d\"><i class=\"fas fa-search-plus\" aria-hidden=\"true\"><\/i><\/div>\r\n\t<\/div>\t\t\t\t\t\t<h3 class=\"post-title\">\r\n\t\t\t\t\t\r\n\t\t\t\t\t\t\t\t\t<div data-elementor-open-lightbox=\"default\" data-elementor-lightbox-slideshow=\"4e7fa28d\">Gerro quadrangular (kakubin)<\/div>\r\n\t\t\t\t\t<\/h3>\t\t\t<div class=\"entry-content\">\r\n\t1961. Gres esmaltat. 22,8 a \u00d7 9,7 \u2205 cm. Col\u00b7lecci\u00f3 particular<\/div>\t\t<\/div>\n\t<\/div>\n\t\n\t<\/a>\n<\/div><div class=\"grid-item metro-item0       \"  >\t\t\t<a href=\"https:\/\/www.museunacional.cat\/exposicions-en-linia\/wp-content\/uploads\/Hamada5.png\" class=\"gallery-list-content\" data-elementor-open-lightbox=\"default\" data-elementor-lightbox-slideshow=\"4e7fa28d\">\n\t\t\t\t<div class=\"post-content-image\">\n\t\t\t<div class=\"gallery-image\">\n\t<span class=\"thumb-wrap\">\n\t\t<img loading=\"lazy\" decoding=\"async\" width=\"700\" height=\"700\" src=\"https:\/\/www.museunacional.cat\/exposicions-en-linia\/wp-content\/uploads\/Hamada5-700x700.png\" class=\"attachment-tp-image-grid size-tp-image-grid\" alt=\"\" srcset=\"https:\/\/www.museunacional.cat\/exposicions-en-linia\/wp-content\/uploads\/Hamada5-700x700.png 700w, https:\/\/www.museunacional.cat\/exposicions-en-linia\/wp-content\/uploads\/Hamada5-150x150.png 150w\" sizes=\"(max-width: 700px) 100vw, 700px\" \/>\t<\/span>\n\t<\/div>\t<\/div>\n\t\t<div class=\"post-content-center\">\t\t\n\t\t<div class=\"post-hover-content\">\n\t\t\t<div class=\"meta-search-icon\">\r\n\t\t\t<div data-elementor-open-lightbox=\"default\" data-elementor-lightbox-slideshow=\"icn-4e7fa28d\"><i class=\"fas fa-search-plus\" aria-hidden=\"true\"><\/i><\/div>\r\n\t<\/div>\t\t\t\t\t\t<h3 class=\"post-title\">\r\n\t\t\t\t\t\r\n\t\t\t\t\t\t\t\t\t<div data-elementor-open-lightbox=\"default\" data-elementor-lightbox-slideshow=\"4e7fa28d\">Plat quadrat (kaku-sara)<\/div>\r\n\t\t\t\t\t<\/h3>\t\t\t<div class=\"entry-content\">\r\n\tc. 1960. Gres esmaltat. 5,6 a \u00d7 26,8 \u2205 cm. Antiga col\u00b7lecci\u00f3 Ishikawa. Fundaci\u00f3 J. Llorens Artigas\n<\/div>\t\t<\/div>\n\t<\/div>\n\t\n\t<\/a>\n<\/div><div class=\"grid-item metro-item0       \"  >\t\t\t<a href=\"https:\/\/www.museunacional.cat\/exposicions-en-linia\/wp-content\/uploads\/Hamada9.png\" class=\"gallery-list-content\" data-elementor-open-lightbox=\"default\" data-elementor-lightbox-slideshow=\"4e7fa28d\">\n\t\t\t\t<div class=\"post-content-image\">\n\t\t\t<div class=\"gallery-image\">\n\t<span class=\"thumb-wrap\">\n\t\t<img loading=\"lazy\" decoding=\"async\" width=\"700\" height=\"700\" src=\"https:\/\/www.museunacional.cat\/exposicions-en-linia\/wp-content\/uploads\/Hamada9-700x700.png\" class=\"attachment-tp-image-grid size-tp-image-grid\" alt=\"\" srcset=\"https:\/\/www.museunacional.cat\/exposicions-en-linia\/wp-content\/uploads\/Hamada9-700x700.png 700w, https:\/\/www.museunacional.cat\/exposicions-en-linia\/wp-content\/uploads\/Hamada9-150x150.png 150w\" sizes=\"(max-width: 700px) 100vw, 700px\" \/>\t<\/span>\n\t<\/div>\t<\/div>\n\t\t<div class=\"post-content-center\">\t\t\n\t\t<div class=\"post-hover-content\">\n\t\t\t<div class=\"meta-search-icon\">\r\n\t\t\t<div data-elementor-open-lightbox=\"default\" data-elementor-lightbox-slideshow=\"icn-4e7fa28d\"><i class=\"fas fa-search-plus\" aria-hidden=\"true\"><\/i><\/div>\r\n\t<\/div>\t\t\t\t\t\t<h3 class=\"post-title\">\r\n\t\t\t\t\t\r\n\t\t\t\t\t\t\t\t\t<div data-elementor-open-lightbox=\"default\" data-elementor-lightbox-slideshow=\"4e7fa28d\">Gerro (henko)<\/div>\r\n\t\t\t\t\t<\/h3>\t\t\t<div class=\"entry-content\">\r\n\tc. 1962. Gres esmaltat. 22,5 a \u00d7 15,8 \u2205 \u00d7 8,4 f cm\nCaixa signada amb inscripci\u00f3 identificativa:\n\u00bbShiogusuri ehakeme henko\u00ab [ \u2018Gerro amb traces de pinzell esmaltat a la sal\u2019]. Col\u00b7lecci\u00f3 particular<\/div>\t\t<\/div>\n\t<\/div>\n\t\n\t<\/a>\n<\/div><div class=\"grid-item metro-item0       \"  >\t\t\t<a href=\"https:\/\/www.museunacional.cat\/exposicions-en-linia\/wp-content\/uploads\/Hamada6.png\" class=\"gallery-list-content\" data-elementor-open-lightbox=\"default\" data-elementor-lightbox-slideshow=\"4e7fa28d\">\n\t\t\t\t<div class=\"post-content-image\">\n\t\t\t<div class=\"gallery-image\">\n\t<span class=\"thumb-wrap\">\n\t\t<img loading=\"lazy\" decoding=\"async\" width=\"700\" height=\"700\" src=\"https:\/\/www.museunacional.cat\/exposicions-en-linia\/wp-content\/uploads\/Hamada6-700x700.png\" class=\"attachment-tp-image-grid size-tp-image-grid\" alt=\"\" srcset=\"https:\/\/www.museunacional.cat\/exposicions-en-linia\/wp-content\/uploads\/Hamada6-700x700.png 700w, https:\/\/www.museunacional.cat\/exposicions-en-linia\/wp-content\/uploads\/Hamada6-150x150.png 150w\" sizes=\"(max-width: 700px) 100vw, 700px\" \/>\t<\/span>\n\t<\/div>\t<\/div>\n\t\t<div class=\"post-content-center\">\t\t\n\t\t<div class=\"post-hover-content\">\n\t\t\t<div class=\"meta-search-icon\">\r\n\t\t\t<div data-elementor-open-lightbox=\"default\" data-elementor-lightbox-slideshow=\"icn-4e7fa28d\"><i class=\"fas fa-search-plus\" aria-hidden=\"true\"><\/i><\/div>\r\n\t<\/div>\t\t\t\t\t\t<h3 class=\"post-title\">\r\n\t\t\t\t\t\r\n\t\t\t\t\t\t\t\t\t<div data-elementor-open-lightbox=\"default\" data-elementor-lightbox-slideshow=\"4e7fa28d\">Plat<\/div>\r\n\t\t\t\t\t<\/h3>\t\t\t<div class=\"entry-content\">\r\n\tc. 1960. Gres esmaltat. 4,5 a \u00d7 26,8 \u2205 cm. Col\u00b7lecci\u00f3 particular<\/div>\t\t<\/div>\n\t<\/div>\n\t\n\t<\/a>\n<\/div><div class=\"grid-item metro-item0       \"  >\t\t\t<a href=\"https:\/\/www.museunacional.cat\/exposicions-en-linia\/wp-content\/uploads\/Hamada7.png\" class=\"gallery-list-content\" data-elementor-open-lightbox=\"default\" data-elementor-lightbox-slideshow=\"4e7fa28d\">\n\t\t\t\t<div class=\"post-content-image\">\n\t\t\t<div class=\"gallery-image\">\n\t<span class=\"thumb-wrap\">\n\t\t<img loading=\"lazy\" decoding=\"async\" width=\"700\" height=\"700\" src=\"https:\/\/www.museunacional.cat\/exposicions-en-linia\/wp-content\/uploads\/Hamada7-700x700.png\" class=\"attachment-tp-image-grid size-tp-image-grid\" alt=\"\" srcset=\"https:\/\/www.museunacional.cat\/exposicions-en-linia\/wp-content\/uploads\/Hamada7-700x700.png 700w, https:\/\/www.museunacional.cat\/exposicions-en-linia\/wp-content\/uploads\/Hamada7-150x150.png 150w\" sizes=\"(max-width: 700px) 100vw, 700px\" \/>\t<\/span>\n\t<\/div>\t<\/div>\n\t\t<div class=\"post-content-center\">\t\t\n\t\t<div class=\"post-hover-content\">\n\t\t\t<div class=\"meta-search-icon\">\r\n\t\t\t<div data-elementor-open-lightbox=\"default\" data-elementor-lightbox-slideshow=\"icn-4e7fa28d\"><i class=\"fas fa-search-plus\" aria-hidden=\"true\"><\/i><\/div>\r\n\t<\/div>\t\t\t\t\t\t<h3 class=\"post-title\">\r\n\t\t\t\t\t\r\n\t\t\t\t\t\t\t\t\t<div data-elementor-open-lightbox=\"default\" data-elementor-lightbox-slideshow=\"4e7fa28d\">Florera (hanaike)<\/div>\r\n\t\t\t\t\t<\/h3>\t\t\t<div class=\"entry-content\">\r\n\t1962. Gres esmaltat. 19,6 a \u00d7 10,2 \u2205 cm. Fundaci\u00f3 J. Llorens Artigas<\/div>\t\t<\/div>\n\t<\/div>\n\t\n\t<\/a>\n<\/div><div class=\"grid-item metro-item0       \"  >\t\t\t<a href=\"https:\/\/www.museunacional.cat\/exposicions-en-linia\/wp-content\/uploads\/Hamada8.png\" class=\"gallery-list-content\" data-elementor-open-lightbox=\"default\" data-elementor-lightbox-slideshow=\"4e7fa28d\">\n\t\t\t\t<div class=\"post-content-image\">\n\t\t\t<div class=\"gallery-image\">\n\t<span class=\"thumb-wrap\">\n\t\t<img loading=\"lazy\" decoding=\"async\" width=\"700\" height=\"700\" src=\"https:\/\/www.museunacional.cat\/exposicions-en-linia\/wp-content\/uploads\/Hamada8-700x700.png\" class=\"attachment-tp-image-grid size-tp-image-grid\" alt=\"\" srcset=\"https:\/\/www.museunacional.cat\/exposicions-en-linia\/wp-content\/uploads\/Hamada8-700x700.png 700w, https:\/\/www.museunacional.cat\/exposicions-en-linia\/wp-content\/uploads\/Hamada8-150x150.png 150w\" sizes=\"(max-width: 700px) 100vw, 700px\" \/>\t<\/span>\n\t<\/div>\t<\/div>\n\t\t<div class=\"post-content-center\">\t\t\n\t\t<div class=\"post-hover-content\">\n\t\t\t<div class=\"meta-search-icon\">\r\n\t\t\t<div data-elementor-open-lightbox=\"default\" data-elementor-lightbox-slideshow=\"icn-4e7fa28d\"><i class=\"fas fa-search-plus\" aria-hidden=\"true\"><\/i><\/div>\r\n\t<\/div>\t\t\t\t\t\t<h3 class=\"post-title\">\r\n\t\t\t\t\t\r\n\t\t\t\t\t\t\t\t\t<div data-elementor-open-lightbox=\"default\" data-elementor-lightbox-slideshow=\"4e7fa28d\">Gerro (henko)<\/div>\r\n\t\t\t\t\t<\/h3>\t\t\t<div class=\"entry-content\">\r\n\tc. 1962. Gres esmaltat. 22 a \u00d7 14 \u2205 x 8 f cm. Caixa signada amb inscripci\u00f3 identificativa: \u00bbKake awase gusuri henko\u00ab [ \u2018Gerro amb esmalts combinats\u2019]\nFundaci\u00f3 J. Llorens Artigas<\/div>\t\t<\/div>\n\t<\/div>\n\t\n\t<\/a>\n<\/div><\/div><\/div>\t\t<\/div>\n\t\t\t\t<\/div>\n\t\t\t\t\t<\/div>\n\t\t<\/div>\n\t\t\t\t\t\t\t<\/div>\n\t\t<\/section>\n\t\t\t\t\t<\/div>\n\t\t<\/div>\n\t\t\t\t\t\t\t<\/div>\n\t\t<\/section>\n\t\t\t\t<section class=\"elementor-section elementor-top-section elementor-element elementor-element-522350be elementor-section-full_width bg-ambit elementor-section-height-default elementor-section-height-default\" data-id=\"522350be\" data-element_type=\"section\">\n\t\t\t\t\t\t\t<div class=\"elementor-background-overlay\"><\/div>\n\t\t\t\t\t\t\t<div class=\"elementor-container elementor-column-gap-default\">\n\t\t\t\t\t<div class=\"elementor-column elementor-col-100 elementor-top-column elementor-element elementor-element-66f24ae4\" data-id=\"66f24ae4\" data-element_type=\"column\">\n\t\t\t<div class=\"elementor-widget-wrap elementor-element-populated\">\n\t\t\t\t\t\t\t\t<section class=\"elementor-section elementor-inner-section elementor-element elementor-element-6533dba1 elementor-section-boxed elementor-section-height-default elementor-section-height-default\" data-id=\"6533dba1\" data-element_type=\"section\">\n\t\t\t\t\t\t<div class=\"elementor-container elementor-column-gap-wide\">\n\t\t\t\t\t<div class=\"elementor-column elementor-col-66 elementor-inner-column elementor-element elementor-element-4c1c4f28\" data-id=\"4c1c4f28\" data-element_type=\"column\">\n\t\t\t<div class=\"elementor-widget-wrap elementor-element-populated\">\n\t\t\t\t\t\t\t\t<div class=\"elementor-element elementor-element-2c609c5 elementor-widget elementor-widget-spacer\" data-id=\"2c609c5\" data-element_type=\"widget\" data-widget_type=\"spacer.default\">\n\t\t\t\t<div class=\"elementor-widget-container\">\n\t\t\t\t\t<div class=\"elementor-spacer\">\n\t\t\t<div class=\"elementor-spacer-inner\"><\/div>\n\t\t<\/div>\n\t\t\t\t<\/div>\n\t\t\t\t<\/div>\n\t\t\t\t<div class=\"elementor-element elementor-element-60b66823 text-left elementor-widget__width-initial elementor-widget elementor-widget-tp-heading-title\" data-id=\"60b66823\" data-element_type=\"widget\" data-widget_type=\"tp-heading-title.default\">\n\t\t\t\t<div class=\"elementor-widget-container\">\n\t\t\t<div id=\"plus69f4a83f9e43b\" class=\"plus-widget-wrapper  magic-scroll    \"  ><div class=\"plus-widget-inner-wrap  parallax-scroll  \"  data-scroll_type=\"position\"  data-scroll_offset=\"0\"  data-scroll_duration=\"600\"  data-scroll_x_from=\"0\"  data-scroll_x_to=\"-200\"  data-scroll_y_from=\"0\"  data-scroll_y_to=\"200\"  data-scroll_opacity_from=\"1\"  data-scroll_opacity_to=\"0\"  data-scroll_scale_from=\"1\"  data-scroll_scale_to=\"1.4\"  data-scroll_rotate_from=\"0\"  data-scroll_rotate_to=\"0\" ><div class=\"heading heading_style heading_style69f4a83f9e44f style-2 animate-general\"  data-animate-type=\"transition.slideUpBigIn\" data-animate-delay=\"165\" data-animate-offset=\"80%\" data-animate-duration=\"1400\" data-animate-out-type=\"transition.slideDownOut\" data-animate-out-delay=\"0\"><div class=\"sub-style\" ><div class=\"head-title \" > <h1  class=\"heading-title   \"   data-hover=\"Mas&lt;br&gt;el Rac\u00f3\">Mas<br>el Rac\u00f3<\/h1><\/div><\/div><\/div><\/div><\/div>\t\t<\/div>\n\t\t\t\t<\/div>\n\t\t\t\t\t<\/div>\n\t\t<\/div>\n\t\t\t\t<div class=\"elementor-column elementor-col-33 elementor-inner-column elementor-element elementor-element-1d452ed8\" data-id=\"1d452ed8\" data-element_type=\"column\">\n\t\t\t<div class=\"elementor-widget-wrap elementor-element-populated\">\n\t\t\t\t\t\t\t\t<div class=\"elementor-element elementor-element-17334053 elementor-hidden-phone elementor-widget elementor-widget-spacer\" data-id=\"17334053\" data-element_type=\"widget\" data-widget_type=\"spacer.default\">\n\t\t\t\t<div class=\"elementor-widget-container\">\n\t\t\t\t\t<div class=\"elementor-spacer\">\n\t\t\t<div class=\"elementor-spacer-inner\"><\/div>\n\t\t<\/div>\n\t\t\t\t<\/div>\n\t\t\t\t<\/div>\n\t\t\t\t\t<\/div>\n\t\t<\/div>\n\t\t\t\t\t\t\t<\/div>\n\t\t<\/section>\n\t\t\t\t<div class=\"elementor-element elementor-element-39268103 text-right text--tabletright elementor-widget__width-inherit elementor-absolute elementor-widget elementor-widget-tp-heading-title\" data-id=\"39268103\" data-element_type=\"widget\" data-settings=\"{&quot;_position&quot;:&quot;absolute&quot;}\" data-widget_type=\"tp-heading-title.default\">\n\t\t\t\t<div class=\"elementor-widget-container\">\n\t\t\t<div id=\"plus69f4a83fa0592\" class=\"plus-widget-wrapper  magic-scroll    \"  ><div class=\"plus-widget-inner-wrap  parallax-scroll  \"  data-scroll_type=\"position\"  data-scroll_offset=\"100\"  data-scroll_duration=\"800\"  data-scroll_x_from=\"0\"  data-scroll_x_to=\"600\"  data-scroll_y_from=\"0\"  data-scroll_y_to=\"0\"  data-scroll_opacity_from=\"1\"  data-scroll_opacity_to=\"0\"  data-scroll_scale_from=\"1\"  data-scroll_scale_to=\"0.6\"  data-scroll_rotate_from=\"0\"  data-scroll_rotate_to=\"0\" ><div class=\"heading heading_style heading_style69f4a83fa05a4 style-1 animate-general\"  data-animate-type=\"transition.slideLeftIn\" data-animate-delay=\"50\" data-animate-offset=\"80%\" data-animate-duration=\"1000\" data-animate-out-type=\"transition.slideDownOut\" data-animate-out-delay=\"0\"><div class=\"sub-style\" ><div class=\"head-title \" > <h2  class=\"heading-title   \"   data-hover=\"Art i natura\">Art i natura<span class=\"title-s \">  <\/span><\/h2><\/div><\/div><\/div><\/div><\/div>\t\t<\/div>\n\t\t\t\t<\/div>\n\t\t\t\t<div class=\"elementor-element elementor-element-5c68f20d elementor-widget elementor-widget-spacer\" data-id=\"5c68f20d\" data-element_type=\"widget\" data-widget_type=\"spacer.default\">\n\t\t\t\t<div class=\"elementor-widget-container\">\n\t\t\t\t\t<div class=\"elementor-spacer\">\n\t\t\t<div class=\"elementor-spacer-inner\"><\/div>\n\t\t<\/div>\n\t\t\t\t<\/div>\n\t\t\t\t<\/div>\n\t\t\t\t<section class=\"elementor-section elementor-inner-section elementor-element elementor-element-67210b4a elementor-section-full_width bg-intro elementor-section-height-default elementor-section-height-default\" data-id=\"67210b4a\" data-element_type=\"section\" data-settings=\"{&quot;background_background&quot;:&quot;classic&quot;}\">\n\t\t\t\t\t\t\t<div class=\"elementor-background-overlay\"><\/div>\n\t\t\t\t\t\t\t<div class=\"elementor-container elementor-column-gap-default\">\n\t\t\t\t\t<div class=\"elementor-column elementor-col-33 elementor-inner-column elementor-element elementor-element-18da7e46\" data-id=\"18da7e46\" data-element_type=\"column\">\n\t\t\t<div class=\"elementor-widget-wrap elementor-element-populated\">\n\t\t\t\t\t\t\t\t<div class=\"elementor-element elementor-element-6c62357 text-left elementor-absolute elementor-widget elementor-widget-tp-adv-text-block\" data-id=\"6c62357\" data-element_type=\"widget\" data-settings=\"{&quot;_position&quot;:&quot;absolute&quot;}\" data-widget_type=\"tp-adv-text-block.default\">\n\t\t\t\t<div class=\"elementor-widget-container\">\n\t\t\t<div class=\"pt-plus-text-block-wrapper\" ><div class=\"text_block_parallax\"><div class=\"pt_plus_adv_text_block \" ><div class=\"text-content-block\"><p>\u00a0<\/p><p class=\"lead\">La seu de la Fundaci\u00f3 Josep Llorens Artigas, va ser constru\u00efda l\u00b4any 1989 per\u00a0 Joan Gardy Artigas en mem\u00f2ria del seu pare,\u00a0 Josep Llorens Artigas. Tota la seva concepci\u00f3 serveix per recordar la seva obra i el seu treball i per fomentar les vocacions art\u00edstiques aix\u00ed com l'educaci\u00f3, la cultura i les arts. L'edifici va ser projectat per l'arquitecte nord-americ\u00e0 Bruce Graham i est\u00e0 pensada per realitzar-hi tota mena de treballs art\u00edstics: cer\u00e0mica, escultura, gravat o pintura.<\/p><p class=\"mb-50\">\u00a0<\/p><\/div><\/div><\/div><\/div>\t\t<\/div>\n\t\t\t\t<\/div>\n\t\t\t\t\t<\/div>\n\t\t<\/div>\n\t\t\t\t<div class=\"elementor-column elementor-col-66 elementor-inner-column elementor-element elementor-element-2cc0bae0\" data-id=\"2cc0bae0\" data-element_type=\"column\">\n\t\t\t<div class=\"elementor-widget-wrap elementor-element-populated\">\n\t\t\t\t\t\t\t\t<div class=\"elementor-element elementor-element-1fc13328 elementor-widget elementor-widget-tp-video-player\" data-id=\"1fc13328\" data-element_type=\"widget\" data-widget_type=\"tp-video-player.default\">\n\t\t\t\t<div class=\"elementor-widget-container\">\n\t\t\t<div class=\"pt_plus_video-box-shadow video_player69f4a83fa3b19 animate-general \"  data-animate-type=\"transition.slideUpBigIn\" data-animate-delay=\"50\" data-animate-offset=\"80%\" data-animate-duration=\"1400\" data-animate-out-type=\"transition.slideDownOut\" data-animate-out-delay=\"0\" data-animate-out-duration=\"\"><div class=\"pt_plus_video_player   text-\"><div class=\"ts-video-wrapper embed-container  ts-type-youtube\"><iframe id=\"video_player69f4a83fa3b19\" width=\"100%\"  src=\"https:\/\/www.youtube.com\/embed\/if4b2VKkRC4?&amp;autohide=1&amp;showtitle=0&amp;controls=1&amp;showinfo=1&amp;modestbranding=0&amp;rel=1\"  frameborder=\"0\" allowfullscreen><\/iframe><\/div><\/div><\/div>\t\t<\/div>\n\t\t\t\t<\/div>\n\t\t\t\t\t<\/div>\n\t\t<\/div>\n\t\t\t\t\t\t\t<\/div>\n\t\t<\/section>\n\t\t\t\t<div class=\"elementor-element elementor-element-151182a elementor-widget elementor-widget-spacer\" data-id=\"151182a\" data-element_type=\"widget\" data-widget_type=\"spacer.default\">\n\t\t\t\t<div class=\"elementor-widget-container\">\n\t\t\t\t\t<div class=\"elementor-spacer\">\n\t\t\t<div class=\"elementor-spacer-inner\"><\/div>\n\t\t<\/div>\n\t\t\t\t<\/div>\n\t\t\t\t<\/div>\n\t\t\t\t<div class=\"elementor-element elementor-element-9316605 text-left main_menu_ele elementor-widget elementor-widget-tp-heading-title\" data-id=\"9316605\" data-element_type=\"widget\" data-widget_type=\"tp-heading-title.default\">\n\t\t\t\t<div class=\"elementor-widget-container\">\n\t\t\t<div class=\"heading heading_style heading_style69f4a83fa4eec style-1 animate-general\"  data-animate-type=\"transition.fadeIn\" data-animate-delay=\"50\" data-animate-offset=\"80%\"><div class=\"sub-style\" ><div class=\"head-title \" > <h4  class=\"heading-title   \"   data-hover=\"El taller de l&#039;artista\">El taller de l'artista<span class=\"title-s \">  <\/span><\/h4><\/div><\/div><\/div>\t\t<\/div>\n\t\t\t\t<\/div>\n\t\t\t\t<section class=\"elementor-section elementor-inner-section elementor-element elementor-element-ae12dbd elementor-section-full_width elementor-section-height-default elementor-section-height-default\" data-id=\"ae12dbd\" data-element_type=\"section\">\n\t\t\t\t\t\t<div class=\"elementor-container elementor-column-gap-default\">\n\t\t\t\t\t<div class=\"elementor-column elementor-col-50 elementor-inner-column elementor-element elementor-element-98c52f0\" data-id=\"98c52f0\" data-element_type=\"column\">\n\t\t\t<div class=\"elementor-widget-wrap elementor-element-populated\">\n\t\t\t\t\t\t\t\t<div class=\"elementor-element elementor-element-74f01ad elementor-widget elementor-widget-text-editor\" data-id=\"74f01ad\" data-element_type=\"widget\" data-widget_type=\"text-editor.default\">\n\t\t\t\t<div class=\"elementor-widget-container\">\n\t\t\t\t\t\t\t<div class=\"sketchfab-embed-wrapper\"> <iframe title=\"Tallers de la Fundaci\u00f3 Llorens Artigas (1\/2)\" frameborder=\"0\" allowfullscreen mozallowfullscreen=\"true\" webkitallowfullscreen=\"true\" allow=\"autoplay; fullscreen; xr-spatial-tracking\" xr-spatial-tracking execution-while-out-of-viewport execution-while-not-rendered web-share width=\"720\" height=\"480\" src=\"https:\/\/sketchfab.com\/models\/aa648576987345198413064b5a394ec6\/embed\"> <\/iframe> <p style=\"font-size: 13px; font-weight: normal; margin: 5px; color: #4A4A4A;\"> <a href=\"https:\/\/sketchfab.com\/3d-models\/tallers-de-la-fundacio-llorens-artigas-12-aa648576987345198413064b5a394ec6?utm_medium=embed&#038;utm_campaign=share-popup&#038;utm_content=aa648576987345198413064b5a394ec6\" target=\"_blank\" style=\"font-weight: bold; color: #1CAAD9;\"> Tallers de la Fundaci\u00f3 Llorens Artigas (1\/2) <\/a> by <a href=\"https:\/\/sketchfab.com\/giravolt?utm_medium=embed&#038;utm_campaign=share-popup&#038;utm_content=aa648576987345198413064b5a394ec6\" target=\"_blank\" style=\"font-weight: bold; color: #1CAAD9;\"> Giravolt <\/a> on <a href=\"https:\/\/sketchfab.com?utm_medium=embed&#038;utm_campaign=share-popup&#038;utm_content=aa648576987345198413064b5a394ec6\" target=\"_blank\" style=\"font-weight: bold; color: #1CAAD9;\">Sketchfab<\/a><\/p><\/div>\t\t\t\t\t\t<\/div>\n\t\t\t\t<\/div>\n\t\t\t\t\t<\/div>\n\t\t<\/div>\n\t\t\t\t<div class=\"elementor-column elementor-col-50 elementor-inner-column elementor-element elementor-element-832bcf3\" data-id=\"832bcf3\" data-element_type=\"column\">\n\t\t\t<div class=\"elementor-widget-wrap elementor-element-populated\">\n\t\t\t\t\t\t\t\t<div class=\"elementor-element elementor-element-d57c470 elementor-widget elementor-widget-text-editor\" data-id=\"d57c470\" data-element_type=\"widget\" data-widget_type=\"text-editor.default\">\n\t\t\t\t<div class=\"elementor-widget-container\">\n\t\t\t\t\t\t\t<div class=\"sketchfab-embed-wrapper\"> <iframe title=\"Tallers de la Fundaci\u00f3 Lloren\u00e7 Artigas. (2\/2)\" frameborder=\"0\" allowfullscreen mozallowfullscreen=\"true\" webkitallowfullscreen=\"true\" allow=\"autoplay; fullscreen; xr-spatial-tracking\" xr-spatial-tracking execution-while-out-of-viewport execution-while-not-rendered web-share width=\"720\" height=\"480\" src=\"https:\/\/sketchfab.com\/models\/5224b721b0854998a1808fcea3cff924\/embed\"> <\/iframe> <p style=\"font-size: 13px; font-weight: normal; margin: 5px; color: #4A4A4A;\"> <a href=\"https:\/\/sketchfab.com\/3d-models\/tallers-de-la-fundacio-llorenc-artigas-22-5224b721b0854998a1808fcea3cff924?utm_medium=embed&#038;utm_campaign=share-popup&#038;utm_content=5224b721b0854998a1808fcea3cff924\" target=\"_blank\" style=\"font-weight: bold; color: #1CAAD9;\"> Tallers de la Fundaci\u00f3 Lloren\u00e7 Artigas. (2\/2) <\/a> by <a href=\"https:\/\/sketchfab.com\/giravolt?utm_medium=embed&#038;utm_campaign=share-popup&#038;utm_content=5224b721b0854998a1808fcea3cff924\" target=\"_blank\" style=\"font-weight: bold; color: #1CAAD9;\"> Giravolt <\/a> on <a href=\"https:\/\/sketchfab.com?utm_medium=embed&#038;utm_campaign=share-popup&#038;utm_content=5224b721b0854998a1808fcea3cff924\" target=\"_blank\" style=\"font-weight: bold; color: #1CAAD9;\">Sketchfab<\/a><\/p><\/div>\t\t\t\t\t\t<\/div>\n\t\t\t\t<\/div>\n\t\t\t\t\t<\/div>\n\t\t<\/div>\n\t\t\t\t\t\t\t<\/div>\n\t\t<\/section>\n\t\t\t\t<div class=\"elementor-element elementor-element-dd9b07d elementor-widget elementor-widget-spacer\" data-id=\"dd9b07d\" data-element_type=\"widget\" data-widget_type=\"spacer.default\">\n\t\t\t\t<div class=\"elementor-widget-container\">\n\t\t\t\t\t<div class=\"elementor-spacer\">\n\t\t\t<div class=\"elementor-spacer-inner\"><\/div>\n\t\t<\/div>\n\t\t\t\t<\/div>\n\t\t\t\t<\/div>\n\t\t\t\t<section class=\"elementor-section elementor-inner-section elementor-element elementor-element-f67d2d4 elementor-section-boxed elementor-section-height-default elementor-section-height-default\" data-id=\"f67d2d4\" data-element_type=\"section\">\n\t\t\t\t\t\t<div class=\"elementor-container elementor-column-gap-default\">\n\t\t\t\t\t<div class=\"elementor-column elementor-col-50 elementor-inner-column elementor-element elementor-element-0e67a86\" data-id=\"0e67a86\" data-element_type=\"column\">\n\t\t\t<div class=\"elementor-widget-wrap elementor-element-populated\">\n\t\t\t\t\t\t\t\t<div class=\"elementor-element elementor-element-2c63b32 elementor-widget elementor-widget-tp-video-player\" data-id=\"2c63b32\" data-element_type=\"widget\" data-widget_type=\"tp-video-player.default\">\n\t\t\t\t<div class=\"elementor-widget-container\">\n\t\t\t<div class=\"pt_plus_video-box-shadow video_player69f4a83fa9083 animate-general \"  data-animate-type=\"transition.slideUpBigIn\" data-animate-delay=\"50\" data-animate-offset=\"80%\" data-animate-duration=\"1400\" data-animate-out-type=\"transition.slideDownOut\" data-animate-out-delay=\"0\" data-animate-out-duration=\"\"><div class=\"pt_plus_video_player   text-\"><div class=\"ts-video-wrapper embed-container  ts-type-youtube\"><iframe id=\"video_player69f4a83fa9083\" width=\"100%\"  src=\"https:\/\/www.youtube.com\/embed\/Pinzar-dnH8?&amp;autohide=1&amp;showtitle=0&amp;controls=1&amp;showinfo=1&amp;modestbranding=0&amp;rel=1\"  frameborder=\"0\" allowfullscreen><\/iframe><\/div><\/div><\/div>\t\t<\/div>\n\t\t\t\t<\/div>\n\t\t\t\t\t<\/div>\n\t\t<\/div>\n\t\t\t\t<div class=\"elementor-column elementor-col-50 elementor-inner-column elementor-element elementor-element-cc43801\" data-id=\"cc43801\" data-element_type=\"column\">\n\t\t\t<div class=\"elementor-widget-wrap elementor-element-populated\">\n\t\t\t\t\t\t\t\t<div class=\"elementor-element elementor-element-9243ec9 elementor-widget elementor-widget-spacer\" data-id=\"9243ec9\" data-element_type=\"widget\" data-widget_type=\"spacer.default\">\n\t\t\t\t<div class=\"elementor-widget-container\">\n\t\t\t\t\t<div class=\"elementor-spacer\">\n\t\t\t<div class=\"elementor-spacer-inner\"><\/div>\n\t\t<\/div>\n\t\t\t\t<\/div>\n\t\t\t\t<\/div>\n\t\t\t\t<div class=\"elementor-element elementor-element-fe3d5d0 elementor-widget elementor-widget-tp-adv-text-block\" data-id=\"fe3d5d0\" data-element_type=\"widget\" data-widget_type=\"tp-adv-text-block.default\">\n\t\t\t\t<div class=\"elementor-widget-container\">\n\t\t\t<div class=\"pt-plus-text-block-wrapper\" ><div class=\"text_block_parallax\"><div class=\"pt_plus_adv_text_block \" ><div class=\"text-content-block\"><p>Josep Llorens Artigas treballant al seu taller. <\/p><\/div><\/div><\/div><\/div>\t\t<\/div>\n\t\t\t\t<\/div>\n\t\t\t\t\t<\/div>\n\t\t<\/div>\n\t\t\t\t\t\t\t<\/div>\n\t\t<\/section>\n\t\t\t\t\t<\/div>\n\t\t<\/div>\n\t\t\t\t\t\t\t<\/div>\n\t\t<\/section>\n\t\t\t\t<section class=\"elementor-section elementor-top-section elementor-element elementor-element-a4e174b elementor-section-full_width bg-ambit elementor-section-height-default elementor-section-height-default\" data-id=\"a4e174b\" data-element_type=\"section\">\n\t\t\t\t\t\t\t<div class=\"elementor-background-overlay\"><\/div>\n\t\t\t\t\t\t\t<div class=\"elementor-container elementor-column-gap-default\">\n\t\t\t\t\t<div class=\"elementor-column elementor-col-100 elementor-top-column elementor-element elementor-element-e6b866b\" data-id=\"e6b866b\" data-element_type=\"column\">\n\t\t\t<div class=\"elementor-widget-wrap elementor-element-populated\">\n\t\t\t\t\t\t\t\t<section class=\"elementor-section elementor-inner-section elementor-element elementor-element-97fe425 elementor-section-boxed elementor-section-height-default elementor-section-height-default\" data-id=\"97fe425\" data-element_type=\"section\">\n\t\t\t\t\t\t<div class=\"elementor-container elementor-column-gap-wide\">\n\t\t\t\t\t<div class=\"elementor-column elementor-col-66 elementor-inner-column elementor-element elementor-element-88c33a3\" data-id=\"88c33a3\" data-element_type=\"column\">\n\t\t\t<div class=\"elementor-widget-wrap elementor-element-populated\">\n\t\t\t\t\t\t\t\t<div class=\"elementor-element elementor-element-203a9a7 text-left elementor-widget__width-initial elementor-widget elementor-widget-tp-heading-title\" data-id=\"203a9a7\" data-element_type=\"widget\" data-widget_type=\"tp-heading-title.default\">\n\t\t\t\t<div class=\"elementor-widget-container\">\n\t\t\t<div id=\"plus69f4a83facbd4\" class=\"plus-widget-wrapper  magic-scroll    \"  ><div class=\"plus-widget-inner-wrap  parallax-scroll  \"  data-scroll_type=\"position\"  data-scroll_offset=\"0\"  data-scroll_duration=\"600\"  data-scroll_x_from=\"0\"  data-scroll_x_to=\"-200\"  data-scroll_y_from=\"0\"  data-scroll_y_to=\"200\"  data-scroll_opacity_from=\"1\"  data-scroll_opacity_to=\"0\"  data-scroll_scale_from=\"1\"  data-scroll_scale_to=\"1.4\"  data-scroll_rotate_from=\"0\"  data-scroll_rotate_to=\"0\" ><div class=\"heading heading_style heading_style69f4a83facbe1 style-2 animate-general\"  data-animate-type=\"transition.slideUpBigIn\" data-animate-delay=\"165\" data-animate-offset=\"80%\" data-animate-duration=\"1400\" data-animate-out-type=\"transition.slideDownOut\" data-animate-out-delay=\"0\"><div class=\"sub-style\" ><div class=\"head-title \" > <h1  class=\"heading-title   \"   data-hover=\"&lt;br&gt;Testimonis&lt;br&gt;d&#039;una amistat\"><br>Testimonis<br>d'una amistat<\/h1><\/div><\/div><\/div><\/div><\/div>\t\t<\/div>\n\t\t\t\t<\/div>\n\t\t\t\t\t<\/div>\n\t\t<\/div>\n\t\t\t\t<div class=\"elementor-column elementor-col-33 elementor-inner-column elementor-element elementor-element-b9b0b2b\" data-id=\"b9b0b2b\" data-element_type=\"column\">\n\t\t\t<div class=\"elementor-widget-wrap elementor-element-populated\">\n\t\t\t\t\t\t\t\t<div class=\"elementor-element elementor-element-597b4f6 elementor-hidden-phone elementor-widget elementor-widget-spacer\" data-id=\"597b4f6\" data-element_type=\"widget\" data-widget_type=\"spacer.default\">\n\t\t\t\t<div class=\"elementor-widget-container\">\n\t\t\t\t\t<div class=\"elementor-spacer\">\n\t\t\t<div class=\"elementor-spacer-inner\"><\/div>\n\t\t<\/div>\n\t\t\t\t<\/div>\n\t\t\t\t<\/div>\n\t\t\t\t\t<\/div>\n\t\t<\/div>\n\t\t\t\t\t\t\t<\/div>\n\t\t<\/section>\n\t\t\t\t<div class=\"elementor-element elementor-element-f9d1961 text-right text--tabletright elementor-widget__width-inherit elementor-absolute elementor-widget elementor-widget-tp-heading-title\" data-id=\"f9d1961\" data-element_type=\"widget\" data-settings=\"{&quot;_position&quot;:&quot;absolute&quot;}\" data-widget_type=\"tp-heading-title.default\">\n\t\t\t\t<div class=\"elementor-widget-container\">\n\t\t\t<div id=\"plus69f4a83fae1cc\" class=\"plus-widget-wrapper  magic-scroll    \"  ><div class=\"plus-widget-inner-wrap  parallax-scroll  \"  data-scroll_type=\"position\"  data-scroll_offset=\"100\"  data-scroll_duration=\"800\"  data-scroll_x_from=\"0\"  data-scroll_x_to=\"600\"  data-scroll_y_from=\"0\"  data-scroll_y_to=\"0\"  data-scroll_opacity_from=\"1\"  data-scroll_opacity_to=\"0\"  data-scroll_scale_from=\"1\"  data-scroll_scale_to=\"0.6\"  data-scroll_rotate_from=\"0\"  data-scroll_rotate_to=\"0\" ><div class=\"heading heading_style heading_style69f4a83fae1d8 style-1 animate-general\"  data-animate-type=\"transition.slideLeftIn\" data-animate-delay=\"50\" data-animate-offset=\"80%\" data-animate-duration=\"1000\" data-animate-out-type=\"transition.slideDownOut\" data-animate-out-delay=\"0\"><div class=\"sub-style\" ><div class=\"head-title \" > <h2  class=\"heading-title   \"   data-hover=\"Catalunya\/Jap\u00f3\">Catalunya\/Jap\u00f3<span class=\"title-s \">  <\/span><\/h2><\/div><\/div><\/div><\/div><\/div>\t\t<\/div>\n\t\t\t\t<\/div>\n\t\t\t\t<div class=\"elementor-element elementor-element-529a328 elementor-widget elementor-widget-spacer\" data-id=\"529a328\" data-element_type=\"widget\" data-widget_type=\"spacer.default\">\n\t\t\t\t<div class=\"elementor-widget-container\">\n\t\t\t\t\t<div class=\"elementor-spacer\">\n\t\t\t<div class=\"elementor-spacer-inner\"><\/div>\n\t\t<\/div>\n\t\t\t\t<\/div>\n\t\t\t\t<\/div>\n\t\t\t\t<section class=\"elementor-section elementor-inner-section elementor-element elementor-element-6630056 elementor-section-full_width bg-intro elementor-section-height-default elementor-section-height-default\" data-id=\"6630056\" data-element_type=\"section\" data-settings=\"{&quot;background_background&quot;:&quot;classic&quot;}\">\n\t\t\t\t\t\t\t<div class=\"elementor-background-overlay\"><\/div>\n\t\t\t\t\t\t\t<div class=\"elementor-container elementor-column-gap-default\">\n\t\t\t\t\t<div class=\"elementor-column elementor-col-33 elementor-inner-column elementor-element elementor-element-5f4aadf\" data-id=\"5f4aadf\" data-element_type=\"column\">\n\t\t\t<div class=\"elementor-widget-wrap elementor-element-populated\">\n\t\t\t\t\t\t\t\t<div class=\"elementor-element elementor-element-c9ec2a9 text-left elementor-widget elementor-widget-tp-heading-title\" data-id=\"c9ec2a9\" data-element_type=\"widget\" data-widget_type=\"tp-heading-title.default\">\n\t\t\t\t<div class=\"elementor-widget-container\">\n\t\t\t<div class=\"heading heading_style heading_style69f4a83fafa91 style-1 \" ><div class=\"sub-style\" ><div class=\"head-title \" > <h4  class=\"heading-title   \"   data-hover=\" \u00abEntre artistes, si no s\u00f3n amics, \u00e9s impossible treballar junts\u00bb\"> \u00abEntre artistes, si no s\u00f3n amics, \u00e9s impossible treballar junts\u00bb<span class=\"title-s \">  <\/span><\/h4><\/div><div class=\"sub-heading\"><h4 class=\"heading-sub-title  \"> Joan Gardy Artigas <\/h4><\/div><\/div><\/div>\t\t<\/div>\n\t\t\t\t<\/div>\n\t\t\t\t<div class=\"elementor-element elementor-element-5f8cf17 text-left elementor-widget elementor-widget-tp-adv-text-block\" data-id=\"5f8cf17\" data-element_type=\"widget\" data-widget_type=\"tp-adv-text-block.default\">\n\t\t\t\t<div class=\"elementor-widget-container\">\n\t\t\t<div class=\"pt-plus-text-block-wrapper\" ><div class=\"text_block_parallax\"><div class=\"pt_plus_adv_text_block \" ><div class=\"text-content-block\"><p>Artigas i Hamada es van con\u00e8ixer a Anglaterra el 1952 i van tornar\u00a0a coincidir una d\u00e8cada m\u00e9s tard, aquesta vegada al Jap\u00f3, en\u00a0ocasi\u00f3 de les noces de Joan Gardy Artigas (fill de Llorens Artigas)\u00a0amb Ishikawa Mako. Durant els anys seixanta, es van retrobar tant a T\u00f2quio i a Mashiko com a Gallifa i a Par\u00eds.<\/p><\/div><\/div><\/div><\/div>\t\t<\/div>\n\t\t\t\t<\/div>\n\t\t\t\t\t<\/div>\n\t\t<\/div>\n\t\t\t\t<div class=\"elementor-column elementor-col-66 elementor-inner-column elementor-element elementor-element-4c77e29\" data-id=\"4c77e29\" data-element_type=\"column\">\n\t\t\t<div class=\"elementor-widget-wrap elementor-element-populated\">\n\t\t\t\t\t\t\t\t<div class=\"elementor-element elementor-element-2930a60 elementor-widget elementor-widget-tp-video-player\" data-id=\"2930a60\" data-element_type=\"widget\" data-widget_type=\"tp-video-player.default\">\n\t\t\t\t<div class=\"elementor-widget-container\">\n\t\t\t<div class=\"pt_plus_video-box-shadow video_player69f4a83fb0f04 animate-general \"  data-animate-type=\"transition.slideUpBigIn\" data-animate-delay=\"50\" data-animate-offset=\"80%\" data-animate-duration=\"1400\" data-animate-out-type=\"transition.slideDownOut\" data-animate-out-delay=\"0\" data-animate-out-duration=\"\"><div class=\"pt_plus_video_player   text-\"><div class=\"ts-video-wrapper embed-container  ts-type-youtube\"><iframe id=\"video_player69f4a83fb0f04\" width=\"100%\"  src=\"https:\/\/www.youtube.com\/embed\/G98ShD9msL8?&amp;autohide=1&amp;showtitle=0&amp;controls=1&amp;showinfo=1&amp;modestbranding=0&amp;rel=1\"  frameborder=\"0\" allowfullscreen><\/iframe><\/div><\/div><\/div>\t\t<\/div>\n\t\t\t\t<\/div>\n\t\t\t\t\t<\/div>\n\t\t<\/div>\n\t\t\t\t\t\t\t<\/div>\n\t\t<\/section>\n\t\t\t\t<div class=\"elementor-element elementor-element-ebcedb1 elementor-widget elementor-widget-spacer\" data-id=\"ebcedb1\" data-element_type=\"widget\" data-widget_type=\"spacer.default\">\n\t\t\t\t<div class=\"elementor-widget-container\">\n\t\t\t\t\t<div class=\"elementor-spacer\">\n\t\t\t<div class=\"elementor-spacer-inner\"><\/div>\n\t\t<\/div>\n\t\t\t\t<\/div>\n\t\t\t\t<\/div>\n\t\t\t\t<div class=\"elementor-element elementor-element-3a6c2e2 elementor-widget elementor-widget-tp-gallery-listout\" data-id=\"3a6c2e2\" data-element_type=\"widget\" data-widget_type=\"tp-gallery-listout.default\">\n\t\t\t\t<div class=\"elementor-widget-container\">\n\t\t\t<div id=\"pt-plus-gallery-list\" class=\"gallery-list post69f4a83fb233d  list-carousel-slick gallery-style-2 hover-image-style-1  \"   data-slider_direction=\"false\" data-slide_speed=\"1500\" data-default_active_slide=\"0\" data-slider_desktop_column=\"4\" data-steps_slide=\"1\" data-slider_draggable=\"true\" data-multi_drag=\"false\" data-slider_infinite=\"true\" data-slider_pause_hover=\"false\" data-slider_adaptive_height=\"false\" data-slider_animation=\"ease\" data-slider_autoplay=\"true\" data-autoplay_speed=\"3000\" data-slider_tablet_column=\"3\" data-tablet_steps_slide=\"1\" data-slider_responsive_tablet=\"no\" data-slider_mobile_column=\"2\" data-mobile_steps_slide=\"1\" data-slider_responsive_mobile=\"no\" data-slider_dots=\"true\" data-slider_dots_style=\"slick-dots style-1\" data-slider_arrows=\"false\" data-slider_arrows_style=\"\"  data-arrows_position=\"\"  data-arrow_bg_color=\"\"  data-arrow_icon_color=\"\"  data-arrow_hover_bg_color=\"\"  data-arrow_hover_icon_color=\"\"  data-slider_center_mode=\"false\"  data-center_padding=\"0\"  data-scale_center_slide=\"1\"  data-scale_normal_slide=\"0.8\"  data-opacity_normal_slide=\"0.7\"  data-slider_rows=\"1\"  data-id=\"post69f4a83fb233d\" data-style=\"style-2\"  data-enable-isotope=\"1\"><div id=\"post69f4a83fb233d\" class=\"tp-row post-inner-loop post69f4a83fb233d\"><div class=\"grid-item metro-item0       \"  >\t<div class=\"gallery-list-content\">\n\t\t<div class=\"post-content-image\">\n\t\t\t\t\t\t<a href=\"https:\/\/www.museunacional.cat\/exposicions-en-linia\/wp-content\/uploads\/C80.jpg\" data-elementor-open-lightbox=\"default\" data-elementor-lightbox-slideshow=\"icn1-3a6c2e2\">\t<div class=\"gallery-image\">\n\t<span class=\"thumb-wrap\">\n\t\t<img loading=\"lazy\" decoding=\"async\" width=\"700\" height=\"700\" src=\"https:\/\/www.museunacional.cat\/exposicions-en-linia\/wp-content\/uploads\/C80-700x700.jpg\" class=\"attachment-tp-image-grid size-tp-image-grid\" alt=\"\" srcset=\"https:\/\/www.museunacional.cat\/exposicions-en-linia\/wp-content\/uploads\/C80-700x700.jpg 700w, https:\/\/www.museunacional.cat\/exposicions-en-linia\/wp-content\/uploads\/C80-150x150.jpg 150w\" sizes=\"(max-width: 700px) 100vw, 700px\" \/>\t<\/span>\n\t<\/div><\/a>\n\t\t\t\t\t\t\n\t\t\t\n\t\t\t<\/div>\n\t\t<div class=\"post-content-center\">\n\t\t\t\t<div class=\"post-zoom-icon\">\n\t\t\t\t\t\t<div class=\"meta-search-icon\">\r\n\t\t\t<a href=\"https:\/\/www.museunacional.cat\/exposicions-en-linia\/wp-content\/uploads\/C80.jpg\" data-elementor-open-lightbox=\"default\" data-elementor-lightbox-slideshow=\"icn-3a6c2e2\"><i class=\"fas fa-search-plus\" aria-hidden=\"true\"><\/i><\/a>\r\n\t<\/div>\t\t<\/div>\n\t\t\t\t\t\t<div class=\"post-content-bottom\">\n\t\t\t<h3 class=\"post-title\">\r\n\t\t\t\t\t\r\n\t\t\t\t\t\t\t\t\t<a href=\"https:\/\/www.museunacional.cat\/exposicions-en-linia\/wp-content\/uploads\/C80.jpg\" data-elementor-open-lightbox=\"default\" data-elementor-lightbox-slideshow=\"3a6c2e2\">Regal de noces de Hamada Sh\u014dji a Joan Gary Artigas i Ishikawa Mako<\/a>\r\n\t\t\t\t\t<\/h3>\t\t\t<div class=\"post-hover-content\">\n\t\t\t\t<div class=\"entry-content\">\r\n\tNines h\u014draibina (kokon ningy\u014d), obra de l\u2019artes\u00e0 Mataro. 1962. FUNDACI\u00d3 J. L LORENS ARTIGAS<\/div>\t\t\t<\/div>\n\t\t<\/div>\n\t\t\t<\/div>\n\t\t<\/div>\n<\/div><div class=\"grid-item metro-item0       \"  >\t<div class=\"gallery-list-content\">\n\t\t<div class=\"post-content-image\">\n\t\t\t\t\t\t<a href=\"https:\/\/www.museunacional.cat\/exposicions-en-linia\/wp-content\/uploads\/parella-de-bols-casament-copia.png\" data-elementor-open-lightbox=\"default\" data-elementor-lightbox-slideshow=\"icn1-3a6c2e2\">\t<div class=\"gallery-image\">\n\t<span class=\"thumb-wrap\">\n\t\t<img loading=\"lazy\" decoding=\"async\" width=\"700\" height=\"700\" src=\"https:\/\/www.museunacional.cat\/exposicions-en-linia\/wp-content\/uploads\/parella-de-bols-casament-copia-700x700.png\" class=\"attachment-tp-image-grid size-tp-image-grid\" alt=\"\" srcset=\"https:\/\/www.museunacional.cat\/exposicions-en-linia\/wp-content\/uploads\/parella-de-bols-casament-copia-700x700.png 700w, https:\/\/www.museunacional.cat\/exposicions-en-linia\/wp-content\/uploads\/parella-de-bols-casament-copia-150x150.png 150w\" sizes=\"(max-width: 700px) 100vw, 700px\" \/>\t<\/span>\n\t<\/div><\/a>\n\t\t\t\t\t\t\n\t\t\t\n\t\t\t<\/div>\n\t\t<div class=\"post-content-center\">\n\t\t\t\t<div class=\"post-zoom-icon\">\n\t\t\t\t\t\t<div class=\"meta-search-icon\">\r\n\t\t\t<a href=\"https:\/\/www.museunacional.cat\/exposicions-en-linia\/wp-content\/uploads\/parella-de-bols-casament-copia.png\" data-elementor-open-lightbox=\"default\" data-elementor-lightbox-slideshow=\"icn-3a6c2e2\"><i class=\"fas fa-search-plus\" aria-hidden=\"true\"><\/i><\/a>\r\n\t<\/div>\t\t<\/div>\n\t\t\t\t\t\t<div class=\"post-content-bottom\">\n\t\t\t<h3 class=\"post-title\">\r\n\t\t\t\t\t\r\n\t\t\t\t\t\t\t\t\t<a href=\"https:\/\/www.museunacional.cat\/exposicions-en-linia\/wp-content\/uploads\/parella-de-bols-casament-copia.png\" data-elementor-open-lightbox=\"default\" data-elementor-lightbox-slideshow=\"3a6c2e2\">Bols regalats per Hamada Sh\u014dji al banquet de noces de Joan Gardy Artigas i Ishikawa Mako<\/a>\r\n\t\t\t\t\t<\/h3>\t\t\t<div class=\"post-hover-content\">\n\t\t\t\t<div class=\"entry-content\">\r\n\tForn de Hamada (Hamada-gama). Parella de bols per a te (yunomi).  1962\nGres esmaltat. 8,3 a \u00d7 8 \u2205 cm\nCaixa amb segell \u00bbmongama\u00ab\nFUNDACI\u00d3 J. L LORENS ARTIGAS\n<\/div>\t\t\t<\/div>\n\t\t<\/div>\n\t\t\t<\/div>\n\t\t<\/div>\n<\/div><div class=\"grid-item metro-item0       \"  >\t<div class=\"gallery-list-content\">\n\t\t<div class=\"post-content-image\">\n\t\t\t\t\t\t<a href=\"https:\/\/www.museunacional.cat\/exposicions-en-linia\/wp-content\/uploads\/Casament-scaled.jpg\" data-elementor-open-lightbox=\"default\" data-elementor-lightbox-slideshow=\"icn1-3a6c2e2\">\t<div class=\"gallery-image\">\n\t<span class=\"thumb-wrap\">\n\t\t<img loading=\"lazy\" decoding=\"async\" width=\"700\" height=\"700\" src=\"https:\/\/www.museunacional.cat\/exposicions-en-linia\/wp-content\/uploads\/Casament-700x700.jpg\" class=\"attachment-tp-image-grid size-tp-image-grid\" alt=\"\" srcset=\"https:\/\/www.museunacional.cat\/exposicions-en-linia\/wp-content\/uploads\/Casament-700x700.jpg 700w, https:\/\/www.museunacional.cat\/exposicions-en-linia\/wp-content\/uploads\/Casament-150x150.jpg 150w\" sizes=\"(max-width: 700px) 100vw, 700px\" \/>\t<\/span>\n\t<\/div><\/a>\n\t\t\t\t\t\t\n\t\t\t\n\t\t\t<\/div>\n\t\t<div class=\"post-content-center\">\n\t\t\t\t<div class=\"post-zoom-icon\">\n\t\t\t\t\t\t<div class=\"meta-search-icon\">\r\n\t\t\t<a href=\"https:\/\/www.museunacional.cat\/exposicions-en-linia\/wp-content\/uploads\/Casament-scaled.jpg\" data-elementor-open-lightbox=\"default\" data-elementor-lightbox-slideshow=\"icn-3a6c2e2\"><i class=\"fas fa-search-plus\" aria-hidden=\"true\"><\/i><\/a>\r\n\t<\/div>\t\t<\/div>\n\t\t\t\t\t\t<div class=\"post-content-bottom\">\n\t\t\t<h3 class=\"post-title\">\r\n\t\t\t\t\t\r\n\t\t\t\t\t\t\t\t\t<a href=\"https:\/\/www.museunacional.cat\/exposicions-en-linia\/wp-content\/uploads\/Casament-scaled.jpg\" data-elementor-open-lightbox=\"default\" data-elementor-lightbox-slideshow=\"3a6c2e2\">Noces de Joan Gardy Artigas i Ishikawa Mako.<\/a>\r\n\t\t\t\t\t<\/h3>\t\t\t<div class=\"post-hover-content\">\n\t\t\t\t<div class=\"entry-content\">\r\n\tA m\u00e9s de les fam\u00edlies Artigas i Ishikawa, apareixen Hamada Sh\u014dji\ni Hijikata Teiichi com a padrins de boda. T\u00f2quio, 1 de mar\u00e7 de 1962. Fundaci\u00f3 J. Llorens Artigas<\/div>\t\t\t<\/div>\n\t\t<\/div>\n\t\t\t<\/div>\n\t\t<\/div>\n<\/div><div class=\"grid-item metro-item0       \"  >\t<div class=\"gallery-list-content\">\n\t\t<div class=\"post-content-image\">\n\t\t\t\t\t\t<a href=\"https:\/\/www.museunacional.cat\/exposicions-en-linia\/wp-content\/uploads\/3605-074-scaled.jpg\" data-elementor-open-lightbox=\"default\" data-elementor-lightbox-slideshow=\"icn1-3a6c2e2\">\t<div class=\"gallery-image\">\n\t<span class=\"thumb-wrap\">\n\t\t<img loading=\"lazy\" decoding=\"async\" width=\"700\" height=\"700\" src=\"https:\/\/www.museunacional.cat\/exposicions-en-linia\/wp-content\/uploads\/3605-074-700x700.jpg\" class=\"attachment-tp-image-grid size-tp-image-grid\" alt=\"\" srcset=\"https:\/\/www.museunacional.cat\/exposicions-en-linia\/wp-content\/uploads\/3605-074-700x700.jpg 700w, https:\/\/www.museunacional.cat\/exposicions-en-linia\/wp-content\/uploads\/3605-074-150x150.jpg 150w\" sizes=\"(max-width: 700px) 100vw, 700px\" \/>\t<\/span>\n\t<\/div><\/a>\n\t\t\t\t\t\t\n\t\t\t\n\t\t\t<\/div>\n\t\t<div class=\"post-content-center\">\n\t\t\t\t<div class=\"post-zoom-icon\">\n\t\t\t\t\t\t<div class=\"meta-search-icon\">\r\n\t\t\t<a href=\"https:\/\/www.museunacional.cat\/exposicions-en-linia\/wp-content\/uploads\/3605-074-scaled.jpg\" data-elementor-open-lightbox=\"default\" data-elementor-lightbox-slideshow=\"icn-3a6c2e2\"><i class=\"fas fa-search-plus\" aria-hidden=\"true\"><\/i><\/a>\r\n\t<\/div>\t\t<\/div>\n\t\t\t\t\t\t<div class=\"post-content-bottom\">\n\t\t\t<h3 class=\"post-title\">\r\n\t\t\t\t\t\r\n\t\t\t\t\t\t\t\t\t<a href=\"https:\/\/www.museunacional.cat\/exposicions-en-linia\/wp-content\/uploads\/3605-074-scaled.jpg\" data-elementor-open-lightbox=\"default\" data-elementor-lightbox-slideshow=\"3a6c2e2\">Tovallola regalada per la familia Ishikawa-Artigas a Hamada Sh\u014dji<\/a>\r\n\t\t\t\t\t<\/h3>\t\t\t<div class=\"post-hover-content\">\n\t\t\t\t\t\t\t<\/div>\n\t\t<\/div>\n\t\t\t<\/div>\n\t\t<\/div>\n<\/div><\/div><\/div>\t\t<\/div>\n\t\t\t\t<\/div>\n\t\t\t\t<div class=\"elementor-element elementor-element-fa515de elementor-widget elementor-widget-spacer\" data-id=\"fa515de\" data-element_type=\"widget\" data-widget_type=\"spacer.default\">\n\t\t\t\t<div class=\"elementor-widget-container\">\n\t\t\t\t\t<div class=\"elementor-spacer\">\n\t\t\t<div class=\"elementor-spacer-inner\"><\/div>\n\t\t<\/div>\n\t\t\t\t<\/div>\n\t\t\t\t<\/div>\n\t\t\t\t<section class=\"elementor-section elementor-inner-section elementor-element elementor-element-40b4dd7 elementor-section-boxed elementor-section-height-default elementor-section-height-default\" data-id=\"40b4dd7\" data-element_type=\"section\">\n\t\t\t\t\t\t<div class=\"elementor-container elementor-column-gap-default\">\n\t\t\t\t\t<div class=\"elementor-column elementor-col-100 elementor-inner-column elementor-element elementor-element-eaf27f8\" data-id=\"eaf27f8\" data-element_type=\"column\">\n\t\t\t<div class=\"elementor-widget-wrap elementor-element-populated\">\n\t\t\t\t\t\t\t\t<div class=\"elementor-element elementor-element-73015c8 text-justify elementor-widget elementor-widget-tp-adv-text-block\" data-id=\"73015c8\" data-element_type=\"widget\" data-widget_type=\"tp-adv-text-block.default\">\n\t\t\t\t<div class=\"elementor-widget-container\">\n\t\t\t<div class=\"pt-plus-text-block-wrapper\" ><div class=\"text_block_parallax\"><div class=\"pt_plus_adv_text_block animate-general\"  data-animate-type=\"transition.slideUpIn\" data-animate-delay=\"50\" data-animate-offset=\"80%\"><div class=\"text-content-block\"><p>A partir d\u2019aleshores la relaci\u00f3 personal es va\u00a0intensificar fins al punt que el forn constru\u00eft pels Artigas a Gallifa\u00a0(Barcelona), el 1963, es va fer a partir de l\u2019estudi del forn que Hamada tenia a la poblaci\u00f3 japonesa de Mashiko. En aquest forn\u00a0es van coure moltes de les peces d\u2019Artigas i algunes de les obresfetes en col\u00b7laboraci\u00f3 amb Joan Mir\u00f3.<\/p><\/div><\/div><\/div><\/div>\t\t<\/div>\n\t\t\t\t<\/div>\n\t\t\t\t\t<\/div>\n\t\t<\/div>\n\t\t\t\t\t\t\t<\/div>\n\t\t<\/section>\n\t\t\t\t<div class=\"elementor-element elementor-element-b6b3f1d elementor-widget elementor-widget-spacer\" data-id=\"b6b3f1d\" data-element_type=\"widget\" data-widget_type=\"spacer.default\">\n\t\t\t\t<div class=\"elementor-widget-container\">\n\t\t\t\t\t<div class=\"elementor-spacer\">\n\t\t\t<div class=\"elementor-spacer-inner\"><\/div>\n\t\t<\/div>\n\t\t\t\t<\/div>\n\t\t\t\t<\/div>\n\t\t\t\t<section class=\"elementor-section elementor-inner-section elementor-element elementor-element-8b68827 elementor-section-full_width bg-intro elementor-section-height-default elementor-section-height-default\" data-id=\"8b68827\" data-element_type=\"section\" data-settings=\"{&quot;background_background&quot;:&quot;classic&quot;}\">\n\t\t\t\t\t\t\t<div class=\"elementor-background-overlay\"><\/div>\n\t\t\t\t\t\t\t<div class=\"elementor-container elementor-column-gap-default\">\n\t\t\t\t\t<div class=\"elementor-column elementor-col-66 elementor-inner-column elementor-element elementor-element-2393d90\" data-id=\"2393d90\" data-element_type=\"column\">\n\t\t\t<div class=\"elementor-widget-wrap elementor-element-populated\">\n\t\t\t\t\t\t\t\t<div class=\"elementor-element elementor-element-b95ad43 text-left elementor-widget elementor-widget-tp-heading-title\" data-id=\"b95ad43\" data-element_type=\"widget\" data-widget_type=\"tp-heading-title.default\">\n\t\t\t\t<div class=\"elementor-widget-container\">\n\t\t\t<div class=\"heading heading_style heading_style69f4a83fb69c1 style-1 \" ><div class=\"sub-style\" ><div class=\"head-title \" > <h4  class=\"heading-title   \"   data-hover=\" \u00abEn els forns japonesos la flama toca la pe\u00e7a i aixi la qualitat dels esmalts s&#039;altera\u00bb\"> \u00abEn els forns japonesos la flama toca la pe\u00e7a i aixi la qualitat dels esmalts s'altera\u00bb<span class=\"title-s \">  <\/span><\/h4><\/div><div class=\"sub-heading\"><h3 class=\"heading-sub-title  \"> Joan Gardy Artigas <\/h3><\/div><\/div><\/div>\t\t<\/div>\n\t\t\t\t<\/div>\n\t\t\t\t<div class=\"elementor-element elementor-element-a12bad4 elementor-widget elementor-widget-tp-video-player\" data-id=\"a12bad4\" data-element_type=\"widget\" data-widget_type=\"tp-video-player.default\">\n\t\t\t\t<div class=\"elementor-widget-container\">\n\t\t\t<div class=\"pt_plus_video-box-shadow video_player69f4a83fb7199 animate-general \"  data-animate-type=\"transition.slideUpBigIn\" data-animate-delay=\"50\" data-animate-offset=\"80%\" data-animate-duration=\"1400\" data-animate-out-type=\"transition.slideDownOut\" data-animate-out-delay=\"0\" data-animate-out-duration=\"\"><div class=\"pt_plus_video_player   text-\"><div class=\"ts-video-wrapper embed-container  ts-type-youtube\"><iframe id=\"video_player69f4a83fb7199\" width=\"100%\"  src=\"https:\/\/www.youtube.com\/embed\/9buZkHPadD0?&amp;autohide=1&amp;showtitle=0&amp;controls=1&amp;showinfo=1&amp;modestbranding=0&amp;rel=1\"  frameborder=\"0\" allowfullscreen><\/iframe><\/div><\/div><\/div>\t\t<\/div>\n\t\t\t\t<\/div>\n\t\t\t\t\t<\/div>\n\t\t<\/div>\n\t\t\t\t<div class=\"elementor-column elementor-col-33 elementor-inner-column elementor-element elementor-element-f9218b7\" data-id=\"f9218b7\" data-element_type=\"column\">\n\t\t\t<div class=\"elementor-widget-wrap elementor-element-populated\">\n\t\t\t\t\t\t\t\t<div class=\"elementor-element elementor-element-435f0fb elementor-absolute elementor-widget elementor-widget-image-gallery\" data-id=\"435f0fb\" data-element_type=\"widget\" data-settings=\"{&quot;_position&quot;:&quot;absolute&quot;}\" data-widget_type=\"image-gallery.default\">\n\t\t\t\t<div class=\"elementor-widget-container\">\n\t\t\t\t\t<div class=\"elementor-image-gallery\">\n\t\t\t<div id='gallery-1' class='gallery galleryid-6445 gallery-columns-1 gallery-size-medium_large'><figure class='gallery-item'>\n\t\t\t<div class='gallery-icon landscape'>\n\t\t\t\t<a data-elementor-open-lightbox=\"yes\" data-elementor-lightbox-slideshow=\"435f0fb\" data-e-action-hash=\"#elementor-action%3Aaction%3Dlightbox%26settings%3DeyJpZCI6NzE5NywidXJsIjoiaHR0cHM6XC9cL3d3dy5tdXNldW5hY2lvbmFsLmNhdFwvZXhwb3NpY2lvbnMtZW4tbGluaWFcL3dwLWNvbnRlbnRcL3VwbG9hZHNcL2Zvcm4ucG5nIiwic2xpZGVzaG93IjoiNDM1ZjBmYiJ9\" href='https:\/\/www.museunacional.cat\/exposicions-en-linia\/wp-content\/uploads\/forn.png'><img loading=\"lazy\" decoding=\"async\" width=\"768\" height=\"514\" src=\"https:\/\/www.museunacional.cat\/exposicions-en-linia\/wp-content\/uploads\/forn-768x514.png\" class=\"attachment-medium_large size-medium_large\" alt=\"\" aria-describedby=\"gallery-1-7197\" srcset=\"https:\/\/www.museunacional.cat\/exposicions-en-linia\/wp-content\/uploads\/forn-768x514.png 768w, https:\/\/www.museunacional.cat\/exposicions-en-linia\/wp-content\/uploads\/forn-300x201.png 300w, https:\/\/www.museunacional.cat\/exposicions-en-linia\/wp-content\/uploads\/forn.png 1117w\" sizes=\"(max-width: 768px) 100vw, 768px\" \/><\/a>\n\t\t\t<\/div>\n\t\t\t\t<figcaption class='wp-caption-text gallery-caption' id='gallery-1-7197'>\n\t\t\t\tNotes preses el 1962 per Joan Gardy Artigas del primer forn constru\u00eft per Hamada Sh\u014dji a Mashiko, model per a la construcci\u00f3 del forn Mashiko de Gallifa.     Joan Gardy Artigas. Horno japon\u00e9s, 1962\nTinta sobre cartolina. 32,6 \u00d7 50 cm\nFundaci\u00f3n Juan March, Madrid\n\t\t\t\t<\/figcaption><\/figure>\n\t\t<\/div>\n\t\t<\/div>\n\t\t\t\t<\/div>\n\t\t\t\t<\/div>\n\t\t\t\t\t<\/div>\n\t\t<\/div>\n\t\t\t\t\t\t\t<\/div>\n\t\t<\/section>\n\t\t\t\t\t<\/div>\n\t\t<\/div>\n\t\t\t\t\t\t\t<\/div>\n\t\t<\/section>\n\t\t\t\t<section class=\"elementor-section elementor-top-section elementor-element elementor-element-23cc4a93 elementor-section-full_width bg-ambit elementor-section-height-default elementor-section-height-default\" data-id=\"23cc4a93\" data-element_type=\"section\">\n\t\t\t\t\t\t\t<div class=\"elementor-background-overlay\"><\/div>\n\t\t\t\t\t\t\t<div class=\"elementor-container elementor-column-gap-default\">\n\t\t\t\t\t<div class=\"elementor-column elementor-col-100 elementor-top-column elementor-element elementor-element-390b74a7\" data-id=\"390b74a7\" data-element_type=\"column\">\n\t\t\t<div class=\"elementor-widget-wrap elementor-element-populated\">\n\t\t\t\t\t\t\t\t<section class=\"elementor-section elementor-inner-section elementor-element elementor-element-3ad6c48c elementor-section-boxed elementor-section-height-default elementor-section-height-default\" data-id=\"3ad6c48c\" data-element_type=\"section\">\n\t\t\t\t\t\t<div class=\"elementor-container elementor-column-gap-wide\">\n\t\t\t\t\t<div class=\"elementor-column elementor-col-66 elementor-inner-column elementor-element elementor-element-60ca93c2\" data-id=\"60ca93c2\" data-element_type=\"column\">\n\t\t\t<div class=\"elementor-widget-wrap elementor-element-populated\">\n\t\t\t\t\t\t\t\t<div class=\"elementor-element elementor-element-6668bd09 text-left elementor-widget__width-inherit elementor-widget elementor-widget-tp-heading-title\" data-id=\"6668bd09\" data-element_type=\"widget\" data-widget_type=\"tp-heading-title.default\">\n\t\t\t\t<div class=\"elementor-widget-container\">\n\t\t\t<div id=\"plus69f4a83fbc7f2\" class=\"plus-widget-wrapper  magic-scroll    \"  ><div class=\"plus-widget-inner-wrap  parallax-scroll  \"  data-scroll_type=\"position\"  data-scroll_offset=\"0\"  data-scroll_duration=\"600\"  data-scroll_x_from=\"0\"  data-scroll_x_to=\"-200\"  data-scroll_y_from=\"0\"  data-scroll_y_to=\"200\"  data-scroll_opacity_from=\"1\"  data-scroll_opacity_to=\"0\"  data-scroll_scale_from=\"1\"  data-scroll_scale_to=\"1.4\"  data-scroll_rotate_from=\"0\"  data-scroll_rotate_to=\"0\" ><div class=\"heading heading_style heading_style69f4a83fbc800 style-2 animate-general\"  data-animate-type=\"transition.slideUpBigIn\" data-animate-delay=\"165\" data-animate-offset=\"80%\" data-animate-duration=\"1400\" data-animate-out-type=\"transition.slideDownOut\" data-animate-out-delay=\"0\"><div class=\"sub-style\" ><div class=\"head-title \" > <h1  class=\"heading-title   \"   data-hover=\"La bellesa de l&#039;atzar\">La bellesa de l'atzar<\/h1><\/div><\/div><\/div><\/div><\/div>\t\t<\/div>\n\t\t\t\t<\/div>\n\t\t\t\t\t<\/div>\n\t\t<\/div>\n\t\t\t\t<div class=\"elementor-column elementor-col-33 elementor-inner-column elementor-element elementor-element-31caf737\" data-id=\"31caf737\" data-element_type=\"column\">\n\t\t\t<div class=\"elementor-widget-wrap elementor-element-populated\">\n\t\t\t\t\t\t\t\t<div class=\"elementor-element elementor-element-2a044bb6 elementor-hidden-phone elementor-widget elementor-widget-spacer\" data-id=\"2a044bb6\" data-element_type=\"widget\" data-widget_type=\"spacer.default\">\n\t\t\t\t<div class=\"elementor-widget-container\">\n\t\t\t\t\t<div class=\"elementor-spacer\">\n\t\t\t<div class=\"elementor-spacer-inner\"><\/div>\n\t\t<\/div>\n\t\t\t\t<\/div>\n\t\t\t\t<\/div>\n\t\t\t\t\t<\/div>\n\t\t<\/div>\n\t\t\t\t\t\t\t<\/div>\n\t\t<\/section>\n\t\t\t\t<div class=\"elementor-element elementor-element-70f53918 text-right text--tabletright elementor-widget__width-inherit elementor-absolute elementor-widget elementor-widget-tp-heading-title\" data-id=\"70f53918\" data-element_type=\"widget\" data-settings=\"{&quot;_position&quot;:&quot;absolute&quot;}\" data-widget_type=\"tp-heading-title.default\">\n\t\t\t\t<div class=\"elementor-widget-container\">\n\t\t\t<div id=\"plus69f4a83fbdfc4\" class=\"plus-widget-wrapper  magic-scroll    \"  ><div class=\"plus-widget-inner-wrap  parallax-scroll  \"  data-scroll_type=\"position\"  data-scroll_offset=\"100\"  data-scroll_duration=\"800\"  data-scroll_x_from=\"0\"  data-scroll_x_to=\"600\"  data-scroll_y_from=\"0\"  data-scroll_y_to=\"0\"  data-scroll_opacity_from=\"1\"  data-scroll_opacity_to=\"0\"  data-scroll_scale_from=\"1\"  data-scroll_scale_to=\"0.6\"  data-scroll_rotate_from=\"0\"  data-scroll_rotate_to=\"0\" ><div class=\"heading heading_style heading_style69f4a83fbdfd0 style-1 animate-general\"  data-animate-type=\"transition.slideLeftIn\" data-animate-delay=\"50\" data-animate-offset=\"80%\" data-animate-duration=\"1000\" data-animate-out-type=\"transition.slideDownOut\" data-animate-out-delay=\"0\"><div class=\"sub-style\" ><div class=\"head-title \" > <h2  class=\"heading-title   \"   data-hover=\"La cer\u00e0mica japonesa a Catalunya\">La cer\u00e0mica japonesa a Catalunya<span class=\"title-s \">  <\/span><\/h2><\/div><\/div><\/div><\/div><\/div>\t\t<\/div>\n\t\t\t\t<\/div>\n\t\t\t\t<div class=\"elementor-element elementor-element-7ce77fd5 elementor-widget elementor-widget-spacer\" data-id=\"7ce77fd5\" data-element_type=\"widget\" data-widget_type=\"spacer.default\">\n\t\t\t\t<div class=\"elementor-widget-container\">\n\t\t\t\t\t<div class=\"elementor-spacer\">\n\t\t\t<div class=\"elementor-spacer-inner\"><\/div>\n\t\t<\/div>\n\t\t\t\t<\/div>\n\t\t\t\t<\/div>\n\t\t\t\t<section class=\"elementor-section elementor-inner-section elementor-element elementor-element-f8d2186 elementor-section-full_width bg-intro elementor-section-height-default elementor-section-height-default\" data-id=\"f8d2186\" data-element_type=\"section\" data-settings=\"{&quot;background_background&quot;:&quot;classic&quot;}\">\n\t\t\t\t\t\t\t<div class=\"elementor-background-overlay\"><\/div>\n\t\t\t\t\t\t\t<div class=\"elementor-container elementor-column-gap-default\">\n\t\t\t\t\t<div class=\"elementor-column elementor-col-50 elementor-inner-column elementor-element elementor-element-3f0c87b5\" data-id=\"3f0c87b5\" data-element_type=\"column\">\n\t\t\t<div class=\"elementor-widget-wrap elementor-element-populated\">\n\t\t\t\t\t\t\t\t<div class=\"elementor-element elementor-element-26c891b6 text-left elementor-widget elementor-widget-tp-heading-title\" data-id=\"26c891b6\" data-element_type=\"widget\" data-widget_type=\"tp-heading-title.default\">\n\t\t\t\t<div class=\"elementor-widget-container\">\n\t\t\t<div class=\"heading heading_style heading_style69f4a83fbf90f style-1 \" ><div class=\"sub-style\" ><div class=\"head-title \" > <h4  class=\"heading-title   \"   data-hover=\"El moviment mingei a Catalunya\">El moviment mingei a Catalunya<span class=\"title-s \">  <\/span><\/h4><\/div><\/div><\/div>\t\t<\/div>\n\t\t\t\t<\/div>\n\t\t\t\t<div class=\"elementor-element elementor-element-6c4f8fb7 text-left elementor-widget elementor-widget-tp-adv-text-block\" data-id=\"6c4f8fb7\" data-element_type=\"widget\" data-widget_type=\"tp-adv-text-block.default\">\n\t\t\t\t<div class=\"elementor-widget-container\">\n\t\t\t<div class=\"pt-plus-text-block-wrapper\" ><div class=\"text_block_parallax\"><div class=\"pt_plus_adv_text_block \" ><div class=\"text-content-block\"><p>L\u2019any 1952, Josep Llorens Artigas va con\u00e8ixer a Anglaterra al ceramista Hamada Sh\u014dji, que, juntament amb Bernard Leach i Yanagi Soetsu, van ser fundadors dels moviment mingei. Aquest moviment, sorgit cap a la d\u00e8cada de 1920 per preservar i reivindicar l\u2019artesania popular japonesa, promulgava la bellesa est\u00e8tica, honesta i funcional dels objectes quotidians, i defensava les tradicions artesanals an\u00f2nimes i compartides pel poble. A trav\u00e9s de Hamada, Leach, Yanagi i Kawai Kanjiro, artistes catalans com Llorens Artigas, Eudald Serra i Joan Mir\u00f3 van tenir acc\u00e9s a l\u2019esperit del moviment mingei. No en va, l\u2019any 1950 Barcelona va acollir una de les primeres exposicions d\u2019art popular japon\u00e8s celebrades a Europa.<\/p><\/div><\/div><\/div><\/div>\t\t<\/div>\n\t\t\t\t<\/div>\n\t\t\t\t\t<\/div>\n\t\t<\/div>\n\t\t\t\t<div class=\"elementor-column elementor-col-50 elementor-inner-column elementor-element elementor-element-5b2cea5f\" data-id=\"5b2cea5f\" data-element_type=\"column\">\n\t\t\t<div class=\"elementor-widget-wrap elementor-element-populated\">\n\t\t\t\t\t\t\t\t<div class=\"elementor-element elementor-element-f9b8889 elementor-arrows-position-inside elementor-pagination-position-outside elementor-widget elementor-widget-image-carousel\" data-id=\"f9b8889\" data-element_type=\"widget\" data-settings=\"{&quot;slides_to_show&quot;:&quot;1&quot;,&quot;navigation&quot;:&quot;both&quot;,&quot;autoplay&quot;:&quot;yes&quot;,&quot;pause_on_hover&quot;:&quot;yes&quot;,&quot;pause_on_interaction&quot;:&quot;yes&quot;,&quot;autoplay_speed&quot;:5000,&quot;infinite&quot;:&quot;yes&quot;,&quot;effect&quot;:&quot;slide&quot;,&quot;speed&quot;:500}\" data-widget_type=\"image-carousel.default\">\n\t\t\t\t<div class=\"elementor-widget-container\">\n\t\t\t\t\t<div class=\"elementor-image-carousel-wrapper swiper-container\" dir=\"ltr\">\n\t\t\t<div class=\"elementor-image-carousel swiper-wrapper\" aria-live=\"off\">\n\t\t\t\t\t\t\t\t<div class=\"swiper-slide\" role=\"group\" aria-roledescription=\"slide\" aria-label=\"1 de 4\"><figure class=\"swiper-slide-inner\"><img decoding=\"async\" class=\"swiper-slide-image\" src=\"https:\/\/www.museunacional.cat\/exposicions-en-linia\/wp-content\/uploads\/Joan-Miro\u0301-Miro\u0301-al-Nihon-Mingeikan-Museu-dirigit-per-Hamada-Japo\u0301-1966-Fundacio\u0301-J.-Llorens-Artigas-768x629.jpg\" alt=\"Joan Mir\u00f3 observant el paravent del segle XVII &quot;Soga monogatari&quot; durant la visita\nal Nihon Mingeikan de T\u00f2quio l\u2019any 1966.\nFundaci\u00f3 J. Llorens Artigas.\" \/><figcaption class=\"elementor-image-carousel-caption\">Joan Mir\u00f3 observant el paravent del segle XVII \"Soga monogatari\" durant la visita\nal Nihon Mingeikan de T\u00f2quio l\u2019any 1966.\nFundaci\u00f3 J. Llorens Artigas.<\/figcaption><\/figure><\/div><div class=\"swiper-slide\" role=\"group\" aria-roledescription=\"slide\" aria-label=\"2 de 4\"><figure class=\"swiper-slide-inner\"><img decoding=\"async\" class=\"swiper-slide-image\" src=\"https:\/\/www.museunacional.cat\/exposicions-en-linia\/wp-content\/uploads\/miro1.png\" alt=\"Joan Mir\u00f3 i Josep Llorens Artigas preparant diversos gerros per a l\u2019exposici\u00f3\nde la Galeria Maegth de 1963. Museu Nacional d&#039;Art de Catalunya.\" \/><figcaption class=\"elementor-image-carousel-caption\">Joan Mir\u00f3 i Josep Llorens Artigas preparant diversos gerros per a l\u2019exposici\u00f3\nde la Galeria Maegth de 1963. Museu Nacional d'Art de Catalunya.<\/figcaption><\/figure><\/div><div class=\"swiper-slide\" role=\"group\" aria-roledescription=\"slide\" aria-label=\"3 de 4\"><figure class=\"swiper-slide-inner\"><img decoding=\"async\" class=\"swiper-slide-image\" src=\"https:\/\/www.museunacional.cat\/exposicions-en-linia\/wp-content\/uploads\/gardymiroarti-768x630.png\" alt=\"Joan Gardy Artigas participant en la creaci\u00f3 de la s\u00e8rie de petits gerros fets de manera conjunta per Josep Llorens Artigas i Joan Mir\u00f3 a inicis de 1963.\" \/><figcaption class=\"elementor-image-carousel-caption\">Joan Gardy Artigas participant en la creaci\u00f3 de la s\u00e8rie de petits gerros fets de manera conjunta per Josep Llorens Artigas i Joan Mir\u00f3 a inicis de 1963.<\/figcaption><\/figure><\/div><div class=\"swiper-slide\" role=\"group\" aria-roledescription=\"slide\" aria-label=\"4 de 4\"><figure class=\"swiper-slide-inner\"><img decoding=\"async\" class=\"swiper-slide-image\" src=\"https:\/\/www.museunacional.cat\/exposicions-en-linia\/wp-content\/uploads\/ARSE-768x543.jpg\" alt=\"J. Llorens Artigas i Eudald Serra treballant al taller de Gallifa l&#039;estiu de 1952. Successi\u00f3 Serra.\" \/><figcaption class=\"elementor-image-carousel-caption\">J. Llorens Artigas i Eudald Serra treballant al taller de Gallifa l'estiu de 1952. Successi\u00f3 Serra.<\/figcaption><\/figure><\/div>\t\t\t<\/div>\n\t\t\t\t\t\t\t\t\t\t\t\t<div class=\"elementor-swiper-button elementor-swiper-button-prev\" role=\"button\" tabindex=\"0\">\n\t\t\t\t\t\t<i aria-hidden=\"true\" class=\"eicon-chevron-left\"><\/i>\t\t\t\t\t<\/div>\n\t\t\t\t\t<div class=\"elementor-swiper-button elementor-swiper-button-next\" role=\"button\" tabindex=\"0\">\n\t\t\t\t\t\t<i aria-hidden=\"true\" class=\"eicon-chevron-right\"><\/i>\t\t\t\t\t<\/div>\n\t\t\t\t\n\t\t\t\t\t\t\t\t\t<div class=\"swiper-pagination\"><\/div>\n\t\t\t\t\t\t\t\t\t<\/div>\n\t\t\t\t<\/div>\n\t\t\t\t<\/div>\n\t\t\t\t\t<\/div>\n\t\t<\/div>\n\t\t\t\t\t\t\t<\/div>\n\t\t<\/section>\n\t\t\t\t<div class=\"elementor-element elementor-element-4efbc500 elementor-widget elementor-widget-spacer\" data-id=\"4efbc500\" data-element_type=\"widget\" data-widget_type=\"spacer.default\">\n\t\t\t\t<div class=\"elementor-widget-container\">\n\t\t\t\t\t<div class=\"elementor-spacer\">\n\t\t\t<div class=\"elementor-spacer-inner\"><\/div>\n\t\t<\/div>\n\t\t\t\t<\/div>\n\t\t\t\t<\/div>\n\t\t\t\t<section class=\"elementor-section elementor-inner-section elementor-element elementor-element-a0f12e8 elementor-section-full_width bg-intro elementor-section-height-default elementor-section-height-default\" data-id=\"a0f12e8\" data-element_type=\"section\" data-settings=\"{&quot;background_background&quot;:&quot;classic&quot;}\">\n\t\t\t\t\t\t\t<div class=\"elementor-background-overlay\"><\/div>\n\t\t\t\t\t\t\t<div class=\"elementor-container elementor-column-gap-default\">\n\t\t\t\t\t<div class=\"elementor-column elementor-col-50 elementor-inner-column elementor-element elementor-element-6c76922\" data-id=\"6c76922\" data-element_type=\"column\">\n\t\t\t<div class=\"elementor-widget-wrap elementor-element-populated\">\n\t\t\t\t\t\t\t\t<div class=\"elementor-element elementor-element-9267a9d elementor-widget elementor-widget-tp-video-player\" data-id=\"9267a9d\" data-element_type=\"widget\" data-widget_type=\"tp-video-player.default\">\n\t\t\t\t<div class=\"elementor-widget-container\">\n\t\t\t<div class=\"pt_plus_video-box-shadow video_player69f4a83fc4684 animate-general \"  data-animate-type=\"transition.slideUpBigIn\" data-animate-delay=\"50\" data-animate-offset=\"80%\" data-animate-duration=\"1400\" data-animate-out-type=\"transition.slideDownOut\" data-animate-out-delay=\"0\" data-animate-out-duration=\"\"><div class=\"pt_plus_video_player   text-\"><div class=\"ts-video-wrapper embed-container  ts-type-youtube\"><iframe id=\"video_player69f4a83fc4684\" width=\"100%\"  src=\"https:\/\/www.youtube.com\/embed\/4_7-rSMVJzw?&amp;autohide=1&amp;showtitle=0&amp;controls=1&amp;showinfo=1&amp;modestbranding=0&amp;rel=1\"  frameborder=\"0\" allowfullscreen><\/iframe><\/div><\/div><\/div>\t\t<\/div>\n\t\t\t\t<\/div>\n\t\t\t\t\t<\/div>\n\t\t<\/div>\n\t\t\t\t<div class=\"elementor-column elementor-col-50 elementor-inner-column elementor-element elementor-element-081b0ed\" data-id=\"081b0ed\" data-element_type=\"column\">\n\t\t\t<div class=\"elementor-widget-wrap elementor-element-populated\">\n\t\t\t\t\t\t\t\t<div class=\"elementor-element elementor-element-83b2faa text-left elementor-widget elementor-widget-tp-heading-title\" data-id=\"83b2faa\" data-element_type=\"widget\" data-widget_type=\"tp-heading-title.default\">\n\t\t\t\t<div class=\"elementor-widget-container\">\n\t\t\t<div class=\"heading heading_style heading_style69f4a83fc57e8 style-1 \" ><div class=\"sub-style\" ><div class=\"head-title \" > <h4  class=\"heading-title   \"   data-hover=\"Eudald Serra \">Eudald Serra <span class=\"title-s \">  <\/span><\/h4><\/div><\/div><\/div>\t\t<\/div>\n\t\t\t\t<\/div>\n\t\t\t\t<div class=\"elementor-element elementor-element-a738148 text-left elementor-widget elementor-widget-tp-adv-text-block\" data-id=\"a738148\" data-element_type=\"widget\" data-widget_type=\"tp-adv-text-block.default\">\n\t\t\t\t<div class=\"elementor-widget-container\">\n\t\t\t<div class=\"pt-plus-text-block-wrapper\" ><div class=\"text_block_parallax\"><div class=\"pt_plus_adv_text_block \" ><div class=\"text-content-block\"><p>Els anys en qu\u00e8 l\u2019escultor Eudald Serra (1911-2002) va viure al Jap\u00f3, entre el 1935 i el 1948, van ser clau per ajudar a difondre posteriorment el moviment mingei i l\u2019obra de Hamada Shoji a Catalunya. Al Jap\u00f3, Serra es va iniciar en l\u2019art de la cer\u00e0mica i, de retorn a Barcelona, a partir de 1950 va comen\u00e7ar a difondre la cer\u00e0mica i l\u2019art popular japonesos. Dos anys m\u00e9s tard, Artigas i Serra es van unir per crear les cer\u00e0miques AR-SE (1952-1955), un projecte per acostar-se d\u2019una manera creativa a la pr\u00e0ctica promoguda pel moviment mingei: cer\u00e0miques utilit\u00e0ries i de baix cost que, sense esdevenir objectes d\u2019ostentaci\u00f3, permetessin apropar la bellesa a la quotidianitat.<\/p><\/div><\/div><\/div><\/div>\t\t<\/div>\n\t\t\t\t<\/div>\n\t\t\t\t\t<\/div>\n\t\t<\/div>\n\t\t\t\t\t\t\t<\/div>\n\t\t<\/section>\n\t\t\t\t<section class=\"elementor-section elementor-inner-section elementor-element elementor-element-fe10060 elementor-section-full_width bg-intro elementor-section-height-default elementor-section-height-default\" data-id=\"fe10060\" data-element_type=\"section\" data-settings=\"{&quot;background_background&quot;:&quot;classic&quot;}\">\n\t\t\t\t\t\t\t<div class=\"elementor-background-overlay\"><\/div>\n\t\t\t\t\t\t\t<div class=\"elementor-container elementor-column-gap-default\">\n\t\t\t\t\t<div class=\"elementor-column elementor-col-50 elementor-inner-column elementor-element elementor-element-d47bfaf\" data-id=\"d47bfaf\" data-element_type=\"column\">\n\t\t\t<div class=\"elementor-widget-wrap elementor-element-populated\">\n\t\t\t\t\t\t\t\t<div class=\"elementor-element elementor-element-da84909 text-left elementor-widget elementor-widget-tp-heading-title\" data-id=\"da84909\" data-element_type=\"widget\" data-widget_type=\"tp-heading-title.default\">\n\t\t\t\t<div class=\"elementor-widget-container\">\n\t\t\t<div class=\"heading heading_style heading_style69f4a83fc7716 style-1 \" ><div class=\"sub-style\" ><div class=\"head-title \" > <h4  class=\"heading-title   \"   data-hover=\"Joan Mir\u00f3\">Joan Mir\u00f3<span class=\"title-s \">  <\/span><\/h4><\/div><\/div><\/div>\t\t<\/div>\n\t\t\t\t<\/div>\n\t\t\t\t<div class=\"elementor-element elementor-element-078a26b text-left elementor-widget elementor-widget-tp-adv-text-block\" data-id=\"078a26b\" data-element_type=\"widget\" data-widget_type=\"tp-adv-text-block.default\">\n\t\t\t\t<div class=\"elementor-widget-container\">\n\t\t\t<div class=\"pt-plus-text-block-wrapper\" ><div class=\"text_block_parallax\"><div class=\"pt_plus_adv_text_block \" ><div class=\"text-content-block\"><p>Artigas i Mir\u00f3 tenien una visi\u00f3 de la creaci\u00f3 art\u00edstica amb molts punts de\u00a0contacte. Un d\u2019ells era, no nom.s l\u2019est\u00e8tica japonesa, sin\u00f3 tamb\u00e9 una manera de\u00a0pensar, de mirar i de sentir l\u2019art que s\u2019aproximava a les tradicions d\u2019Orient; des\u00a0del gust per la imperfecci\u00f3 de la natura i l\u2019harmonia dels matisos, a l\u2019estima vers\u00a0l\u2019accident.<\/p><\/div><\/div><\/div><\/div>\t\t<\/div>\n\t\t\t\t<\/div>\n\t\t\t\t\t<\/div>\n\t\t<\/div>\n\t\t\t\t<div class=\"elementor-column elementor-col-50 elementor-inner-column elementor-element elementor-element-63b13ae\" data-id=\"63b13ae\" data-element_type=\"column\">\n\t\t\t<div class=\"elementor-widget-wrap elementor-element-populated\">\n\t\t\t\t\t\t\t\t<div class=\"elementor-element elementor-element-3583951 elementor-widget elementor-widget-tp-video-player\" data-id=\"3583951\" data-element_type=\"widget\" data-widget_type=\"tp-video-player.default\">\n\t\t\t\t<div class=\"elementor-widget-container\">\n\t\t\t<div class=\"pt_plus_video-box-shadow video_player69f4a83fc8e76 animate-general \"  data-animate-type=\"transition.slideUpBigIn\" data-animate-delay=\"50\" data-animate-offset=\"80%\" data-animate-duration=\"1400\" data-animate-out-type=\"transition.slideDownOut\" data-animate-out-delay=\"0\" data-animate-out-duration=\"\"><div class=\"pt_plus_video_player   text-\"><div class=\"ts-video-wrapper embed-container  ts-type-youtube\"><iframe id=\"video_player69f4a83fc8e76\" width=\"100%\"  src=\"https:\/\/www.youtube.com\/embed\/cwOhWdWH1zc?&amp;autohide=1&amp;showtitle=0&amp;controls=1&amp;showinfo=1&amp;modestbranding=0&amp;rel=1\"  frameborder=\"0\" allowfullscreen><\/iframe><\/div><\/div><\/div>\t\t<\/div>\n\t\t\t\t<\/div>\n\t\t\t\t<div class=\"elementor-element elementor-element-88d1ed4 text-left elementor-widget elementor-widget-tp-adv-text-block\" data-id=\"88d1ed4\" data-element_type=\"widget\" data-widget_type=\"tp-adv-text-block.default\">\n\t\t\t\t<div class=\"elementor-widget-container\">\n\t\t\t<div class=\"pt-plus-text-block-wrapper\" ><div class=\"text_block_parallax\"><div class=\"pt_plus_adv_text_block \" ><div class=\"text-content-block\"><\/div><\/div><\/div><\/div>\t\t<\/div>\n\t\t\t\t<\/div>\n\t\t\t\t\t<\/div>\n\t\t<\/div>\n\t\t\t\t\t\t\t<\/div>\n\t\t<\/section>\n\t\t\t\t<section class=\"elementor-section elementor-inner-section elementor-element elementor-element-ab31620 elementor-section-full_width bg-intro elementor-section-height-default elementor-section-height-default\" data-id=\"ab31620\" data-element_type=\"section\" data-settings=\"{&quot;background_background&quot;:&quot;classic&quot;}\">\n\t\t\t\t\t\t\t<div class=\"elementor-background-overlay\"><\/div>\n\t\t\t\t\t\t\t<div class=\"elementor-container elementor-column-gap-default\">\n\t\t\t\t\t<div class=\"elementor-column elementor-col-50 elementor-inner-column elementor-element elementor-element-7b24ad5\" data-id=\"7b24ad5\" data-element_type=\"column\">\n\t\t\t<div class=\"elementor-widget-wrap elementor-element-populated\">\n\t\t\t\t\t\t\t\t<div class=\"elementor-element elementor-element-644078e elementor-widget elementor-widget-tp-video-player\" data-id=\"644078e\" data-element_type=\"widget\" data-widget_type=\"tp-video-player.default\">\n\t\t\t\t<div class=\"elementor-widget-container\">\n\t\t\t<div class=\"pt_plus_video-box-shadow video_player69f4a83fcb155 animate-general \"  data-animate-type=\"transition.slideUpBigIn\" data-animate-delay=\"50\" data-animate-offset=\"80%\" data-animate-duration=\"1400\" data-animate-out-type=\"transition.slideDownOut\" data-animate-out-delay=\"0\" data-animate-out-duration=\"\"><div class=\"pt_plus_video_player   text-\"><div class=\"ts-video-wrapper embed-container  ts-type-youtube\"><iframe id=\"video_player69f4a83fcb155\" width=\"100%\"  src=\"https:\/\/www.youtube.com\/embed\/ci22qx_R034?&amp;autohide=1&amp;showtitle=0&amp;controls=1&amp;showinfo=1&amp;modestbranding=0&amp;rel=1\"  frameborder=\"0\" allowfullscreen><\/iframe><\/div><\/div><\/div>\t\t<\/div>\n\t\t\t\t<\/div>\n\t\t\t\t<div class=\"elementor-element elementor-element-4359711 elementor-widget elementor-widget-tp-adv-text-block\" data-id=\"4359711\" data-element_type=\"widget\" data-widget_type=\"tp-adv-text-block.default\">\n\t\t\t\t<div class=\"elementor-widget-container\">\n\t\t\t<div class=\"pt-plus-text-block-wrapper\" ><div class=\"text_block_parallax\"><div class=\"pt_plus_adv_text_block \" ><div class=\"text-content-block\"><p>\u00a9Fundaci\u00f3n Juan March<\/p><\/div><\/div><\/div><\/div>\t\t<\/div>\n\t\t\t\t<\/div>\n\t\t\t\t\t<\/div>\n\t\t<\/div>\n\t\t\t\t<div class=\"elementor-column elementor-col-50 elementor-inner-column elementor-element elementor-element-56c68f1\" data-id=\"56c68f1\" data-element_type=\"column\">\n\t\t\t<div class=\"elementor-widget-wrap elementor-element-populated\">\n\t\t\t\t\t\t\t\t<div class=\"elementor-element elementor-element-acb8e3c text-left elementor-widget elementor-widget-tp-heading-title\" data-id=\"acb8e3c\" data-element_type=\"widget\" data-widget_type=\"tp-heading-title.default\">\n\t\t\t\t<div class=\"elementor-widget-container\">\n\t\t\t<div class=\"heading heading_style heading_style69f4a83fcc6a3 style-1 \" ><div class=\"sub-style\" ><div class=\"head-title \" > <h4  class=\"heading-title   \"   data-hover=\"Joan Gardy Artigas\">Joan Gardy Artigas<span class=\"title-s \">  <\/span><\/h4><\/div><\/div><\/div>\t\t<\/div>\n\t\t\t\t<\/div>\n\t\t\t\t<div class=\"elementor-element elementor-element-e1ebda5 text-left elementor-widget elementor-widget-tp-adv-text-block\" data-id=\"e1ebda5\" data-element_type=\"widget\" data-widget_type=\"tp-adv-text-block.default\">\n\t\t\t\t<div class=\"elementor-widget-container\">\n\t\t\t<div class=\"pt-plus-text-block-wrapper\" ><div class=\"text_block_parallax\"><div class=\"pt_plus_adv_text_block \" ><div class=\"text-content-block\"><p>Joan Gardy Artigas (1938), fill de Josep Llorens Artigas, va iniciar la seva traject\u00f2ria com a ceramista i escultor entre Gallifa i Par\u00eds. Interessat des de jove per la cer\u00e0mica japonesa, l\u2019any 1962 va ser becat per viatjar al Jap\u00f3 amb l\u2019objectiu de con\u00e8ixer Hamada Sh\u014dji i els forns que tenia a Mashiko. Despr\u00e9s de casar-se amb Ishikawa Mako aquell mateix any, els nexes d\u2019uni\u00f3 de Gardy Artigas amb el Jap\u00f3 es van consolidar, i un dels primers resultats va ser la construcci\u00f3 al taller de Gallifa del forn anomenat Mashiko, fet a partir de l\u2019estudi dels forns de Hamada. Al forn Mashiko de Gallifa \u00e9s on es van coure, entre d\u2019altres, algunes de les grans obres fetes en col\u00b7laboraci\u00f3 amb Mir\u00f3.<\/p><\/div><\/div><\/div><\/div>\t\t<\/div>\n\t\t\t\t<\/div>\n\t\t\t\t\t<\/div>\n\t\t<\/div>\n\t\t\t\t\t\t\t<\/div>\n\t\t<\/section>\n\t\t\t\t\t<\/div>\n\t\t<\/div>\n\t\t\t\t\t\t\t<\/div>\n\t\t<\/section>\n\t\t\t\t<section class=\"elementor-section elementor-top-section elementor-element elementor-element-b8915ef elementor-section-boxed elementor-section-height-default elementor-section-height-default\" data-id=\"b8915ef\" data-element_type=\"section\">\n\t\t\t\t\t\t<div class=\"elementor-container elementor-column-gap-default\">\n\t\t\t\t\t<div class=\"elementor-column elementor-col-100 elementor-top-column elementor-element elementor-element-0b4c274\" data-id=\"0b4c274\" data-element_type=\"column\">\n\t\t\t<div class=\"elementor-widget-wrap elementor-element-populated\">\n\t\t\t\t\t\t\t\t<div class=\"elementor-element elementor-element-249ebae elementor-fixed main-logo elementor-widget__width-initial elementor-widget elementor-widget-tp-image-factory\" data-id=\"249ebae\" data-element_type=\"widget\" data-settings=\"{&quot;_position&quot;:&quot;fixed&quot;}\" data-widget_type=\"tp-image-factory.default\">\n\t\t\t\t<div class=\"elementor-widget-container\">\n\t\t\t<div id=\"plus69f4a83fced6b\" class=\"pt-plus-animated-image-wrapper      \" ><div class=\"animated-image-parallax  pt-plus-move-parallax \" ><div class=\"pt_plus_animated_image bg-image69f4a83fced27 text-left animate-general text--tablet text--mobile  \"  data-animate-type=\"transition.slideLeftBigIn\" data-animate-delay=\"2880\" data-animate-offset=\"80%\" data-animate-duration=\"1100\" >\r\n\t\t\t\t\t\t\t<figure class=\"  parallax-move   \"   data-move_speed_x=\"30\"  data-move_speed_y=\"30\" >\r\n\t\t\t\t\t\t\t\t<a href=\"https:\/\/www.museunacional.cat\/ca\/exposicions-en-linia-0\" class=\"vc_single_image-wrapper    \" ><img loading=\"lazy\" decoding=\"async\" width=\"502\" height=\"123\" src=\"https:\/\/www.museunacional.cat\/exposicions-en-linia\/wp-content\/uploads\/organitzen_1.jpg\" class=\"attachment-large size-large wp-image-6948\" alt=\"\" srcset=\"https:\/\/www.museunacional.cat\/exposicions-en-linia\/wp-content\/uploads\/organitzen_1.jpg 502w, https:\/\/www.museunacional.cat\/exposicions-en-linia\/wp-content\/uploads\/organitzen_1-300x74.jpg 300w\" sizes=\"(max-width: 502px) 100vw, 502px\" \/><\/a>\t\t\t\t\t\t\t\t\r\n\t\t\t\t\t\t\t<\/figure>\r\n\t\t\t\t\t\t<\/div><\/div><\/div>\t\t<\/div>\n\t\t\t\t<\/div>\n\t\t\t\t\t<\/div>\n\t\t<\/div>\n\t\t\t\t\t\t\t<\/div>\n\t\t<\/section>\n\t\t\t\t<section class=\"elementor-section elementor-top-section elementor-element elementor-element-d2dcbe2 elementor-section-boxed elementor-section-height-default elementor-section-height-default\" data-id=\"d2dcbe2\" data-element_type=\"section\">\n\t\t\t\t\t\t<div class=\"elementor-container elementor-column-gap-default\">\n\t\t\t\t\t<div class=\"elementor-column elementor-col-100 elementor-top-column elementor-element elementor-element-a3c9eb4\" data-id=\"a3c9eb4\" data-element_type=\"column\">\n\t\t\t<div class=\"elementor-widget-wrap elementor-element-populated\">\n\t\t\t\t\t\t\t\t<div class=\"elementor-element elementor-element-d6dae91 elementor-widget elementor-widget-tp-gallery-listout\" data-id=\"d6dae91\" data-element_type=\"widget\" data-widget_type=\"tp-gallery-listout.default\">\n\t\t\t\t<div class=\"elementor-widget-container\">\n\t\t\t<div id=\"pt-plus-gallery-list\" class=\"gallery-list post69f4a83fd064e  list-isotope  gallery-style-1 hover-image-style-1  \"  data-layout-type=\"fitRows\"   data-id=\"post69f4a83fd064e\" data-style=\"style-1\"  data-enable-isotope=\"1\"><div id=\"post69f4a83fd064e\" class=\"tp-row post-inner-loop post69f4a83fd064e\"><div class=\"grid-item metro-item0 tp-col-lg-3 tp-col-md-4 tp-col-sm-6 tp-col-6    \"  >\t<div class=\"gallery-list-content\">\n\t\t<div class=\"post-content-image\">\n\t\t\t<div class=\"gallery-image\">\n\t<span class=\"thumb-wrap\">\n\t\t<img loading=\"lazy\" decoding=\"async\" width=\"700\" height=\"700\" src=\"https:\/\/www.museunacional.cat\/exposicions-en-linia\/wp-content\/uploads\/Serra2-700x700.png\" class=\"attachment-tp-image-grid size-tp-image-grid\" alt=\"\" srcset=\"https:\/\/www.museunacional.cat\/exposicions-en-linia\/wp-content\/uploads\/Serra2-700x700.png 700w, https:\/\/www.museunacional.cat\/exposicions-en-linia\/wp-content\/uploads\/Serra2-150x150.png 150w\" sizes=\"(max-width: 700px) 100vw, 700px\" \/>\t<\/span>\n\t<\/div>\t<\/div>\n\t\t<div class=\"post-content-center\">\t\t\n\t\t<div class=\"post-hover-content\">\n\t\t\t<div class=\"meta-search-icon\">\r\n\t\t\t<a href=\"https:\/\/www.museunacional.cat\/exposicions-en-linia\/wp-content\/uploads\/Serra2.png\" data-elementor-open-lightbox=\"default\" data-elementor-lightbox-slideshow=\"icn-d6dae91\"><i class=\"fas fa-search-plus\" aria-hidden=\"true\"><\/i><\/a>\r\n\t<\/div>\t\t\t\t\t\t<h3 class=\"post-title\">\r\n\t\t\t\t\t\r\n\t\t\t\t\t\t\t\t\t<a href=\"https:\/\/www.museunacional.cat\/exposicions-en-linia\/wp-content\/uploads\/Serra2.png\" data-elementor-open-lightbox=\"default\" data-elementor-lightbox-slideshow=\"d6dae91\"><\/a>\r\n\t\t\t\t\t<\/h3>\t\t\t<div class=\"entry-content\">\r\n\tEudald Serra. Tetera i bols de te, c. 1940-1950\nGres esmaltat. 13 a \u00d7 18,5 \u2205 cm (tetera) i 7 a \u00d7 8 \u2205 cm (bols)\nSegell \u00abSerra\u00bb. Museu del Disseny de Barcelona<\/div>\t\t<\/div>\n\t<\/div>\n\t\n\t<\/div>\n<\/div><div class=\"grid-item metro-item0 tp-col-lg-3 tp-col-md-4 tp-col-sm-6 tp-col-6    \"  >\t<div class=\"gallery-list-content\">\n\t\t<div class=\"post-content-image\">\n\t\t\t<div class=\"gallery-image\">\n\t<span class=\"thumb-wrap\">\n\t\t<img loading=\"lazy\" decoding=\"async\" width=\"700\" height=\"700\" src=\"https:\/\/www.museunacional.cat\/exposicions-en-linia\/wp-content\/uploads\/Serra1-700x700.png\" class=\"attachment-tp-image-grid size-tp-image-grid\" alt=\"\" srcset=\"https:\/\/www.museunacional.cat\/exposicions-en-linia\/wp-content\/uploads\/Serra1-700x700.png 700w, https:\/\/www.museunacional.cat\/exposicions-en-linia\/wp-content\/uploads\/Serra1-150x150.png 150w\" sizes=\"(max-width: 700px) 100vw, 700px\" \/>\t<\/span>\n\t<\/div>\t<\/div>\n\t\t<div class=\"post-content-center\">\t\t\n\t\t<div class=\"post-hover-content\">\n\t\t\t<div class=\"meta-search-icon\">\r\n\t\t\t<a href=\"https:\/\/www.museunacional.cat\/exposicions-en-linia\/wp-content\/uploads\/Serra1.png\" data-elementor-open-lightbox=\"default\" data-elementor-lightbox-slideshow=\"icn-d6dae91\"><i class=\"fas fa-search-plus\" aria-hidden=\"true\"><\/i><\/a>\r\n\t<\/div>\t\t\t\t\t\t<h3 class=\"post-title\">\r\n\t\t\t\t\t\r\n\t\t\t\t\t\t\t\t\t<a href=\"https:\/\/www.museunacional.cat\/exposicions-en-linia\/wp-content\/uploads\/Serra1.png\" data-elementor-open-lightbox=\"default\" data-elementor-lightbox-slideshow=\"d6dae91\"><\/a>\r\n\t\t\t\t\t<\/h3>\t\t\t<div class=\"entry-content\">\r\n\tEudald Serra. Bol amb mont Fuji, c. 1939\nGres esmaltat. 7,5 a \u00d7 11,5 \u2205 cm. Segell japon\u00e8s \u00abSerra\u00bb. Successi\u00f3 Serra \/ Eudald Serra. Bol amb insectes, c. 1939\nGres esmaltat. 7,5 a \u00d7 11,5 \u2205 cm. Segell japon\u00e8s \u00abSerra\u00bb. Successi\u00f3 Serra<\/div>\t\t<\/div>\n\t<\/div>\n\t\n\t<\/div>\n<\/div><div class=\"grid-item metro-item0 tp-col-lg-3 tp-col-md-4 tp-col-sm-6 tp-col-6    \"  >\t<div class=\"gallery-list-content\">\n\t\t<div class=\"post-content-image\">\n\t\t\t<div class=\"gallery-image\">\n\t<span class=\"thumb-wrap\">\n\t\t<img loading=\"lazy\" decoding=\"async\" width=\"700\" height=\"700\" src=\"https:\/\/www.museunacional.cat\/exposicions-en-linia\/wp-content\/uploads\/ARSE2-700x700.png\" class=\"attachment-tp-image-grid size-tp-image-grid\" alt=\"\" srcset=\"https:\/\/www.museunacional.cat\/exposicions-en-linia\/wp-content\/uploads\/ARSE2-700x700.png 700w, https:\/\/www.museunacional.cat\/exposicions-en-linia\/wp-content\/uploads\/ARSE2-150x150.png 150w\" sizes=\"(max-width: 700px) 100vw, 700px\" \/>\t<\/span>\n\t<\/div>\t<\/div>\n\t\t<div class=\"post-content-center\">\t\t\n\t\t<div class=\"post-hover-content\">\n\t\t\t<div class=\"meta-search-icon\">\r\n\t\t\t<a href=\"https:\/\/www.museunacional.cat\/exposicions-en-linia\/wp-content\/uploads\/ARSE2.png\" data-elementor-open-lightbox=\"default\" data-elementor-lightbox-slideshow=\"icn-d6dae91\"><i class=\"fas fa-search-plus\" aria-hidden=\"true\"><\/i><\/a>\r\n\t<\/div>\t\t\t\t\t\t<h3 class=\"post-title\">\r\n\t\t\t\t\t\r\n\t\t\t\t\t\t\t\t\t<a href=\"https:\/\/www.museunacional.cat\/exposicions-en-linia\/wp-content\/uploads\/ARSE2.png\" data-elementor-open-lightbox=\"default\" data-elementor-lightbox-slideshow=\"d6dae91\"><\/a>\r\n\t\t\t\t\t<\/h3>\t\t\t<div class=\"entry-content\">\r\n\tJosep Llorens Artigas i Eudald Serra. Plat, c. 1953-1955. Gres esmaltat. 4 a \u00d7 24 \u2205 cm\nSegell \u00abAR-SE\u00bb. Col\u00b7lecci\u00f3 Ram\u00f3n C\u00f3rdoba<\/div>\t\t<\/div>\n\t<\/div>\n\t\n\t<\/div>\n<\/div><div class=\"grid-item metro-item0 tp-col-lg-3 tp-col-md-4 tp-col-sm-6 tp-col-6    \"  >\t<div class=\"gallery-list-content\">\n\t\t<div class=\"post-content-image\">\n\t\t\t<div class=\"gallery-image\">\n\t<span class=\"thumb-wrap\">\n\t\t<img loading=\"lazy\" decoding=\"async\" width=\"700\" height=\"700\" src=\"https:\/\/www.museunacional.cat\/exposicions-en-linia\/wp-content\/uploads\/ARSE1-700x700.png\" class=\"attachment-tp-image-grid size-tp-image-grid\" alt=\"\" srcset=\"https:\/\/www.museunacional.cat\/exposicions-en-linia\/wp-content\/uploads\/ARSE1-700x700.png 700w, https:\/\/www.museunacional.cat\/exposicions-en-linia\/wp-content\/uploads\/ARSE1-150x150.png 150w\" sizes=\"(max-width: 700px) 100vw, 700px\" \/>\t<\/span>\n\t<\/div>\t<\/div>\n\t\t<div class=\"post-content-center\">\t\t\n\t\t<div class=\"post-hover-content\">\n\t\t\t<div class=\"meta-search-icon\">\r\n\t\t\t<a href=\"https:\/\/www.museunacional.cat\/exposicions-en-linia\/wp-content\/uploads\/ARSE1.png\" data-elementor-open-lightbox=\"default\" data-elementor-lightbox-slideshow=\"icn-d6dae91\"><i class=\"fas fa-search-plus\" aria-hidden=\"true\"><\/i><\/a>\r\n\t<\/div>\t\t\t\t\t\t<h3 class=\"post-title\">\r\n\t\t\t\t\t\r\n\t\t\t\t\t\t\t\t\t<a href=\"https:\/\/www.museunacional.cat\/exposicions-en-linia\/wp-content\/uploads\/ARSE1.png\" data-elementor-open-lightbox=\"default\" data-elementor-lightbox-slideshow=\"d6dae91\"><\/a>\r\n\t\t\t\t\t<\/h3>\t\t\t<div class=\"entry-content\">\r\n\tJosep Llorens Artigas i Eudald Serra. Bol i gerro esmaltats. 1953-1955. Gres esmaltat. Segell AR-SE. Col\u00b7lecci\u00f3 particular<\/div>\t\t<\/div>\n\t<\/div>\n\t\n\t<\/div>\n<\/div><div class=\"grid-item metro-item0 tp-col-lg-3 tp-col-md-4 tp-col-sm-6 tp-col-6    \"  >\t<div class=\"gallery-list-content\">\n\t\t<div class=\"post-content-image\">\n\t\t\t<div class=\"gallery-image\">\n\t<span class=\"thumb-wrap\">\n\t\t<img loading=\"lazy\" decoding=\"async\" width=\"379\" height=\"343\" src=\"https:\/\/www.museunacional.cat\/exposicions-en-linia\/wp-content\/uploads\/Miro.jpg\" class=\"attachment-tp-image-grid size-tp-image-grid\" alt=\"\" srcset=\"https:\/\/www.museunacional.cat\/exposicions-en-linia\/wp-content\/uploads\/Miro.jpg 379w, https:\/\/www.museunacional.cat\/exposicions-en-linia\/wp-content\/uploads\/Miro-300x272.jpg 300w\" sizes=\"(max-width: 379px) 100vw, 379px\" \/>\t<\/span>\n\t<\/div>\t<\/div>\n\t\t<div class=\"post-content-center\">\t\t\n\t\t<div class=\"post-hover-content\">\n\t\t\t<div class=\"meta-search-icon\">\r\n\t\t\t<a href=\"https:\/\/www.museunacional.cat\/exposicions-en-linia\/wp-content\/uploads\/Miro.jpg\" data-elementor-open-lightbox=\"default\" data-elementor-lightbox-slideshow=\"icn-d6dae91\"><i class=\"fas fa-search-plus\" aria-hidden=\"true\"><\/i><\/a>\r\n\t<\/div>\t\t\t\t\t\t<h3 class=\"post-title\">\r\n\t\t\t\t\t\r\n\t\t\t\t\t\t\t\t\t<a href=\"https:\/\/www.museunacional.cat\/exposicions-en-linia\/wp-content\/uploads\/Miro.jpg\" data-elementor-open-lightbox=\"default\" data-elementor-lightbox-slideshow=\"d6dae91\"><\/a>\r\n\t\t\t\t\t<\/h3>\t\t\t<div class=\"entry-content\">\r\n\tJosep Llorens Artigas i Joan Mir\u00f3. Gerro, 1963. Gres esmaltat. Signat MIR\u00d3-ARTIGAS<\/div>\t\t<\/div>\n\t<\/div>\n\t\n\t<\/div>\n<\/div><div class=\"grid-item metro-item0 tp-col-lg-3 tp-col-md-4 tp-col-sm-6 tp-col-6    \"  >\t<div class=\"gallery-list-content\">\n\t\t<div class=\"post-content-image\">\n\t\t\t<div class=\"gallery-image\">\n\t<span class=\"thumb-wrap\">\n\t\t<img loading=\"lazy\" decoding=\"async\" width=\"700\" height=\"700\" src=\"https:\/\/www.museunacional.cat\/exposicions-en-linia\/wp-content\/uploads\/Joan-Miro-Gerro-1963-Fundacio-J.-Llorens-Artigas-Artigas-Miro-1963-700x700.jpg\" class=\"attachment-tp-image-grid size-tp-image-grid\" alt=\"\" srcset=\"https:\/\/www.museunacional.cat\/exposicions-en-linia\/wp-content\/uploads\/Joan-Miro-Gerro-1963-Fundacio-J.-Llorens-Artigas-Artigas-Miro-1963-700x700.jpg 700w, https:\/\/www.museunacional.cat\/exposicions-en-linia\/wp-content\/uploads\/Joan-Miro-Gerro-1963-Fundacio-J.-Llorens-Artigas-Artigas-Miro-1963-150x150.jpg 150w\" sizes=\"(max-width: 700px) 100vw, 700px\" \/>\t<\/span>\n\t<\/div>\t<\/div>\n\t\t<div class=\"post-content-center\">\t\t\n\t\t<div class=\"post-hover-content\">\n\t\t\t<div class=\"meta-search-icon\">\r\n\t\t\t<a href=\"https:\/\/www.museunacional.cat\/exposicions-en-linia\/wp-content\/uploads\/Joan-Miro-Gerro-1963-Fundacio-J.-Llorens-Artigas-Artigas-Miro-1963-scaled.jpg\" data-elementor-open-lightbox=\"default\" data-elementor-lightbox-slideshow=\"icn-d6dae91\"><i class=\"fas fa-search-plus\" aria-hidden=\"true\"><\/i><\/a>\r\n\t<\/div>\t\t\t\t\t\t<h3 class=\"post-title\">\r\n\t\t\t\t\t\r\n\t\t\t\t\t\t\t\t\t<a href=\"https:\/\/www.museunacional.cat\/exposicions-en-linia\/wp-content\/uploads\/Joan-Miro-Gerro-1963-Fundacio-J.-Llorens-Artigas-Artigas-Miro-1963-scaled.jpg\" data-elementor-open-lightbox=\"default\" data-elementor-lightbox-slideshow=\"d6dae91\"><\/a>\r\n\t\t\t\t\t<\/h3>\t\t\t<div class=\"entry-content\">\r\n\tJosep Llorens Artigas i Joan Mir\u00f3. Gerro, 1963\nGres esmaltat. 11,5 a \u00d7 4,5 bs \u00d7 9 \u2205 cm\nSignat \u00abMir\u00f3\/Artigas\u00bb.\nFundaci\u00f3 J. Llorens Artigas<\/div>\t\t<\/div>\n\t<\/div>\n\t\n\t<\/div>\n<\/div><div class=\"grid-item metro-item0 tp-col-lg-3 tp-col-md-4 tp-col-sm-6 tp-col-6    \"  >\t<div class=\"gallery-list-content\">\n\t\t<div class=\"post-content-image\">\n\t\t\t<div class=\"gallery-image\">\n\t<span class=\"thumb-wrap\">\n\t\t<img loading=\"lazy\" decoding=\"async\" width=\"700\" height=\"700\" src=\"https:\/\/www.museunacional.cat\/exposicions-en-linia\/wp-content\/uploads\/Gardy-1-700x700.png\" class=\"attachment-tp-image-grid size-tp-image-grid\" alt=\"\" srcset=\"https:\/\/www.museunacional.cat\/exposicions-en-linia\/wp-content\/uploads\/Gardy-1-700x700.png 700w, https:\/\/www.museunacional.cat\/exposicions-en-linia\/wp-content\/uploads\/Gardy-1-150x150.png 150w\" sizes=\"(max-width: 700px) 100vw, 700px\" \/>\t<\/span>\n\t<\/div>\t<\/div>\n\t\t<div class=\"post-content-center\">\t\t\n\t\t<div class=\"post-hover-content\">\n\t\t\t<div class=\"meta-search-icon\">\r\n\t\t\t<a href=\"https:\/\/www.museunacional.cat\/exposicions-en-linia\/wp-content\/uploads\/Gardy-1.png\" data-elementor-open-lightbox=\"default\" data-elementor-lightbox-slideshow=\"icn-d6dae91\"><i class=\"fas fa-search-plus\" aria-hidden=\"true\"><\/i><\/a>\r\n\t<\/div>\t\t\t\t\t\t<h3 class=\"post-title\">\r\n\t\t\t\t\t\r\n\t\t\t\t\t\t\t\t\t<a href=\"https:\/\/www.museunacional.cat\/exposicions-en-linia\/wp-content\/uploads\/Gardy-1.png\" data-elementor-open-lightbox=\"default\" data-elementor-lightbox-slideshow=\"d6dae91\"><\/a>\r\n\t\t\t\t\t<\/h3>\t\t\t<div class=\"entry-content\">\r\n\tJoan Gardy Artigas. Gerro, 1959-1960. Gres esmaltat. Signat \"Llorens Gadry-Paris\". Fundaci\u00f3 J. Llorens Artigas<\/div>\t\t<\/div>\n\t<\/div>\n\t\n\t<\/div>\n<\/div><div class=\"grid-item metro-item0 tp-col-lg-3 tp-col-md-4 tp-col-sm-6 tp-col-6    \"  >\t<div class=\"gallery-list-content\">\n\t\t<div class=\"post-content-image\">\n\t\t\t<div class=\"gallery-image\">\n\t<span class=\"thumb-wrap\">\n\t\t<img loading=\"lazy\" decoding=\"async\" width=\"700\" height=\"700\" src=\"https:\/\/www.museunacional.cat\/exposicions-en-linia\/wp-content\/uploads\/Gardy2-700x700.png\" class=\"attachment-tp-image-grid size-tp-image-grid\" alt=\"\" srcset=\"https:\/\/www.museunacional.cat\/exposicions-en-linia\/wp-content\/uploads\/Gardy2-700x700.png 700w, https:\/\/www.museunacional.cat\/exposicions-en-linia\/wp-content\/uploads\/Gardy2-150x150.png 150w\" sizes=\"(max-width: 700px) 100vw, 700px\" \/>\t<\/span>\n\t<\/div>\t<\/div>\n\t\t<div class=\"post-content-center\">\t\t\n\t\t<div class=\"post-hover-content\">\n\t\t\t<div class=\"meta-search-icon\">\r\n\t\t\t<a href=\"https:\/\/www.museunacional.cat\/exposicions-en-linia\/wp-content\/uploads\/Gardy2.png\" data-elementor-open-lightbox=\"default\" data-elementor-lightbox-slideshow=\"icn-d6dae91\"><i class=\"fas fa-search-plus\" aria-hidden=\"true\"><\/i><\/a>\r\n\t<\/div>\t\t\t\t\t\t<h3 class=\"post-title\">\r\n\t\t\t\t\t\r\n\t\t\t\t\t\t\t\t\t<a href=\"https:\/\/www.museunacional.cat\/exposicions-en-linia\/wp-content\/uploads\/Gardy2.png\" data-elementor-open-lightbox=\"default\" data-elementor-lightbox-slideshow=\"d6dae91\"><\/a>\r\n\t\t\t\t\t<\/h3>\t\t\t<div class=\"entry-content\">\r\n\tJoan Gardy Artigas. Gerro, 1960. Gres esmaltat. Signat \"Llorens Gardy-Paris 1960\". Fundaci\u00f3 J. Llorens Artigas<\/div>\t\t<\/div>\n\t<\/div>\n\t\n\t<\/div>\n<\/div><\/div><\/div>\t\t<\/div>\n\t\t\t\t<\/div>\n\t\t\t\t\t<\/div>\n\t\t<\/div>\n\t\t\t\t\t\t\t<\/div>\n\t\t<\/section>\n\t\t\t\t<footer class=\"elementor-section elementor-top-section elementor-element elementor-element-584fb32 elementor-section-full_width elementor-section-stretched main-footer elementor-section-height-default elementor-section-height-default\" data-id=\"584fb32\" data-element_type=\"section\" data-settings=\"{&quot;stretch_section&quot;:&quot;section-stretched&quot;,&quot;background_background&quot;:&quot;classic&quot;}\">\n\t\t\t\t\t\t<div class=\"elementor-container elementor-column-gap-default\">\n\t\t\t\t\t<div class=\"elementor-column elementor-col-100 elementor-top-column elementor-element elementor-element-09814e4\" data-id=\"09814e4\" data-element_type=\"column\">\n\t\t\t<div class=\"elementor-widget-wrap elementor-element-populated\">\n\t\t\t\t\t\t\t\t<section class=\"elementor-section elementor-inner-section elementor-element elementor-element-bb5f176 elementor-section-full_width elementor-section-height-default elementor-section-height-default\" data-id=\"bb5f176\" data-element_type=\"section\">\n\t\t\t\t\t\t<div class=\"elementor-container elementor-column-gap-default\">\n\t\t\t\t\t<div class=\"elementor-column elementor-col-100 elementor-inner-column elementor-element elementor-element-2e2420e\" data-id=\"2e2420e\" data-element_type=\"column\">\n\t\t\t<div class=\"elementor-widget-wrap elementor-element-populated\">\n\t\t\t\t\t\t\t\t<div class=\"elementor-element elementor-element-065d369 elementor-widget elementor-widget-tp-social-icon\" data-id=\"065d369\" data-element_type=\"widget\" data-widget_type=\"tp-social-icon.default\">\n\t\t\t\t<div class=\"elementor-widget-container\">\n\t\t\t<div class=\"pt_plus_social_list text-center custom \" ><ul class=\"social_list \"><li id=\"social69f4a83fd80cb67bf50c\" class=\"elementor-repeater-item-67bf50c custom  social-fa-facebook social-6939718   \" ><div class=\"social-loop-inner  \"  ><a href=\"https:\/\/www.facebook.com\/pages\/Museu-Nacional-dArt-de-Catalunya\/95292724434#\"  target=\"_blank\"><i class=\"fa fa-facebook\"><\/i><\/a><\/div><\/li><li id=\"social69f4a83fd80efd3f20d6\" class=\"elementor-repeater-item-d3f20d6 custom  social-fa-instagram social-7748977   \" ><div class=\"social-loop-inner  \"  ><a href=\"https:\/\/instagram.com\/museunacional\"  target=\"_blank\"><i class=\"fa fa-instagram\"><\/i><\/a><\/div><\/li><li id=\"social69f4a83fd810503ef9de\" class=\"elementor-repeater-item-03ef9de custom  social-fa-pinterest-p social-8620742   \" ><div class=\"social-loop-inner  \"  ><a href=\"https:\/\/www.pinterest.com\/museunacional\/\"  target=\"_blank\"><i class=\"fa fa-pinterest-p\"><\/i><\/a><\/div><\/li><li id=\"social69f4a83fd8119d6476fb\" class=\"elementor-repeater-item-d6476fb custom  social-fa-flickr social-4623376   \" ><div class=\"social-loop-inner  \"  ><a href=\"https:\/\/www.flickr.com\/photos\/73401757@N05\/sets\/\"  target=\"_blank\"><i class=\"fa fa-flickr\"><\/i><\/a><\/div><\/li><li id=\"social69f4a83fd812b21b4d43\" class=\"elementor-repeater-item-21b4d43 custom  social-fa-rss social-3497090   \" ><div class=\"social-loop-inner  \"  ><a href=\"https:\/\/www.museunacional.cat\/ca\/rss\"  target=\"_blank\"><i class=\"fa fa-rss\"><\/i><\/a><\/div><\/li><li id=\"social69f4a83fd813e76b3bcb\" class=\"elementor-repeater-item-76b3bcb custom  social-fa-twitter social-9047972   \" ><div class=\"social-loop-inner  \"  ><a href=\"https:\/\/twitter.com\/MuseuNac_Cat\"  target=\"_blank\"><i class=\"fa fa-twitter\"><\/i><\/a><\/div><\/li><li id=\"social69f4a83fd8169a951434\" class=\"elementor-repeater-item-a951434 custom  social-fa-youtube social-1831851   \" ><div class=\"social-loop-inner  \"  ><a href=\"https:\/\/www.youtube.com\/channel\/UCoyG_tJuhuRfctcifApZUgQ\"  target=\"_blank\"><i class=\"fa fa-youtube\"><\/i><\/a><\/div><\/li><\/ul><\/div>\t\t<\/div>\n\t\t\t\t<\/div>\n\t\t\t\t\t<\/div>\n\t\t<\/div>\n\t\t\t\t\t\t\t<\/div>\n\t\t<\/section>\n\t\t\t\t\t<\/div>\n\t\t<\/div>\n\t\t\t\t\t\t\t<\/div>\n\t\t<\/footer>\n\t\t\t\t\t\t\t<\/div>\n\t\t","protected":false},"excerpt":{"rendered":"<p>Continguts extres Visita l\u2019exposici\u00f3 Continguts extres Visita l\u2019exposici\u00f3 &nbsp;HAMADA\/ARTIGAS &nbsp;Comissariat: Ricard Bru Els colors del foc Hamada Sh\u014dji i Josep Llorens Artigas s\u00f3n considerats dos grans mestres de la cer\u00e0mica del segle XX. Tot i que la traject\u00f2ria i l\u2019obra de tots dos va ser ben diferent, el respecte i l\u2019admiraci\u00f3 m\u00fatua ens permeten presentar &#8230; <a title=\"Hamada\/Artigas\" class=\"read-more\" href=\"https:\/\/www.museunacional.cat\/exposicions-en-linia\/ca\/hamada-artigas\/\" aria-label=\"M\u00e9s sobre Hamada\/Artigas\">Llegiu m\u00e9s<\/a><\/p>\n","protected":false},"author":2,"featured_media":0,"parent":0,"menu_order":0,"comment_status":"closed","ping_status":"closed","template":"elementor_canvas","meta":{"footnotes":""},"class_list":["post-6445","page","type-page","status-publish"],"_links":{"self":[{"href":"https:\/\/www.museunacional.cat\/exposicions-en-linia\/ca\/wp-json\/wp\/v2\/pages\/6445","targetHints":{"allow":["GET"]}}],"collection":[{"href":"https:\/\/www.museunacional.cat\/exposicions-en-linia\/ca\/wp-json\/wp\/v2\/pages"}],"about":[{"href":"https:\/\/www.museunacional.cat\/exposicions-en-linia\/ca\/wp-json\/wp\/v2\/types\/page"}],"author":[{"embeddable":true,"href":"https:\/\/www.museunacional.cat\/exposicions-en-linia\/ca\/wp-json\/wp\/v2\/users\/2"}],"replies":[{"embeddable":true,"href":"https:\/\/www.museunacional.cat\/exposicions-en-linia\/ca\/wp-json\/wp\/v2\/comments?post=6445"}],"version-history":[{"count":463,"href":"https:\/\/www.museunacional.cat\/exposicions-en-linia\/ca\/wp-json\/wp\/v2\/pages\/6445\/revisions"}],"predecessor-version":[{"id":7541,"href":"https:\/\/www.museunacional.cat\/exposicions-en-linia\/ca\/wp-json\/wp\/v2\/pages\/6445\/revisions\/7541"}],"wp:attachment":[{"href":"https:\/\/www.museunacional.cat\/exposicions-en-linia\/ca\/wp-json\/wp\/v2\/media?parent=6445"}],"curies":[{"name":"wp","href":"https:\/\/api.w.org\/{rel}","templated":true}]}}